{"id":4096,"date":"2022-08-12T10:51:42","date_gmt":"2022-08-12T10:51:42","guid":{"rendered":"https:\/\/castelldencus.com\/premsa\/"},"modified":"2023-12-01T10:38:52","modified_gmt":"2023-12-01T10:38:52","slug":"prensa","status":"publish","type":"page","link":"https:\/\/castelldencus.com\/es\/prensa\/","title":{"rendered":"Prensa"},"content":{"rendered":"<p>[et_pb_section fb_built=&#8221;1&#8243; module_class=&#8221;box_azul_prensa-text&#8221; _builder_version=&#8221;4.17.6&#8243; _module_preset=&#8221;default&#8221; custom_padding=&#8221;||25px||false|false&#8221; global_colors_info=&#8221;{}&#8221;][et_pb_row module_class=&#8221;box_verde_prensa-text&#8221; _builder_version=&#8221;4.17.6&#8243; _module_preset=&#8221;default&#8221; global_colors_info=&#8221;{}&#8221;][et_pb_column type=&#8221;4_4&#8243; _builder_version=&#8221;4.17.6&#8243; _module_preset=&#8221;default&#8221; global_colors_info=&#8221;{}&#8221;][et_pb_text admin_label=&#8221;Notes de premsa&#8221; module_class=&#8221;prensa-text&#8221; _builder_version=&#8221;4.20.0&#8243; _module_preset=&#8221;default&#8221; header_font_size=&#8221;53px&#8221; header_2_font_size=&#8221;53px&#8221; header_font_size_tablet=&#8221;32px&#8221; header_font_size_phone=&#8221;24px&#8221; header_font_size_last_edited=&#8221;on|phone&#8221; header_2_font_size_tablet=&#8221;32px&#8221; header_2_font_size_phone=&#8221;24px&#8221; header_2_font_size_last_edited=&#8221;on|phone&#8221; global_colors_info=&#8221;{}&#8221;]<\/p>\n<h1 style=\"text-align: center; color: #272724; font-family: 'MinionPro-Regular';\">Notas de prensa<\/h1>\n<p>[\/et_pb_text][\/et_pb_column][\/et_pb_row][\/et_pb_section][et_pb_section fb_built=&#8221;1&#8243; admin_label=&#8221;FILTRO DE PRENSA&#8221; module_class=&#8221;box_azul_prensa&#8221; _builder_version=&#8221;4.17.6&#8243; _module_preset=&#8221;default&#8221; background_color=&#8221;#f2f2f2&#8243; custom_padding=&#8221;0px||0px||false|false&#8221; global_colors_info=&#8221;{}&#8221;][et_pb_row module_class=&#8221;box_verde_prensa&#8221; _builder_version=&#8221;4.18.0&#8243; _module_preset=&#8221;default&#8221; width=&#8221;90%&#8221; max_width=&#8221;100%&#8221; custom_padding=&#8221;||0px||false|false&#8221; global_colors_info=&#8221;{}&#8221;][et_pb_column type=&#8221;4_4&#8243; _builder_version=&#8221;4.17.6&#8243; _module_preset=&#8221;default&#8221; global_colors_info=&#8221;{}&#8221;][et_pb_text admin_label=&#8221;Blog Premsa&#8221; module_class=&#8221;prensa&#8221; _builder_version=&#8221;4.19.2&#8243; _module_preset=&#8221;default&#8221; global_colors_info=&#8221;{}&#8221;]<\/p>\n<style type='text\/css' media='all'>#rt-tpg-container-2112104124 .rt-holder .rt-woo-info .price{color:#f2f2f2;}body .rt-tpg-container .rt-tpg-isotope-buttons .selected,\n\t\t\t\t\t#rt-tpg-container-2112104124 .layout12 .rt-holder:hover .rt-detail,\n\t\t\t\t\t#rt-tpg-container-2112104124 .isotope8 .rt-holder:hover .rt-detail,\n\t\t\t\t\t#rt-tpg-container-2112104124 .carousel8 .rt-holder:hover .rt-detail,\n\t\t\t\t\t#rt-tpg-container-2112104124 .layout13 .rt-holder .overlay .post-info,\n\t\t\t\t\t#rt-tpg-container-2112104124 .isotope9 .rt-holder .overlay .post-info,\n\t\t\t\t\t#rt-tpg-container-2112104124.rt-tpg-container .layout4 .rt-holder .rt-detail,\n\t\t\t\t\t.rt-modal-2112104124 .md-content,\n\t\t\t\t\t.rt-modal-2112104124 .md-content > .rt-md-content-holder .rt-md-content,\n\t\t\t\t\t.rt-popup-wrap-2112104124.rt-popup-wrap .rt-popup-navigation-wrap,\n\t\t\t\t\t#rt-tpg-container-2112104124 .carousel9 .rt-holder .overlay .post-info{background-color:#f2f2f2;}#rt-tpg-container-2112104124 .layout5 .rt-holder .overlay, #rt-tpg-container-2112104124 .isotope2 .rt-holder .overlay, #rt-tpg-container-2112104124 .carousel2 .rt-holder .overlay,#rt-tpg-container-2112104124 .layout15 .rt-holder h3, #rt-tpg-container-2112104124 .isotope11 .rt-holder h3, #rt-tpg-container-2112104124 .carousel11 .rt-holder h3, #rt-tpg-container-2112104124 .layout16 .rt-holder h3,\n\t\t\t\t\t#rt-tpg-container-2112104124 .isotope12 .rt-holder h3, #rt-tpg-container-2112104124 .carousel12 .rt-holder h3 {background-color:rgba(242,242,242,0.8);}#rt-tpg-container-2112104124 .pagination li.active span,\n\t\t\t\t\t#rt-tpg-container-2112104124 .pagination-list li.active span,\n\t\t\t\t\t#rt-tpg-container-2112104124 .rt-tpg-isotope-buttons button.selected,\n\t\t\t\t\t#rt-tpg-container-2112104124 .rt-filter-item-wrap.rt-filter-button-wrap span.rt-filter-button-item.selected,\n\t\t\t\t\t#rt-tpg-container-2112104124 .rt-layout-filter-container .rt-filter-sub-tax.sub-button-group .rt-filter-button-item.selected,\n\t\t\t\t\t#rt-tpg-container-2112104124.rt-tpg-container .rt-pagination-wrap .rt-page-numbers .paginationjs .paginationjs-pages ul li.active>a,\n\t\t\t\t\t#rt-tpg-container-2112104124.rt-tpg-container .swiper-pagination-bullet.swiper-pagination-bullet-active-main{background-color:#272724;}#rt-tpg-container-2112104124 .rt-filter-item-wrap.rt-filter-button-wrap span.rt-filter-button-item.selected,\n\t\t\t\t\t#rt-tpg-container-2112104124 .rt-layout-filter-container .rt-filter-sub-tax.sub-button-group .rt-filter-button-item.selected,\n\t\t\t\t\t#rt-tpg-container-2112104124.rt-tpg-container .rt-pagination-wrap .rt-page-numbers .paginationjs .paginationjs-pages ul li.active>a{border-color:#272724;}#rt-tpg-container-2112104124 .read-more a{border-radius:px;}#rt-tpg-container-2112104124 .rt-img-holder img.rt-img-responsive,#rt-tpg-container-2112104124 .rt-img-holder,\n\t\t\t\t\t#rt-tpg-container-2112104124 .rt-post-overlay .post-img,\n\t\t\t\t\t#rt-tpg-container-2112104124 .post-sm .post-img,\n\t\t\t\t\t#rt-tpg-container-2112104124 .rt-post-grid .post-img,\n\t\t\t\t\t#rt-tpg-container-2112104124 .post-img img {border-radius:px;}<\/style><div class='rt-container-fluid rt-tpg-container tpg-shortcode-main-wrapper filter_plugin_notes-premsa' id='rt-tpg-container-2112104124'   data-layout='isotope1' data-grid-style='even' data-desktop-col='4'  data-tab-col='2'  data-mobile-col='1' data-sc-id='4574'><div data-title='Cargando...' class='rt-row rt-content-loader   isotope1 tpg-pre-loader'><div class=\"tpg-iso-filter\"><div id='iso-button-2112104124' class='rt-tpg-isotope-buttons button-group filter-button-group option-set' data-url='' data-count=''><button class='rt-iso-btn-all selected' data-filter='*'>LEER NOTICIA<\/button><button class=\"rt-iso-btn-fins-2020-es\" data-filter=\".iso_165\">&lt; 2020<\/button><button class=\"rt-iso-btn-2020-es\" data-filter=\".iso_157\">2020<\/button><button class=\"rt-iso-btn-2021-es\" data-filter=\".iso_155\">2021<\/button><button class=\"rt-iso-btn-2022\" data-filter=\".iso_159\">2022<\/button><button class=\"rt-iso-btn-2023-es\" data-filter=\".iso_163\">2023<\/button><button class=\"rt-iso-btn-2024-es\" data-filter=\".iso_213\">2024<\/button><button class=\"rt-iso-btn-internaconal-es\" data-filter=\".iso_113\">Internacional<\/button><button class=\"rt-iso-btn-menciones\" data-filter=\".iso_153\">Menciones<\/button><button class=\"rt-iso-btn-nacional-es\" data-filter=\".iso_118\">Nacional<\/button><\/div><\/div><div class='rt-tpg-isotope' id='iso-tpg-2112104124'><div class=\"rt-col-md-3 rt-col-sm-6 rt-col-xs-12 masonry-grid-item rt-grid-item isotope-item iso_163 rt-item-2023-es iso_113 rt-item-internaconal-es iso_83 rt-item-notas-de-prensa-es\" data-id=\"8693\"><div class=\"rt-holder\"><div class=\"rt-detail\"><h3 class=\"entry-title\"><a data-id=\"8693\" class=\"\" href=\"https:\/\/castelldencus.com\/es\/notas-de-prensa-es\/crafting-legacy-in-every-bottle-castell-dencus\/\">Crafting Legacy in Every Bottle: Castell d\u2019Encus<\/a><\/h3><div class=\"tpg-excerpt\"><p>[et_pb_section fb_built=&#8221;1&#8243; module_class=&#8221;box_azul_premsa-blog&#8221; _builder_version=&#8221;4.17.6&#8243; _module_preset=&#8221;default&#8221; custom_padding=&#8221;||||false|false&#8221; locked=&#8221;off&#8221; global_colors_info=&#8221;{}&#8221;][et_pb_row module_class=&#8221;box_verde_premsa-blog&#8221; _builder_version=&#8221;4.17.6&#8243; _module_preset=&#8221;default&#8221; max_width=&#8221;100%&#8221; custom_padding=&#8221;0px||0px||false|false&#8221; global_colors_info=&#8221;{}&#8221;][et_pb_column type=&#8221;4_4&#8243; _builder_version=&#8221;4.17.6&#8243; _module_preset=&#8221;default&#8221; global_colors_info=&#8221;{}&#8221;][et_pb_text admin_label=&#8221;IMAGEN&#8221; module_class=&#8221;img_premsa&#8221; _builder_version=&#8221;4.23.1&#8243; _module_preset=&#8221;default&#8221; link_option_url=&#8221;https:\/\/americawinespaper.com\/index.php\/2023\/08\/18\/crafting-legacy-in-every-bottle-castell-dencus-a-symphony-of-terroir-and-tradition\/&#8221; link_option_url_new_window=&#8221;on&#8221; hover_enabled=&#8221;0&#8243; global_colors_info=&#8221;{}&#8221; sticky_enabled=&#8221;0&#8243;]<\/p>\n<p><img decoding=\"async\" class=\"alignnone wp-image-8719 size-medium\" src=\"https:\/\/castelldencus.com\/wp-content\/uploads\/2023\/11\/CASTELL-DENCUS_AmericaWinesPaper-e1701351684582-300x134.png\" alt=\"\" width=\"300\" height=\"134\" \/><\/p>\n<p>[\/et_pb_text][et_pb_text admin_label=&#8221;Texto &#8211; El vi de la setmana&#8230;&#8221; module_class=&#8221;texto_prensa&#8221; _builder_version=&#8221;4.23.1&#8243; _module_preset=&#8221;default&#8221; hover_enabled=&#8221;0&#8243; global_colors_info=&#8221;{}&#8221; sticky_enabled=&#8221;0&#8243;]<\/p>\n<h2>Crafting legacy in every bottle: Castell d\u2019Encus<\/h2>\n<p><span style=\"color: #686864\">Fecha<\/span> 18<span style=\"color: #52534b\">-08-2023<\/span><br \/><span style=\"color: #686864\">Medio americawinepaper.com<\/span><br \/><span style=\"color: #686864\">Autor<\/span> <span style=\"color: #52534b\">America Wine Paper<\/span><\/p>\n<p>[\/et_pb_text][et_pb_button button_url=&#8221;https:\/\/americawinespaper.com\/index.php\/2023\/08\/18\/crafting-legacy-in-every-bottle-castell-dencus-a-symphony-of-terroir-and-tradition\/&#8221; url_new_window=&#8221;on&#8221; button_text=&#8221;LEER NOTICIA&#8221; admin_label=&#8221;LLEGIR NOTICIA&#8221; module_class=&#8221;btn_prensa&#8221; _builder_version=&#8221;4.23.1&#8243; _module_preset=&#8221;default&#8221; custom_button=&#8221;on&#8221; button_text_size=&#8221;15px&#8221; button_text_color=&#8221;#272724&#8243; button_bg_color=&#8221;rgba(255,255,255,0)&#8221; button_border_width=&#8221;1px&#8221; button_border_color=&#8221;#d1d1d1&#8243; button_use_icon=&#8221;off&#8221; custom_padding=&#8221;||||false|false&#8221; hover_enabled=&#8221;0&#8243; global_colors_info=&#8221;{}&#8221; sticky_enabled=&#8221;0&#8243;][\/et_pb_button][\/et_pb_column][\/et_pb_row][\/et_pb_section]<\/p>\n<\/div><\/div><\/div><\/div><div class=\"rt-col-md-3 rt-col-sm-6 rt-col-xs-12 masonry-grid-item rt-grid-item isotope-item iso_163 rt-item-2023-es iso_118 rt-item-nacional-es iso_83 rt-item-notas-de-prensa-es\" data-id=\"6660\"><div class=\"rt-holder\"><div class=\"rt-detail\"><h3 class=\"entry-title\"><a data-id=\"6660\" class=\"\" href=\"https:\/\/castelldencus.com\/es\/notas-de-prensa-es\/the-wines-of-do-costers-del-segre-2023\/\">The wines of DO Costers del Segre 2023<\/a><\/h3><div class=\"tpg-excerpt\"><p>[et_pb_section fb_built=&#8221;1&#8243; module_class=&#8221;box_azul_premsa-blog&#8221; _builder_version=&#8221;4.17.6&#8243; _module_preset=&#8221;default&#8221; custom_padding=&#8221;||||false|false&#8221; locked=&#8221;off&#8221; global_colors_info=&#8221;{}&#8221;][et_pb_row module_class=&#8221;box_verde_premsa-blog&#8221; _builder_version=&#8221;4.17.6&#8243; _module_preset=&#8221;default&#8221; max_width=&#8221;100%&#8221; custom_padding=&#8221;0px||0px||false|false&#8221; global_colors_info=&#8221;{}&#8221;][et_pb_column type=&#8221;4_4&#8243; _builder_version=&#8221;4.17.6&#8243; _module_preset=&#8221;default&#8221; global_colors_info=&#8221;{}&#8221;][et_pb_text admin_label=&#8221;IMAGEN&#8221; module_class=&#8221;img_premsa&#8221; _builder_version=&#8221;4.20.0&#8243; _module_preset=&#8221;default&#8221; link_option_url=&#8221;https:\/\/castelldencus.com\/wp-content\/uploads\/2023\/06\/2023-CATALAN-WINES-MIQUEL-HUDIN.pdf&#8221; link_option_url_new_window=&#8221;on&#8221; hover_enabled=&#8221;0&#8243; global_colors_info=&#8221;{}&#8221; sticky_enabled=&#8221;0&#8243;]<\/p>\n<p><img decoding=\"async\" class=\"alignnone wp-image-6665 size-medium\" src=\"https:\/\/castelldencus.com\/wp-content\/uploads\/2023\/06\/hudin-300x150.jpg\" alt=\"Paissatge castell d&apos;encus. Entorn muntany\u00f3s\" width=\"300\" height=\"150\" \/><\/p>\n<p>[\/et_pb_text][et_pb_text admin_label=&#8221;Texto &#8211; El vi de la setmana&#8230;&#8221; module_class=&#8221;texto_prensa&#8221; _builder_version=&#8221;4.20.0&#8243; _module_preset=&#8221;default&#8221; global_colors_info=&#8221;{}&#8221;]<\/p>\n<h2>The wines of DO Costers del Segre 2023<\/h2>\n<p><span style=\"color: #686864\">Fecha<\/span> 19<span style=\"color: #52534b\">-04-2023<\/span><br \/><span style=\"color: #686864\">Medio hudin.com<\/span><br \/><span style=\"color: #686864\">Autor<\/span> <span style=\"color: #52534b\">Miquel Hudin<\/span><\/p>\n<p>[\/et_pb_text][et_pb_button button_url=&#8221;https:\/\/castelldencus.com\/wp-content\/uploads\/2023\/06\/2023-CATALAN-WINES-MIQUEL-HUDIN.pdf&#8221; url_new_window=&#8221;on&#8221; button_text=&#8221;LEER NOTICIA&#8221; admin_label=&#8221;LLEGIR NOTICIA&#8221; module_class=&#8221;btn_prensa&#8221; _builder_version=&#8221;4.20.0&#8243; _module_preset=&#8221;default&#8221; custom_button=&#8221;on&#8221; button_text_size=&#8221;15px&#8221; button_text_color=&#8221;#272724&#8243; button_bg_color=&#8221;rgba(255,255,255,0)&#8221; button_border_width=&#8221;1px&#8221; button_border_color=&#8221;#d1d1d1&#8243; button_use_icon=&#8221;off&#8221; custom_padding=&#8221;||||false|false&#8221; hover_enabled=&#8221;0&#8243; global_colors_info=&#8221;{}&#8221; sticky_enabled=&#8221;0&#8243;][\/et_pb_button][\/et_pb_column][\/et_pb_row][\/et_pb_section]<\/p>\n<\/div><\/div><\/div><\/div><div class=\"rt-col-md-3 rt-col-sm-6 rt-col-xs-12 masonry-grid-item rt-grid-item isotope-item iso_163 rt-item-2023-es iso_118 rt-item-nacional-es iso_83 rt-item-notas-de-prensa-es\" data-id=\"6767\"><div class=\"rt-holder\"><div class=\"rt-detail\"><h3 class=\"entry-title\"><a data-id=\"6767\" class=\"\" href=\"https:\/\/castelldencus.com\/es\/notas-de-prensa-es\/cuines-tv3\/\">Cuines TV3<\/a><\/h3><div class=\"tpg-excerpt\"><p>[et_pb_section fb_built=&#8221;1&#8243; module_class=&#8221;box_azul_premsa-blog&#8221; _builder_version=&#8221;4.17.6&#8243; _module_preset=&#8221;default&#8221; custom_padding=&#8221;||||false|false&#8221; locked=&#8221;off&#8221; global_colors_info=&#8221;{}&#8221;][et_pb_row module_class=&#8221;box_verde_premsa-blog&#8221; _builder_version=&#8221;4.17.6&#8243; _module_preset=&#8221;default&#8221; max_width=&#8221;100%&#8221; custom_padding=&#8221;0px||0px||false|false&#8221; global_colors_info=&#8221;{}&#8221;][et_pb_column type=&#8221;4_4&#8243; _builder_version=&#8221;4.17.6&#8243; _module_preset=&#8221;default&#8221; global_colors_info=&#8221;{}&#8221;][et_pb_text admin_label=&#8221;IMAGEN&#8221; module_class=&#8221;img_premsa&#8221; _builder_version=&#8221;4.20.0&#8243; _module_preset=&#8221;default&#8221; link_option_url=&#8221;https:\/\/www.ccma.cat\/tv3\/alacarta\/cuines-amb-marc-ribas\/pate-de-pollastre-amb-picada-dametlla\/video\/6215713\/?fbclid=PAAaZTKsWKOJYGMMV7HvSVsMZ1RcMJGZQbQ89kvwUxXka2ODskDqiq0LgOcJo&#8221; link_option_url_new_window=&#8221;on&#8221; hover_enabled=&#8221;0&#8243; global_colors_info=&#8221;{}&#8221; sticky_enabled=&#8221;0&#8243;]<\/p>\n<p><img decoding=\"async\" class=\"wp-image-6771 size-medium\" src=\"https:\/\/castelldencus.com\/wp-content\/uploads\/2023\/07\/cuines-tv3-Marc-Ribas-i-Raul-Bobet-300x150.jpg\" alt=\"Cuines TV3 Marc Ribas i Ra\u00fcl Bobet\" width=\"300\" height=\"150\" \/><\/p>\n<p>[\/et_pb_text][et_pb_text admin_label=&#8221;Texto &#8211; El vi de la setmana&#8230;&#8221; module_class=&#8221;texto_prensa&#8221; _builder_version=&#8221;4.20.0&#8243; _module_preset=&#8221;default&#8221; hover_enabled=&#8221;0&#8243; global_colors_info=&#8221;{}&#8221; sticky_enabled=&#8221;0&#8243;]<\/p>\n<h2>Cuines amb Marc Ribas<\/h2>\n<p><span style=\"color: #686864\">Fecha<\/span> 19<span style=\"color: #52534b\">-04-2023<\/span><br \/><span style=\"color: #686864\">Medio TV3<\/span><br \/><span style=\"color: #686864\">Autor<\/span> <span style=\"color: #52534b\">Cuines (Marc Ribas)<\/span><\/p>\n<p>[\/et_pb_text][et_pb_button button_url=&#8221;https:\/\/www.ccma.cat\/tv3\/alacarta\/cuines-amb-marc-ribas\/pate-de-pollastre-amb-picada-dametlla\/video\/6215713\/?fbclid=PAAaZTKsWKOJYGMMV7HvSVsMZ1RcMJGZQbQ89kvwUxXka2ODskDqiq0LgOcJo&#8221; url_new_window=&#8221;on&#8221; button_text=&#8221;LEER NOTICIA&#8221; admin_label=&#8221;LLEGIR NOTICIA&#8221; module_class=&#8221;btn_prensa&#8221; _builder_version=&#8221;4.20.0&#8243; _module_preset=&#8221;default&#8221; custom_button=&#8221;on&#8221; button_text_size=&#8221;15px&#8221; button_text_color=&#8221;#272724&#8243; button_bg_color=&#8221;rgba(255,255,255,0)&#8221; button_border_width=&#8221;1px&#8221; button_border_color=&#8221;#d1d1d1&#8243; button_use_icon=&#8221;off&#8221; custom_padding=&#8221;||||false|false&#8221; hover_enabled=&#8221;0&#8243; global_colors_info=&#8221;{}&#8221; sticky_enabled=&#8221;0&#8243;][\/et_pb_button][\/et_pb_column][\/et_pb_row][\/et_pb_section]<\/p>\n<\/div><\/div><\/div><\/div><div class=\"rt-col-md-3 rt-col-sm-6 rt-col-xs-12 masonry-grid-item rt-grid-item isotope-item iso_163 rt-item-2023-es iso_118 rt-item-nacional-es iso_83 rt-item-notas-de-prensa-es\" data-id=\"5924\"><div class=\"rt-holder\"><div class=\"rt-detail\"><h3 class=\"entry-title\"><a data-id=\"5924\" class=\"\" href=\"https:\/\/castelldencus.com\/es\/notas-de-prensa-es\/raul_bobet_artista_vinos_alta_montana\/\">Ra\u00fcl Bobet, artista de los vinos en alta monta\u00f1a<\/a><\/h3><div class=\"tpg-excerpt\"><p>[et_pb_section fb_built=&#8221;1&#8243; module_class=&#8221;box_azul_premsa-blog&#8221; _builder_version=&#8221;4.17.6&#8243; _module_preset=&#8221;default&#8221; custom_padding=&#8221;||||false|false&#8221; locked=&#8221;off&#8221; global_colors_info=&#8221;{}&#8221;][et_pb_row module_class=&#8221;box_verde_premsa-blog&#8221; _builder_version=&#8221;4.17.6&#8243; _module_preset=&#8221;default&#8221; max_width=&#8221;100%&#8221; custom_padding=&#8221;0px||0px||false|false&#8221; global_colors_info=&#8221;{}&#8221;][et_pb_column type=&#8221;4_4&#8243; _builder_version=&#8221;4.17.6&#8243; _module_preset=&#8221;default&#8221; global_colors_info=&#8221;{}&#8221;][et_pb_text admin_label=&#8221;IMAGEN&#8221; module_class=&#8221;img_premsa&#8221; _builder_version=&#8221;4.20.0&#8243; _module_preset=&#8221;default&#8221; link_option_url=&#8221;https:\/\/www.winestyletravel.com\/articulos\/raul-bobet-artista-de-los-vinos-en-alta-montana\/&#8221; link_option_url_new_window=&#8221;on&#8221; global_colors_info=&#8221;{}&#8221;]<\/p>\n<p><img decoding=\"async\" class=\"alignnone wp-image-5928 size-medium\" src=\"https:\/\/castelldencus.com\/wp-content\/uploads\/2023\/04\/6-300x169.jpg\" alt=\"\" width=\"300\" height=\"169\" \/><\/p>\n<p>[\/et_pb_text][et_pb_text admin_label=&#8221;Texto &#8211; El vi de la setmana&#8230;&#8221; module_class=&#8221;texto_prensa&#8221; _builder_version=&#8221;4.20.0&#8243; _module_preset=&#8221;default&#8221; hover_enabled=&#8221;0&#8243; global_colors_info=&#8221;{}&#8221; sticky_enabled=&#8221;0&#8243;]<\/p>\n<h2>Ra\u00fcl Bobet, artista de los vinos en alta monta\u00f1a<\/h2>\n<p><span style=\"color: #686864\">Fecha<\/span> 25<span style=\"color: #52534b\">-03-2023<\/span><br \/><span style=\"color: #686864\">Medio<\/span> Wine Style Travel<br \/><span style=\"color: #686864\">Autor<\/span> <span style=\"color: #52534b\">Gl\u00f2ria Vall\u00e8s<\/span><\/p>\n<p>[\/et_pb_text][et_pb_button button_url=&#8221;https:\/\/www.winestyletravel.com\/articulos\/raul-bobet-artista-de-los-vinos-en-alta-montana\/&#8221; url_new_window=&#8221;on&#8221; button_text=&#8221;LEER NOTICIA&#8221; admin_label=&#8221;LLEGIR NOTICIA&#8221; module_class=&#8221;btn_prensa&#8221; _builder_version=&#8221;4.20.0&#8243; _module_preset=&#8221;default&#8221; custom_button=&#8221;on&#8221; button_text_size=&#8221;15px&#8221; button_text_color=&#8221;#272724&#8243; button_bg_color=&#8221;rgba(255,255,255,0)&#8221; button_border_width=&#8221;1px&#8221; button_border_color=&#8221;#d1d1d1&#8243; button_use_icon=&#8221;off&#8221; custom_padding=&#8221;||||false|false&#8221; global_colors_info=&#8221;{}&#8221;][\/et_pb_button][\/et_pb_column][\/et_pb_row][\/et_pb_section]<\/p>\n<\/div><\/div><\/div><\/div><div class=\"rt-col-md-3 rt-col-sm-6 rt-col-xs-12 masonry-grid-item rt-grid-item isotope-item iso_163 rt-item-2023-es iso_118 rt-item-nacional-es iso_83 rt-item-notas-de-prensa-es\" data-id=\"6709\"><div class=\"rt-holder\"><div class=\"rt-detail\"><h3 class=\"entry-title\"><a data-id=\"6709\" class=\"\" href=\"https:\/\/castelldencus.com\/es\/notas-de-prensa-es\/el-boom-de-los-vinos-del-pirineo\/\">El boom de los vinos del Pirineo<\/a><\/h3><div class=\"tpg-excerpt\"><p>[et_pb_section fb_built=&#8221;1&#8243; module_class=&#8221;box_azul_premsa-blog&#8221; _builder_version=&#8221;4.17.6&#8243; _module_preset=&#8221;default&#8221; custom_padding=&#8221;||||false|false&#8221; locked=&#8221;off&#8221; global_colors_info=&#8221;{}&#8221;][et_pb_row module_class=&#8221;box_verde_premsa-blog&#8221; _builder_version=&#8221;4.17.6&#8243; _module_preset=&#8221;default&#8221; max_width=&#8221;100%&#8221; custom_padding=&#8221;0px||0px||false|false&#8221; global_colors_info=&#8221;{}&#8221;][et_pb_column type=&#8221;4_4&#8243; _builder_version=&#8221;4.17.6&#8243; _module_preset=&#8221;default&#8221; global_colors_info=&#8221;{}&#8221;][et_pb_text admin_label=&#8221;IMAGEN&#8221; module_class=&#8221;img_premsa&#8221; _builder_version=&#8221;4.20.0&#8243; _module_preset=&#8221;default&#8221; link_option_url=&#8221;https:\/\/www.lavanguardia.com\/magazine\/experiencias\/20230302\/8789785\/vinos-pirineo-altura-cambio-climatico-bodegas.html?utm_term=botones_sociales&#038;fbclid=PAAaYx15fLuFMGXrrt-7pZn9QnRXdWzvd8tS8dteBrMXvFiGeNzrj-rbhsE1s&#8221; link_option_url_new_window=&#8221;on&#8221; hover_enabled=&#8221;0&#8243; global_colors_info=&#8221;{}&#8221; sticky_enabled=&#8221;0&#8243;]<\/p>\n<p><img decoding=\"async\" class=\"alignnone wp-image-6713 size-medium\" src=\"https:\/\/castelldencus.com\/wp-content\/uploads\/2023\/07\/IMG-20230209-WA0043-e1689583860688-300x186.jpg\" alt=\"Vinyes Castell d&apos;Encus nevades\" width=\"300\" height=\"186\" \/><\/p>\n<p>[\/et_pb_text][et_pb_text admin_label=&#8221;Texto &#8211; El vi de la setmana&#8230;&#8221; module_class=&#8221;texto_prensa&#8221; _builder_version=&#8221;4.20.0&#8243; _module_preset=&#8221;default&#8221; global_colors_info=&#8221;{}&#8221;]<\/p>\n<h2>C\u00f3mo el cambio clim\u00e1tico ha resucitado la vi\u00f1a de altura<\/h2>\n<p><span style=\"color: #686864\">Fecha<\/span> 02<span style=\"color: #52534b\">-03-2023<\/span><br \/><span style=\"color: #686864\">Medio La Vanguardia<\/span><br \/><span style=\"color: #686864\">Autor<\/span> <span style=\"color: #52534b\">Ramon Franc\u00e0s<\/span><\/p>\n<p>[\/et_pb_text][et_pb_button button_url=&#8221;https:\/\/www.lavanguardia.com\/magazine\/experiencias\/20230302\/8789785\/vinos-pirineo-altura-cambio-climatico-bodegas.html?utm_term=botones_sociales&#038;fbclid=PAAaYx15fLuFMGXrrt-7pZn9QnRXdWzvd8tS8dteBrMXvFiGeNzrj-rbhsE1s&#8221; url_new_window=&#8221;on&#8221; button_text=&#8221;LEER NOTICIA&#8221; admin_label=&#8221;LLEGIR NOTICIA&#8221; module_class=&#8221;btn_prensa&#8221; _builder_version=&#8221;4.20.0&#8243; _module_preset=&#8221;default&#8221; custom_button=&#8221;on&#8221; button_text_size=&#8221;15px&#8221; button_text_color=&#8221;#272724&#8243; button_bg_color=&#8221;rgba(255,255,255,0)&#8221; button_border_width=&#8221;1px&#8221; button_border_color=&#8221;#d1d1d1&#8243; button_use_icon=&#8221;off&#8221; custom_padding=&#8221;||||false|false&#8221; global_colors_info=&#8221;{}&#8221;][\/et_pb_button][\/et_pb_column][\/et_pb_row][\/et_pb_section]<\/p>\n<\/div><\/div><\/div><\/div><div class=\"rt-col-md-3 rt-col-sm-6 rt-col-xs-12 masonry-grid-item rt-grid-item isotope-item iso_163 rt-item-2023-es iso_113 rt-item-internaconal-es iso_83 rt-item-notas-de-prensa-es\" data-id=\"6636\"><div class=\"rt-holder\"><div class=\"rt-detail\"><h3 class=\"entry-title\"><a data-id=\"6636\" class=\"\" href=\"https:\/\/castelldencus.com\/es\/notas-de-prensa-es\/5-questions-for-raul-bobet-of-castell-dencus-and-ferrer-bobet\/\">5 Questions for\u2026 Ra\u00fcl Bobet of Castell d\u2019Encus and Ferrer Bobet<\/a><\/h3><div class=\"tpg-excerpt\"><p>[et_pb_section fb_built=&#8221;1&#8243; module_class=&#8221;box_azul_premsa-blog&#8221; _builder_version=&#8221;4.17.6&#8243; _module_preset=&#8221;default&#8221; custom_padding=&#8221;||||false|false&#8221; locked=&#8221;off&#8221; global_colors_info=&#8221;{}&#8221;][et_pb_row module_class=&#8221;box_verde_premsa-blog&#8221; _builder_version=&#8221;4.17.6&#8243; _module_preset=&#8221;default&#8221; max_width=&#8221;100%&#8221; custom_padding=&#8221;0px||0px||false|false&#8221; global_colors_info=&#8221;{}&#8221;][et_pb_column type=&#8221;4_4&#8243; _builder_version=&#8221;4.17.6&#8243; _module_preset=&#8221;default&#8221; global_colors_info=&#8221;{}&#8221;][et_pb_text admin_label=&#8221;IMAGEN&#8221; module_class=&#8221;img_premsa&#8221; _builder_version=&#8221;4.20.0&#8243; _module_preset=&#8221;default&#8221; link_option_url=&#8221;https:\/\/issuu.com\/poisepublications\/docs\/cd_issue44_lowres\/56&#8243; link_option_url_new_window=&#8221;on&#8221; hover_enabled=&#8221;0&#8243; global_colors_info=&#8221;{}&#8221; sticky_enabled=&#8221;0&#8243;]<\/p>\n<p><img decoding=\"async\" class=\"alignnone wp-image-4357 size-medium\" src=\"https:\/\/castelldencus.com\/wp-content\/uploads\/2022\/12\/2-300x169.jpg\" alt=\"Ra\u00fcl Bobet y los dos perros de la bodega paseando delante de las vi\u00f1as de Castell d&apos;Encus\" width=\"300\" height=\"169\" \/><\/p>\n<p>[\/et_pb_text][et_pb_text admin_label=&#8221;Texto &#8211; El vi de la setmana&#8230;&#8221; module_class=&#8221;texto_prensa&#8221; _builder_version=&#8221;4.20.0&#8243; _module_preset=&#8221;default&#8221; global_colors_info=&#8221;{}&#8221;]<\/p>\n<h2>5 Questions for&#8230; Ra\u00fcl Bobet of Castell d&#8217;Encus and Ferrer Bobet<\/h2>\n<p><span style=\"color: #686864\">Fecha<\/span> 31-<span style=\"color: #52534b\">01-2023<\/span><br \/><span style=\"color: #686864\">Medio Canopy<\/span><br \/><span style=\"color: #686864\">Autor<\/span> <span style=\"color: #52534b\">Chris Boiling<\/span><\/p>\n<p>[\/et_pb_text][et_pb_button button_url=&#8221;https:\/\/issuu.com\/poisepublications\/docs\/cd_issue44_lowres\/56&#8243; url_new_window=&#8221;on&#8221; button_text=&#8221;LEER NOTICIA&#8221; admin_label=&#8221;LLEGIR NOTICIA&#8221; module_class=&#8221;btn_prensa&#8221; _builder_version=&#8221;4.20.0&#8243; _module_preset=&#8221;default&#8221; custom_button=&#8221;on&#8221; button_text_size=&#8221;15px&#8221; button_text_color=&#8221;#272724&#8243; button_bg_color=&#8221;rgba(255,255,255,0)&#8221; button_border_width=&#8221;1px&#8221; button_border_color=&#8221;#d1d1d1&#8243; button_use_icon=&#8221;off&#8221; custom_padding=&#8221;||||false|false&#8221; hover_enabled=&#8221;0&#8243; global_colors_info=&#8221;{}&#8221; sticky_enabled=&#8221;0&#8243;][\/et_pb_button][\/et_pb_column][\/et_pb_row][\/et_pb_section]<\/p>\n<\/div><\/div><\/div><\/div><div class=\"rt-col-md-3 rt-col-sm-6 rt-col-xs-12 masonry-grid-item rt-grid-item isotope-item iso_163 rt-item-2023-es iso_118 rt-item-nacional-es iso_83 rt-item-notas-de-prensa-es\" data-id=\"5949\"><div class=\"rt-holder\"><div class=\"rt-detail\"><h3 class=\"entry-title\"><a data-id=\"5949\" class=\"\" href=\"https:\/\/castelldencus.com\/es\/notas-de-prensa-es\/raul-bobet-enologo-noms-propis\/\">Ra\u00fcl Bobet, en\u00f3logo<\/a><\/h3><div class=\"tpg-excerpt\"><p>[et_pb_section fb_built=&#8221;1&#8243; module_class=&#8221;box_azul_premsa-blog&#8221; _builder_version=&#8221;4.17.6&#8243; _module_preset=&#8221;default&#8221; custom_padding=&#8221;||||false|false&#8221; locked=&#8221;off&#8221; global_colors_info=&#8221;{}&#8221;][et_pb_row module_class=&#8221;box_verde_premsa-blog&#8221; _builder_version=&#8221;4.17.6&#8243; _module_preset=&#8221;default&#8221; max_width=&#8221;100%&#8221; custom_padding=&#8221;0px||0px||false|false&#8221; global_colors_info=&#8221;{}&#8221;][et_pb_column type=&#8221;4_4&#8243; _builder_version=&#8221;4.17.6&#8243; _module_preset=&#8221;default&#8221; global_colors_info=&#8221;{}&#8221;][et_pb_text admin_label=&#8221;IMAGEN&#8221; module_class=&#8221;img_premsa&#8221; _builder_version=&#8221;4.20.0&#8243; _module_preset=&#8221;default&#8221; link_option_url=&#8221;https:\/\/www.rtve.es\/play\/videos\/noms-propis\/raul-bobet-enoleg\/6775383\/&#8221; link_option_url_new_window=&#8221;on&#8221; global_colors_info=&#8221;{}&#8221;]<\/p>\n<p><img decoding=\"async\" class=\"alignnone wp-image-5953 size-medium\" src=\"https:\/\/castelldencus.com\/wp-content\/uploads\/2023\/04\/9-300x169.jpg\" alt=\"\" width=\"300\" height=\"169\" \/><\/p>\n<p>[\/et_pb_text][et_pb_text admin_label=&#8221;Texto &#8211; El vi de la setmana&#8230;&#8221; module_class=&#8221;texto_prensa&#8221; _builder_version=&#8221;4.20.0&#8243; _module_preset=&#8221;default&#8221; hover_enabled=&#8221;0&#8243; global_colors_info=&#8221;{}&#8221; sticky_enabled=&#8221;0&#8243;]<\/p>\n<h2>Ra\u00fcl Bobet, en\u00f3logo<\/h2>\n<p><span style=\"color: #686864\">Fecha<\/span> 14<span style=\"color: #52534b\">-01-2023<\/span><br \/><span style=\"color: #686864\">Medio<\/span> RTVE<br \/><span style=\"color: #686864\">Autor<\/span> <span style=\"color: #52534b\">Anna Cler (Programa &#8220;Noms Propis)<\/span><\/p>\n<p>[\/et_pb_text][et_pb_button button_url=&#8221;https:\/\/www.rtve.es\/play\/videos\/noms-propis\/raul-bobet-enoleg\/6775383\/&#8221; url_new_window=&#8221;on&#8221; button_text=&#8221;LEER NOTICIA&#8221; admin_label=&#8221;LLEGIR NOTICIA&#8221; module_class=&#8221;btn_prensa&#8221; _builder_version=&#8221;4.20.0&#8243; _module_preset=&#8221;default&#8221; custom_button=&#8221;on&#8221; button_text_size=&#8221;15px&#8221; button_text_color=&#8221;#272724&#8243; button_bg_color=&#8221;rgba(255,255,255,0)&#8221; button_border_width=&#8221;1px&#8221; button_border_color=&#8221;#d1d1d1&#8243; button_use_icon=&#8221;off&#8221; custom_padding=&#8221;||||false|false&#8221; global_colors_info=&#8221;{}&#8221;][\/et_pb_button][\/et_pb_column][\/et_pb_row][\/et_pb_section]<\/p>\n<\/div><\/div><\/div><\/div><div class=\"rt-col-md-3 rt-col-sm-6 rt-col-xs-12 masonry-grid-item rt-grid-item isotope-item iso_159 rt-item-2022 iso_113 rt-item-internaconal-es iso_83 rt-item-notas-de-prensa-es\" data-id=\"6599\"><div class=\"rt-holder\"><div class=\"rt-detail\"><h3 class=\"entry-title\"><a data-id=\"6599\" class=\"\" href=\"https:\/\/castelldencus.com\/es\/notas-de-prensa-es\/why-zero-sulphur-is-not-the-answer\/\">Why zero sulphur is not the answer\u2026<\/a><\/h3><div class=\"tpg-excerpt\"><p>[et_pb_section fb_built=&#8221;1&#8243; module_class=&#8221;box_azul_premsa-blog&#8221; _builder_version=&#8221;4.17.6&#8243; _module_preset=&#8221;default&#8221; custom_padding=&#8221;||||false|false&#8221; locked=&#8221;off&#8221; global_colors_info=&#8221;{}&#8221;][et_pb_row module_class=&#8221;box_verde_premsa-blog&#8221; _builder_version=&#8221;4.17.6&#8243; _module_preset=&#8221;default&#8221; max_width=&#8221;100%&#8221; custom_padding=&#8221;0px||0px||false|false&#8221; global_colors_info=&#8221;{}&#8221;][et_pb_column type=&#8221;4_4&#8243; _builder_version=&#8221;4.17.6&#8243; _module_preset=&#8221;default&#8221; global_colors_info=&#8221;{}&#8221;][et_pb_text admin_label=&#8221;IMAGEN&#8221; module_class=&#8221;img_premsa&#8221; _builder_version=&#8221;4.20.0&#8243; _module_preset=&#8221;default&#8221; link_option_url=&#8221;https:\/\/www.internationalwinechallenge.com\/Canopy-Articles\/why-zero-sulphur-is-not-the-answer.html&#8221; link_option_url_new_window=&#8221;on&#8221; hover_enabled=&#8221;0&#8243; global_colors_info=&#8221;{}&#8221; sticky_enabled=&#8221;0&#8243;]<\/p>\n<p><img decoding=\"async\" class=\"alignnone wp-image-6612 size-medium\" src=\"https:\/\/castelldencus.com\/wp-content\/uploads\/2023\/06\/CdE-pH-e1686580407846-300x177.jpg\" alt=\"Gr\u00e0fica correlaci\u00f3 pH i concentraci\u00f3 sulfits\" width=\"300\" height=\"177\" \/><\/p>\n<p>[\/et_pb_text][et_pb_text admin_label=&#8221;Texto &#8211; El vi de la setmana&#8230;&#8221; module_class=&#8221;texto_prensa&#8221; _builder_version=&#8221;4.20.0&#8243; _module_preset=&#8221;default&#8221; global_colors_info=&#8221;{}&#8221;]<\/p>\n<h2>Why zero sulphur is not the answer\u2026<\/h2>\n<p><span style=\"color: #686864\">Fecha<\/span> 18<span style=\"color: #52534b\">-10-2022<\/span><br \/><span style=\"color: #686864\">Medio Canopy<\/span><br \/><span style=\"color: #686864\">Autor<\/span> <span style=\"color: #52534b\">Chris Boiling<\/span><\/p>\n<p>[\/et_pb_text][et_pb_button button_url=&#8221;https:\/\/www.internationalwinechallenge.com\/Canopy-Articles\/why-zero-sulphur-is-not-the-answer.html&#8221; url_new_window=&#8221;on&#8221; button_text=&#8221;LEER NOTICIA&#8221; admin_label=&#8221;LLEGIR NOTICIA&#8221; module_class=&#8221;btn_prensa&#8221; _builder_version=&#8221;4.20.0&#8243; _module_preset=&#8221;default&#8221; custom_button=&#8221;on&#8221; button_text_size=&#8221;15px&#8221; button_text_color=&#8221;#272724&#8243; button_bg_color=&#8221;rgba(255,255,255,0)&#8221; button_border_width=&#8221;1px&#8221; button_border_color=&#8221;#d1d1d1&#8243; button_use_icon=&#8221;off&#8221; custom_padding=&#8221;||||false|false&#8221; hover_enabled=&#8221;0&#8243; global_colors_info=&#8221;{}&#8221; sticky_enabled=&#8221;0&#8243;][\/et_pb_button][\/et_pb_column][\/et_pb_row][\/et_pb_section]<\/p>\n<\/div><\/div><\/div><\/div><div class=\"rt-col-md-3 rt-col-sm-6 rt-col-xs-12 masonry-grid-item rt-grid-item isotope-item iso_155 rt-item-2021-es iso_118 rt-item-nacional-es iso_83 rt-item-notas-de-prensa-es\" data-id=\"4719\"><div class=\"rt-holder\"><div class=\"rt-detail\"><h3 class=\"entry-title\"><a data-id=\"4719\" class=\"\" href=\"https:\/\/castelldencus.com\/es\/notas-de-prensa-es\/la-ilustracion-en-el-vino\/\">La Ilustraci\u00f3n en el vino<\/a><\/h3><div class=\"tpg-excerpt\"><p>[et_pb_section fb_built=&#8221;1&#8243; module_class=&#8221;box_azul_premsa-blog&#8221; _builder_version=&#8221;4.17.6&#8243; _module_preset=&#8221;default&#8221; custom_padding=&#8221;||||false|false&#8221; locked=&#8221;off&#8221; global_colors_info=&#8221;{}&#8221;][et_pb_row module_class=&#8221;box_verde_premsa-blog&#8221; _builder_version=&#8221;4.17.6&#8243; _module_preset=&#8221;default&#8221; max_width=&#8221;100%&#8221; custom_padding=&#8221;0px||0px||false|false&#8221; global_colors_info=&#8221;{}&#8221;][et_pb_column type=&#8221;4_4&#8243; _builder_version=&#8221;4.17.6&#8243; _module_preset=&#8221;default&#8221; global_colors_info=&#8221;{}&#8221;][et_pb_text admin_label=&#8221;IMAGEN&#8221; module_class=&#8221;img_premsa&#8221; _builder_version=&#8221;4.20.0&#8243; _module_preset=&#8221;default&#8221; link_option_url=&#8221;https:\/\/www.mivino.es\/noticia\/45\/bodega-ejemplar\/21032\/la-ilustracion-en-el-vino&#8221; link_option_url_new_window=&#8221;on&#8221; global_colors_info=&#8221;{}&#8221;]<\/p>\n<p><img decoding=\"async\" class=\"alignnone wp-image-4635\" src=\"https:\/\/castelldencus.com\/wp-content\/uploads\/2022\/08\/Diapositiva1-e1675164578706-300x177.jpg\" alt=\"Vi\u00f1edos en terrazas de Castell d&apos;Encus\" width=\"305\" height=\"180\" \/><\/p>\n<p>[\/et_pb_text][et_pb_text admin_label=&#8221;Texto &#8211; El vi de la setmana&#8230;&#8221; module_class=&#8221;texto_prensa&#8221; _builder_version=&#8221;4.20.0&#8243; _module_preset=&#8221;default&#8221; hover_enabled=&#8221;0&#8243; global_colors_info=&#8221;{}&#8221; sticky_enabled=&#8221;0&#8243;]<\/p>\n<h2>La Ilustraci\u00f3n en el vino<\/h2>\n<p><span style=\"color: #686864\">Fecha<\/span>\u00a0<span style=\"color: #52534b\">2-6-2021<\/span><br \/>\n<span style=\"color: #686864\">Medio<\/span>\u00a0Mivino<br \/>\n<span style=\"color: #686864\">Autor<\/span> <span style=\"color: #52534b\">Antonio Candelas<\/span><br \/>\n[\/et_pb_text][et_pb_button button_url=&#8221;https:\/\/www.mivino.es\/noticia\/45\/bodega-ejemplar\/21032\/la-ilustracion-en-el-vino&#8221; url_new_window=&#8221;on&#8221; button_text=&#8221;LEER NOTICIA&#8221; admin_label=&#8221;LLEGIR NOTICIA&#8221; module_class=&#8221;btn_prensa&#8221; _builder_version=&#8221;4.19.2&#8243; _module_preset=&#8221;default&#8221; custom_button=&#8221;on&#8221; button_text_size=&#8221;15px&#8221; button_text_color=&#8221;#272724&#8243; button_bg_color=&#8221;rgba(255,255,255,0)&#8221; button_border_width=&#8221;1px&#8221; button_border_color=&#8221;#d1d1d1&#8243; button_use_icon=&#8221;off&#8221; custom_padding=&#8221;||||false|false&#8221; global_colors_info=&#8221;{}&#8221;][\/et_pb_button][\/et_pb_column][\/et_pb_row][\/et_pb_section]<\/p>\n<\/div><\/div><\/div><\/div><div class=\"rt-col-md-3 rt-col-sm-6 rt-col-xs-12 masonry-grid-item rt-grid-item isotope-item iso_157 rt-item-2020-es iso_113 rt-item-internaconal-es iso_83 rt-item-notas-de-prensa-es\" data-id=\"4649\"><div class=\"rt-holder\"><div class=\"rt-detail\"><h3 class=\"entry-title\"><a data-id=\"4649\" class=\"\" href=\"https:\/\/castelldencus.com\/es\/notas-de-prensa-es\/harvest2020-the-one-with-rock-vats\/\">Harvest2020: The One with Rock Vats<\/a><\/h3><div class=\"tpg-excerpt\"><p>[et_pb_section fb_built=&#8221;1&#8243; module_class=&#8221;box_azul_premsa-blog&#8221; _builder_version=&#8221;4.17.6&#8243; _module_preset=&#8221;default&#8221; custom_padding=&#8221;||||false|false&#8221; locked=&#8221;off&#8221; global_colors_info=&#8221;{}&#8221;][et_pb_row module_class=&#8221;box_verde_premsa-blog&#8221; _builder_version=&#8221;4.17.6&#8243; _module_preset=&#8221;default&#8221; max_width=&#8221;100%&#8221; custom_padding=&#8221;0px||0px||false|false&#8221; global_colors_info=&#8221;{}&#8221;][et_pb_column type=&#8221;4_4&#8243; _builder_version=&#8221;4.17.6&#8243; _module_preset=&#8221;default&#8221; global_colors_info=&#8221;{}&#8221;][et_pb_text admin_label=&#8221;IMAGEN&#8221; module_class=&#8221;img_premsa&#8221; _builder_version=&#8221;4.20.0&#8243; _module_preset=&#8221;default&#8221; link_option_url=&#8221;https:\/\/www.internationalwinechallenge.com\/Canopy-Articles\/harvest2020-the-one-with-rock-vats.html&#8221; link_option_url_new_window=&#8221;on&#8221; global_colors_info=&#8221;{}&#8221;]<\/p>\n<p><img decoding=\"async\" class=\"wp-image-4624 size-medium\" src=\"https:\/\/castelldencus.com\/wp-content\/uploads\/2023\/01\/Diapositiva1-300x179.jpg\" alt=\"Retrato Ra\u00fcl Bobet\" width=\"300\" height=\"179\" \/><\/p>\n<p>[\/et_pb_text][et_pb_text admin_label=&#8221;Texto &#8211; El vi de la setmana&#8230;&#8221; module_class=&#8221;texto_prensa&#8221; _builder_version=&#8221;4.20.0&#8243; _module_preset=&#8221;default&#8221; hover_enabled=&#8221;0&#8243; global_colors_info=&#8221;{}&#8221; sticky_enabled=&#8221;0&#8243;]<\/p>\n<h2>Harvest 2020: The One with Rock Vats<\/h2>\n<p><span style=\"color: #686864\">Fecha<\/span> <span style=\"color: #52534b\">17-11-2020<\/span><br \/>\n<span style=\"color: #686864\">Medio<\/span>\u00a0Canopy<br \/>\n<span style=\"color: #686864\">Autor<\/span> <span style=\"color: #52534b\">Chris Boiling<\/span><br \/>\n[\/et_pb_text][et_pb_button button_url=&#8221;https:\/\/www.internationalwinechallenge.com\/Canopy-Articles\/harvest2020-the-one-with-rock-vats.html&#8221; url_new_window=&#8221;on&#8221; button_text=&#8221;LEER NOTICIA&#8221; admin_label=&#8221;LLEGIR NOTICIA&#8221; module_class=&#8221;btn_prensa&#8221; _builder_version=&#8221;4.19.2&#8243; _module_preset=&#8221;default&#8221; custom_button=&#8221;on&#8221; button_text_size=&#8221;15px&#8221; button_text_color=&#8221;#272724&#8243; button_bg_color=&#8221;rgba(255,255,255,0)&#8221; button_border_width=&#8221;1px&#8221; button_border_color=&#8221;#d1d1d1&#8243; button_use_icon=&#8221;off&#8221; custom_padding=&#8221;||||false|false&#8221; global_colors_info=&#8221;{}&#8221;][\/et_pb_button][\/et_pb_column][\/et_pb_row][\/et_pb_section]<\/p>\n<\/div><\/div><\/div><\/div><\/div><div class=\"isotope-term-no-post\"><p>No se ha encontrado ninguna entrada<\/p><\/div><\/div><\/div>\n<p>[\/et_pb_text][\/et_pb_column][\/et_pb_row][et_pb_row _builder_version=&#8221;4.18.0&#8243; _module_preset=&#8221;default&#8221; max_width=&#8221;100%&#8221; custom_padding=&#8221;25px||25px||false|false&#8221; global_colors_info=&#8221;{}&#8221;][et_pb_column type=&#8221;4_4&#8243; _builder_version=&#8221;4.18.0&#8243; _module_preset=&#8221;default&#8221; global_colors_info=&#8221;{}&#8221;][et_pb_text _builder_version=&#8221;4.23.1&#8243; _module_preset=&#8221;default&#8221; hover_enabled=&#8221;0&#8243; global_colors_info=&#8221;{}&#8221; sticky_enabled=&#8221;0&#8243;]<\/p>\n<p style=\"font-family: hind-light; text-align: center;\">Todos los profesionales del sector que quieran contactar con nosotros pueden enviar un correo electr\u00f3nico a <a style=\"color: #7c6831;\" href=\"mailto:castelldencus@castelldencus.com\" target=\"_blank\" rel=\"noopener\">castelldencus@castelldencus.com<\/a>\u00a0indicando su nombre y medio al cual pertenecen o llamar al <a style=\"color: #7c6831;\" href=\"tel: 973252974\">+34 973 25 29 74<\/a><\/p>\n<p>[\/et_pb_text][\/et_pb_column][\/et_pb_row][\/et_pb_section]<\/p>\n","protected":false},"excerpt":{"rendered":"<p>Harvest 2020: The One with Rock Vats Fecha 17-11-2020 Medio\u00a0Canopy Autor Chris Boiling<\/p>\n","protected":false},"author":6,"featured_media":0,"parent":0,"menu_order":0,"comment_status":"closed","ping_status":"closed","template":"","meta":{"_et_pb_use_builder":"on","_et_pb_old_content":"","_et_gb_content_width":"","footnotes":""},"class_list":["post-4096","page","type-page","status-publish","hentry"],"yoast_head":"<!-- This site is optimized with the Yoast SEO plugin v28.1 - https:\/\/yoast.com\/product\/yoast-seo-wordpress\/ -->\n<title>Prensa - Castell d\u2019Encus<\/title>\n<meta name=\"robots\" content=\"index, follow, max-snippet:-1, max-image-preview:large, max-video-preview:-1\" \/>\n<link rel=\"canonical\" href=\"https:\/\/castelldencus.com\/es\/prensa\/\" \/>\n<meta property=\"og:locale\" content=\"es_ES\" \/>\n<meta property=\"og:type\" content=\"article\" \/>\n<meta property=\"og:title\" content=\"Prensa - Castell d\u2019Encus\" \/>\n<meta property=\"og:description\" content=\"Harvest 2020: The One with Rock Vats Fecha 17-11-2020 Medio\u00a0Canopy Autor Chris Boiling\" \/>\n<meta property=\"og:url\" content=\"https:\/\/castelldencus.com\/es\/prensa\/\" \/>\n<meta property=\"og:site_name\" content=\"Castell d\u2019Encus\" \/>\n<meta property=\"article:modified_time\" content=\"2023-12-01T10:38:52+00:00\" \/>\n<meta name=\"twitter:card\" content=\"summary_large_image\" \/>\n<meta name=\"twitter:label1\" content=\"Tiempo de lectura\" \/>\n\t<meta name=\"twitter:data1\" content=\"1 minuto\" \/>\n<script type=\"application\/ld+json\" class=\"yoast-schema-graph\">{\"@context\":\"https:\\\/\\\/schema.org\",\"@graph\":[{\"@type\":\"WebPage\",\"@id\":\"https:\\\/\\\/castelldencus.com\\\/es\\\/prensa\\\/\",\"url\":\"https:\\\/\\\/castelldencus.com\\\/es\\\/prensa\\\/\",\"name\":\"Prensa - Castell d\u2019Encus\",\"isPartOf\":{\"@id\":\"https:\\\/\\\/castelldencus.com\\\/#website\"},\"datePublished\":\"2022-08-12T10:51:42+00:00\",\"dateModified\":\"2023-12-01T10:38:52+00:00\",\"breadcrumb\":{\"@id\":\"https:\\\/\\\/castelldencus.com\\\/es\\\/prensa\\\/#breadcrumb\"},\"inLanguage\":\"es\",\"potentialAction\":[{\"@type\":\"ReadAction\",\"target\":[\"https:\\\/\\\/castelldencus.com\\\/es\\\/prensa\\\/\"]}]},{\"@type\":\"BreadcrumbList\",\"@id\":\"https:\\\/\\\/castelldencus.com\\\/es\\\/prensa\\\/#breadcrumb\",\"itemListElement\":[{\"@type\":\"ListItem\",\"position\":1,\"name\":\"Home\",\"item\":\"https:\\\/\\\/castelldencus.com\\\/es\\\/\"},{\"@type\":\"ListItem\",\"position\":2,\"name\":\"Prensa\"}]},{\"@type\":\"WebSite\",\"@id\":\"https:\\\/\\\/castelldencus.com\\\/#website\",\"url\":\"https:\\\/\\\/castelldencus.com\\\/\",\"name\":\"Castell d\u2019Encus\",\"description\":\"Celler | Castell d&#039;Encus | Catalunya\",\"potentialAction\":[{\"@type\":\"SearchAction\",\"target\":{\"@type\":\"EntryPoint\",\"urlTemplate\":\"https:\\\/\\\/castelldencus.com\\\/?s={search_term_string}\"},\"query-input\":{\"@type\":\"PropertyValueSpecification\",\"valueRequired\":true,\"valueName\":\"search_term_string\"}}],\"inLanguage\":\"es\"}]}<\/script>\n<!-- \/ Yoast SEO plugin. -->","yoast_head_json":{"title":"Prensa - Castell d\u2019Encus","robots":{"index":"index","follow":"follow","max-snippet":"max-snippet:-1","max-image-preview":"max-image-preview:large","max-video-preview":"max-video-preview:-1"},"canonical":"https:\/\/castelldencus.com\/es\/prensa\/","og_locale":"es_ES","og_type":"article","og_title":"Prensa - Castell d\u2019Encus","og_description":"Harvest 2020: The One with Rock Vats Fecha 17-11-2020 Medio\u00a0Canopy Autor Chris Boiling","og_url":"https:\/\/castelldencus.com\/es\/prensa\/","og_site_name":"Castell d\u2019Encus","article_modified_time":"2023-12-01T10:38:52+00:00","twitter_card":"summary_large_image","twitter_misc":{"Tiempo de lectura":"1 minuto"},"schema":{"@context":"https:\/\/schema.org","@graph":[{"@type":"WebPage","@id":"https:\/\/castelldencus.com\/es\/prensa\/","url":"https:\/\/castelldencus.com\/es\/prensa\/","name":"Prensa - Castell d\u2019Encus","isPartOf":{"@id":"https:\/\/castelldencus.com\/#website"},"datePublished":"2022-08-12T10:51:42+00:00","dateModified":"2023-12-01T10:38:52+00:00","breadcrumb":{"@id":"https:\/\/castelldencus.com\/es\/prensa\/#breadcrumb"},"inLanguage":"es","potentialAction":[{"@type":"ReadAction","target":["https:\/\/castelldencus.com\/es\/prensa\/"]}]},{"@type":"BreadcrumbList","@id":"https:\/\/castelldencus.com\/es\/prensa\/#breadcrumb","itemListElement":[{"@type":"ListItem","position":1,"name":"Home","item":"https:\/\/castelldencus.com\/es\/"},{"@type":"ListItem","position":2,"name":"Prensa"}]},{"@type":"WebSite","@id":"https:\/\/castelldencus.com\/#website","url":"https:\/\/castelldencus.com\/","name":"Castell d\u2019Encus","description":"Celler | Castell d&#039;Encus | Catalunya","potentialAction":[{"@type":"SearchAction","target":{"@type":"EntryPoint","urlTemplate":"https:\/\/castelldencus.com\/?s={search_term_string}"},"query-input":{"@type":"PropertyValueSpecification","valueRequired":true,"valueName":"search_term_string"}}],"inLanguage":"es"}]}},"rttpg_featured_image_url":null,"rttpg_author":{"display_name":"Admin Evotic","author_link":"https:\/\/castelldencus.com\/es\/author\/administrador\/"},"rttpg_comment":0,"rttpg_category":"","rttpg_excerpt":"Harvest 2020: The One with Rock Vats Fecha 17-11-2020 Medio\u00a0Canopy Autor Chris Boiling","_links":{"self":[{"href":"https:\/\/castelldencus.com\/es\/wp-json\/wp\/v2\/pages\/4096","targetHints":{"allow":["GET"]}}],"collection":[{"href":"https:\/\/castelldencus.com\/es\/wp-json\/wp\/v2\/pages"}],"about":[{"href":"https:\/\/castelldencus.com\/es\/wp-json\/wp\/v2\/types\/page"}],"author":[{"embeddable":true,"href":"https:\/\/castelldencus.com\/es\/wp-json\/wp\/v2\/users\/6"}],"replies":[{"embeddable":true,"href":"https:\/\/castelldencus.com\/es\/wp-json\/wp\/v2\/comments?post=4096"}],"version-history":[{"count":0,"href":"https:\/\/castelldencus.com\/es\/wp-json\/wp\/v2\/pages\/4096\/revisions"}],"wp:attachment":[{"href":"https:\/\/castelldencus.com\/es\/wp-json\/wp\/v2\/media?parent=4096"}],"curies":[{"name":"wp","href":"https:\/\/api.w.org\/{rel}","templated":true}]}}