{"id":3742,"date":"2022-08-01T12:48:19","date_gmt":"2022-08-01T12:48:19","guid":{"rendered":"https:\/\/castelldencus.com\/historia\/"},"modified":"2023-10-30T09:27:11","modified_gmt":"2023-10-30T09:27:11","slug":"history","status":"publish","type":"page","link":"https:\/\/castelldencus.com\/en\/history\/","title":{"rendered":"HISTORY"},"content":{"rendered":"<p>[et_pb_section fb_built=&#8221;1&#8243; module_class=&#8221;box_azul_projecte&#8221; _builder_version=&#8221;4.17.6&#8243; _module_preset=&#8221;default&#8221; custom_padding=&#8221;0px||0px||false|false&#8221; locked=&#8221;off&#8221; global_colors_info=&#8221;{}&#8221;][et_pb_row column_structure=&#8221;1_2,1_2&#8243; disabled_on=&#8221;on|on|off&#8221; module_class=&#8221;box_verde_projecte sticky&#8221; _builder_version=&#8221;4.17.6&#8243; _module_preset=&#8221;default&#8221; width=&#8221;100%&#8221; max_width=&#8221;100%&#8221; custom_padding=&#8221;0px||0px||false|false&#8221; global_colors_info=&#8221;{}&#8221;][et_pb_column type=&#8221;1_2&#8243; _builder_version=&#8221;4.17.6&#8243; _module_preset=&#8221;default&#8221; global_colors_info=&#8221;{}&#8221;][et_pb_text admin_label=&#8221;Del rom\u00e0nic a l&#8217;actualitat + texto&#8221; module_class=&#8221;projecte&#8221; _builder_version=&#8221;4.20.0&#8243; _module_preset=&#8221;default&#8221; text_font_size=&#8221;20px&#8221; text_line_height=&#8221;1em&#8221; header_2_font_size=&#8221;16px&#8221; header_2_line_height=&#8221;0.8em&#8221; header_3_font_size=&#8221;60px&#8221; custom_padding=&#8221;100px||||false|false&#8221; custom_padding_tablet=&#8221;50px|50px|50px|50px|false|false&#8221; custom_padding_phone=&#8221;25px|25px||25px|false|false&#8221; custom_padding_last_edited=&#8221;on|tablet&#8221; hover_enabled=&#8221;0&#8243; text_font_size_phone=&#8221;16px&#8221; text_font_size_last_edited=&#8221;off|tablet&#8221; text_line_height_tablet=&#8221;1em&#8221; text_line_height_phone=&#8221;1.5em&#8221; text_line_height_last_edited=&#8221;on|phone&#8221; header_2_font_size_tablet=&#8221;32px&#8221; header_2_font_size_phone=&#8221;25px&#8221; header_2_font_size_last_edited=&#8221;off|phone&#8221; header_3_font_size_tablet=&#8221;32px&#8221; header_3_font_size_phone=&#8221;25px&#8221; header_3_font_size_last_edited=&#8221;on|phone&#8221; header_4_font_size_last_edited=&#8221;off|phone&#8221; global_colors_info=&#8221;{}&#8221; sticky_enabled=&#8221;0&#8243;]<\/p>\n<h2 style=\"color: #bfa660; text-align: center;\">FROM THE ROMANESQUE PERIOD TO PRESENT DAY<\/h2>\n<p>&nbsp;<\/p>\n<h3 style=\"text-align: center; color: #272724;\">A unique history<\/h3>\n<p>&nbsp;<\/p>\n<p>&nbsp;<\/p>\n<p style=\"text-align: center;  color: #52534b;\">A chapel and a Romanesque village with its stone carved fermenters<\/p>\n<p style=\"text-align: center;  color: #52534b;\">on a hill constitute an amazing and magical environment, where wine<\/p>\n<p style=\"text-align: center;  color: #52534b;\">legacy is evident.<\/p>\n<p>[\/et_pb_text][\/et_pb_column][et_pb_column type=&#8221;1_2&#8243; _builder_version=&#8221;4.17.6&#8243; _module_preset=&#8221;default&#8221; global_colors_info=&#8221;{}&#8221;][et_pb_text disabled_on=&#8221;off|off|off&#8221; admin_label=&#8221;Imagen&#8221; module_class=&#8221;background_image&#8221; _builder_version=&#8221;4.17.6&#8243; _module_preset=&#8221;default&#8221; background_enable_image=&#8221;off&#8221; parallax=&#8221;on&#8221; locked=&#8221;off&#8221; global_colors_info=&#8221;{}&#8221;]<\/p>\n<p><img decoding=\"async\" class=\"aligncenter wp-image-2658 size-full\" src=\"https:\/\/castelldencus.com\/wp-content\/uploads\/2022\/09\/L-artitecturephotoDJI_0093_1-min_1-min.jpg\" alt=\"\" width=\"2048\" height=\"1535\" srcset=\"https:\/\/castelldencus.com\/wp-content\/uploads\/2022\/09\/L-artitecturephotoDJI_0093_1-min_1-min.jpg 2048w, https:\/\/castelldencus.com\/wp-content\/uploads\/2022\/09\/L-artitecturephotoDJI_0093_1-min_1-min-1280x959.jpg 1280w, https:\/\/castelldencus.com\/wp-content\/uploads\/2022\/09\/L-artitecturephotoDJI_0093_1-min_1-min-980x735.jpg 980w, https:\/\/castelldencus.com\/wp-content\/uploads\/2022\/09\/L-artitecturephotoDJI_0093_1-min_1-min-480x360.jpg 480w\" sizes=\"(min-width: 0px) and (max-width: 480px) 480px, (min-width: 481px) and (max-width: 980px) 980px, (min-width: 981px) and (max-width: 1280px) 1280px, (min-width: 1281px) 2048px, 100vw\" \/><\/p>\n<p>[\/et_pb_text][\/et_pb_column][\/et_pb_row][et_pb_row disabled_on=&#8221;off|off|on&#8221; module_class=&#8221;box_verde_projecte sticky&#8221; _builder_version=&#8221;4.17.6&#8243; _module_preset=&#8221;default&#8221; width=&#8221;100%&#8221; max_width=&#8221;100%&#8221; custom_padding=&#8221;0px||0px||false|false&#8221; global_colors_info=&#8221;{}&#8221;][et_pb_column type=&#8221;4_4&#8243; _builder_version=&#8221;4.17.6&#8243; _module_preset=&#8221;default&#8221; global_colors_info=&#8221;{}&#8221;][et_pb_text admin_label=&#8221;Del rom\u00e0nic a l&#8217;actualitat + texto&#8221; module_class=&#8221;projecte&#8221; _builder_version=&#8221;4.20.0&#8243; _module_preset=&#8221;default&#8221; text_font_size=&#8221;20px&#8221; text_line_height=&#8221;1em&#8221; header_2_font_size=&#8221;16px&#8221; header_2_line_height=&#8221;0.8em&#8221; header_3_font_size=&#8221;60px&#8221; custom_padding=&#8221;100px||||false|false&#8221; custom_padding_tablet=&#8221;50px|50px|50px|50px|false|false&#8221; custom_padding_phone=&#8221;25px|25px||25px|false|false&#8221; custom_padding_last_edited=&#8221;on|tablet&#8221; text_font_size_phone=&#8221;16px&#8221; text_font_size_last_edited=&#8221;off|tablet&#8221; text_line_height_tablet=&#8221;1em&#8221; text_line_height_phone=&#8221;1.5em&#8221; text_line_height_last_edited=&#8221;on|phone&#8221; header_2_font_size_tablet=&#8221;32px&#8221; header_2_font_size_phone=&#8221;25px&#8221; header_2_font_size_last_edited=&#8221;off|phone&#8221; header_3_font_size_tablet=&#8221;32px&#8221; header_3_font_size_phone=&#8221;25px&#8221; header_3_font_size_last_edited=&#8221;on|phone&#8221; header_4_font_size_last_edited=&#8221;off|phone&#8221; global_colors_info=&#8221;{}&#8221;]<\/p>\n<h2 style=\"color: #bfa660; text-align: center;\">FROM THE ROMANESQUE PERIOD TO PRESENT DAY<\/h2>\n<p>&nbsp;<\/p>\n<h3 style=\"text-align: center; color: #272724;\">A unique history<\/h3>\n<p>&nbsp;<\/p>\n<p>&nbsp;<\/p>\n<p style=\"text-align: center;  color: #52534b;\">A chapel and a Romanesque village with its stone carved fermenters on a hill constitute an amazing and magical environment, where wine legacy is evident.<\/p>\n<p>[\/et_pb_text][et_pb_text disabled_on=&#8221;off|off|off&#8221; admin_label=&#8221;Imagen&#8221; module_class=&#8221;background_image&#8221; _builder_version=&#8221;4.17.6&#8243; _module_preset=&#8221;default&#8221; background_enable_image=&#8221;off&#8221; parallax=&#8221;on&#8221; locked=&#8221;off&#8221; global_colors_info=&#8221;{}&#8221;]<\/p>\n<p><img decoding=\"async\" class=\"aligncenter wp-image-2658 size-full\" src=\"https:\/\/castelldencus.com\/wp-content\/uploads\/2022\/09\/L-artitecturephotoDJI_0093_1-min_1-min.jpg\" alt=\"\" width=\"2048\" height=\"1535\" srcset=\"https:\/\/castelldencus.com\/wp-content\/uploads\/2022\/09\/L-artitecturephotoDJI_0093_1-min_1-min.jpg 2048w, https:\/\/castelldencus.com\/wp-content\/uploads\/2022\/09\/L-artitecturephotoDJI_0093_1-min_1-min-1280x959.jpg 1280w, https:\/\/castelldencus.com\/wp-content\/uploads\/2022\/09\/L-artitecturephotoDJI_0093_1-min_1-min-980x735.jpg 980w, https:\/\/castelldencus.com\/wp-content\/uploads\/2022\/09\/L-artitecturephotoDJI_0093_1-min_1-min-480x360.jpg 480w\" sizes=\"(min-width: 0px) and (max-width: 480px) 480px, (min-width: 481px) and (max-width: 980px) 980px, (min-width: 981px) and (max-width: 1280px) 1280px, (min-width: 1281px) 2048px, 100vw\" \/><\/p>\n<p>[\/et_pb_text][\/et_pb_column][\/et_pb_row][\/et_pb_section][et_pb_section fb_built=&#8221;1&#8243; module_class=&#8221;box_azul_segle&#8221; _builder_version=&#8221;4.17.6&#8243; _module_preset=&#8221;default&#8221; custom_padding=&#8221;0px||0px||false|false&#8221; global_colors_info=&#8221;{}&#8221;][et_pb_row column_structure=&#8221;1_2,1_2&#8243; module_class=&#8221;box_verde_segle&#8221; _builder_version=&#8221;4.17.6&#8243; _module_preset=&#8221;default&#8221; width=&#8221;100%&#8221; max_width=&#8221;100%&#8221; custom_padding=&#8221;0px||0px||false|false&#8221; global_colors_info=&#8221;{}&#8221;][et_pb_column type=&#8221;1_2&#8243; _builder_version=&#8221;4.17.6&#8243; _module_preset=&#8221;default&#8221; global_colors_info=&#8221;{}&#8221;][et_pb_text disabled_on=&#8221;on|on|on&#8221; admin_label=&#8221;Un poblat en ru\u00efnes de monjos de&#8230;&#8221; module_class=&#8221;sigle_historia&#8221; _builder_version=&#8221;4.18.0&#8243; _module_preset=&#8221;default&#8221; text_font_size=&#8221;18px&#8221; text_line_height=&#8221;1.5em&#8221; header_2_font_size=&#8221;32px&#8221; header_4_font_size=&#8221;16px&#8221; header_2_font_size_tablet=&#8221;32px&#8221; header_2_font_size_phone=&#8221;25px&#8221; header_2_font_size_last_edited=&#8221;on|phone&#8221; header_4_font_size_tablet=&#8221;&#8221; header_4_font_size_phone=&#8221;&#8221; header_4_font_size_last_edited=&#8221;on|desktop&#8221; disabled=&#8221;on&#8221; locked=&#8221;off&#8221; global_colors_info=&#8221;{}&#8221;]<\/p>\n<h4 style=\"color: #979893;\">UN COMPLEX DEL SEGLE XII<\/h4>\n<h2 style=\"color: #bfa660;\">Un passat tangible<\/h2>\n<p>&nbsp;<\/p>\n<p style=\"fcolor: #52534b;\">Un poblat en ru\u00efnes de monjos de l&#8217;ordre dels Hospitalers de Sant Joan juntament amb una ermita, els dos del per\u00edode tardorom\u00e0nic (segle XII) romanen a la finca i expliquen part del nostre passat.<\/p>\n<p style=\"color: #52534b;\">Un conjunt de 9 cups de fermentaci\u00f3 excavats a la pedra pels monjos, amb capacitat de 2 a 7 tones i orientats a la fermentaci\u00f3 del vi, mostren que des de temps immemorials la serra de la Costa Ampla ha sigut un lloc idoni per la producci\u00f3 de vi, que nom\u00e9s la fil\u00b7loxera i el despoblament rural progressiu van aturar.<\/p>\n<p style=\"color: #52534b;\">Un terroir que s&#8217;ha demostrat cient\u00edficament molt positiu per al conreu de la vinya, amb un clima \u00f2ptim que confereix una alta acidesa al vi i que es tradueix en un vi m\u00e9s protegit i amb un alt potencial de guarda. Els monjos hospitalers ja ho intu\u00efren de manera emp\u00edrica.<\/p>\n<p style=\"color: #52534b; text-align: center;\"><em>\u201cL&#8217;envelliment del vi neix fruit d&#8217;una necessitat m\u00e9s que del plaer.\u201d<\/em><\/p>\n<p style=\"color: #52534b;\">La part rom\u00e0nica qued\u00e0 despoblada al segle XVIII, i ja el 1837 amb l&#8217;abolici\u00f3 del r\u00e8gim senyorial i la desamortitzaci\u00f3 de Madoz (1855), passa a mans privades.<\/p>\n<p style=\"color: #52534b;\">L&#8217;honestedat i estima per la nostra terra i els nostres costums ens empeny a recuperar la hist\u00f2ria de Castill\u00f3 d\u2019Enc\u00fas i preservar-ne el seu valor hist\u00f2ric, aix\u00ed com reprendre l\u2019\u00fas dels cups d\u2019origen medieval per fermentar els nostres vins i el cultiu de la vinya en aquesta zona.<\/p>\n<p>[\/et_pb_text][et_pb_text admin_label=&#8221;Origen celler&#8221; module_class=&#8221;sigle_historia&#8221; _builder_version=&#8221;4.20.0&#8243; _module_preset=&#8221;default&#8221; text_font_size=&#8221;18px&#8221; text_line_height=&#8221;1.5em&#8221; header_2_font_size=&#8221;16px&#8221; header_3_font_size=&#8221;35px&#8221; hover_enabled=&#8221;0&#8243; header_2_font_size_tablet=&#8221;32px&#8221; header_2_font_size_phone=&#8221;25px&#8221; header_2_font_size_last_edited=&#8221;off|phone&#8221; header_3_font_size_tablet=&#8221;35px&#8221; header_3_font_size_phone=&#8221;25px&#8221; header_3_font_size_last_edited=&#8221;on|desktop&#8221; header_4_font_size_last_edited=&#8221;off|desktop&#8221; locked=&#8221;off&#8221; global_colors_info=&#8221;{}&#8221; sticky_enabled=&#8221;0&#8243;]<\/p>\n<h2 style=\"color: #979893;\">\u00a0<\/h2>\n<h3 style=\"color: #bfa660;\">Origin of the winery<\/h3>\n<p>&nbsp;<\/p>\n<p style=\"fcolor: #52534b;\">It all began to take shape in Ra\u00fcl Bobet\u2019s mind in the mid-1980s and early 1990s, when, while travelling around the world, he realised that vines and wine were affected by a phenomenon that was still in its infancy and unknown at that time; climate change. His vast experience and technical knowledge led him to undertake a tireless search in the Pyrenees to find the ideal place to plant vines that would permit him to obtain the wines he longed for, which today are so recognisable under his name.<\/p>\n<p style=\"fcolor: #52534b;\">Castell d&#8217;Encus began in 2001, when the landscape and the history of the region had a strong personal impact on Ra\u00fcl Bobet. The main estate is located between 800 and 950 metres above sea level, surrounded by woodland and the historical remains of the ancient medieval village of Castell d\u2019Encus. Subsequently, the vineyards planted in Santa Engr\u00e0cia (1.000m) and Astell (1.230m) have been introduced to the project, which leave us room to play with the limits of freshness and subtlety and create the desired melody of the wine.<\/p>\n<p style=\"fcolor: #52534b;\">In just over 20 years, the acumen and vision of Ra\u00fcl Bobet have turned Castell d&#8217;Encus into a benchmark winery where tradition and innovation come together to create high quality wines.<\/p>\n<p>[\/et_pb_text][\/et_pb_column][et_pb_column type=&#8221;1_2&#8243; _builder_version=&#8221;4.17.6&#8243; _module_preset=&#8221;default&#8221; global_colors_info=&#8221;{}&#8221;][et_pb_text admin_label=&#8221;Slider &#8211; Un passat tangible&#8221; module_class=&#8221;carusel&#8221; _builder_version=&#8221;4.17.6&#8243; _module_preset=&#8221;default&#8221; background_enable_color=&#8221;off&#8221; custom_padding=&#8221;100px||100px||false|false&#8221; custom_padding_tablet=&#8221;50px||50px||false|false&#8221; custom_padding_phone=&#8221;50px||50px||false|false&#8221; custom_padding_last_edited=&#8221;on|tablet&#8221; global_colors_info=&#8221;{}&#8221;]<\/p>\n\n<p>[\/et_pb_text][\/et_pb_column][\/et_pb_row][et_pb_row column_structure=&#8221;1_2,1_2&#8243; module_class=&#8221;box_verde_segle&#8221; _builder_version=&#8221;4.17.6&#8243; _module_preset=&#8221;default&#8221; width=&#8221;100%&#8221; max_width=&#8221;100%&#8221; custom_padding=&#8221;0px||0px||false|false&#8221; global_colors_info=&#8221;{}&#8221;][et_pb_column type=&#8221;1_2&#8243; _builder_version=&#8221;4.17.6&#8243; _module_preset=&#8221;default&#8221; global_colors_info=&#8221;{}&#8221;][et_pb_text disabled_on=&#8221;on|on|on&#8221; admin_label=&#8221;Un poblat en ru\u00efnes de monjos de&#8230;&#8221; module_class=&#8221;sigle_historia&#8221; _builder_version=&#8221;4.18.0&#8243; _module_preset=&#8221;default&#8221; text_font_size=&#8221;18px&#8221; text_line_height=&#8221;1.5em&#8221; header_2_font_size=&#8221;32px&#8221; header_4_font_size=&#8221;16px&#8221; header_2_font_size_tablet=&#8221;32px&#8221; header_2_font_size_phone=&#8221;25px&#8221; header_2_font_size_last_edited=&#8221;on|phone&#8221; header_4_font_size_tablet=&#8221;&#8221; header_4_font_size_phone=&#8221;&#8221; header_4_font_size_last_edited=&#8221;on|desktop&#8221; disabled=&#8221;on&#8221; locked=&#8221;off&#8221; global_colors_info=&#8221;{}&#8221;]<\/p>\n<h4 style=\"color: #979893;\">UN COMPLEX DEL SEGLE XII<\/h4>\n<h2 style=\"color: #bfa660;\">Un passat tangible<\/h2>\n<p>&nbsp;<\/p>\n<p style=\"fcolor: #52534b;\">Un poblat en ru\u00efnes de monjos de l&#8217;ordre dels Hospitalers de Sant Joan juntament amb una ermita, els dos del per\u00edode tardorom\u00e0nic (segle XII) romanen a la finca i expliquen part del nostre passat.<\/p>\n<p style=\"color: #52534b;\">Un conjunt de 9 cups de fermentaci\u00f3 excavats a la pedra pels monjos, amb capacitat de 2 a 7 tones i orientats a la fermentaci\u00f3 del vi, mostren que des de temps immemorials la serra de la Costa Ampla ha sigut un lloc idoni per la producci\u00f3 de vi, que nom\u00e9s la fil\u00b7loxera i el despoblament rural progressiu van aturar.<\/p>\n<p style=\"color: #52534b;\">Un terroir que s&#8217;ha demostrat cient\u00edficament molt positiu per al conreu de la vinya, amb un clima \u00f2ptim que confereix una alta acidesa al vi i que es tradueix en un vi m\u00e9s protegit i amb un alt potencial de guarda. Els monjos hospitalers ja ho intu\u00efren de manera emp\u00edrica.<\/p>\n<p style=\"color: #52534b; text-align: center;\"><em>\u201cL&#8217;envelliment del vi neix fruit d&#8217;una necessitat m\u00e9s que del plaer.\u201d<\/em><\/p>\n<p style=\"color: #52534b;\">La part rom\u00e0nica qued\u00e0 despoblada al segle XVIII, i ja el 1837 amb l&#8217;abolici\u00f3 del r\u00e8gim senyorial i la desamortitzaci\u00f3 de Madoz (1855), passa a mans privades.<\/p>\n<p style=\"color: #52534b;\">L&#8217;honestedat i estima per la nostra terra i els nostres costums ens empeny a recuperar la hist\u00f2ria de Castill\u00f3 d\u2019Enc\u00fas i preservar-ne el seu valor hist\u00f2ric, aix\u00ed com reprendre l\u2019\u00fas dels cups d\u2019origen medieval per fermentar els nostres vins i el cultiu de la vinya en aquesta zona.<\/p>\n<p>[\/et_pb_text][et_pb_text admin_label=&#8221;castill\u00f3 d&#8217;Enc\u00fas&#8221; module_class=&#8221;sigle_historia&#8221; _builder_version=&#8221;4.20.0&#8243; _module_preset=&#8221;default&#8221; text_font_size=&#8221;18px&#8221; text_line_height=&#8221;1.5em&#8221; header_2_font_size=&#8221;16px&#8221; header_3_font_size=&#8221;35px&#8221; hover_enabled=&#8221;0&#8243; header_2_font_size_tablet=&#8221;32px&#8221; header_2_font_size_phone=&#8221;25px&#8221; header_2_font_size_last_edited=&#8221;off|phone&#8221; header_3_font_size_tablet=&#8221;35px&#8221; header_3_font_size_phone=&#8221;25px&#8221; header_3_font_size_last_edited=&#8221;on|desktop&#8221; header_4_font_size_last_edited=&#8221;off|desktop&#8221; locked=&#8221;off&#8221; global_colors_info=&#8221;{}&#8221; sticky_enabled=&#8221;0&#8243;]<\/p>\n<h2 style=\"color: #979893;\">Castill\u00f3 d&#8217;Enc\u00fas<\/h2>\n<h3 style=\"color: #bfa660;\">A tangible past<\/h3>\n<p>&nbsp;<\/p>\n<p style=\"fcolor: #52534b;\">The ruins of an ancient castle and a monastery belonging to the monks of the Order of St. John of Jerusalem together with a hermitage, dating from the late Romanesque period (12th century), remain on the estate and explain part of our past.<\/p>\n<p>The starting point is the medieval settlement of Castill\u00f3 d\u2019Enc\u00fas (10th century), a strategic enclave for the disputes between the two regions of Pallars: Juss\u00e0 and Sobir\u00e0. It was not until the 12th century that it became more important thanks to the transfer of the territories to the monks of the Hospitallers of St. John. This order owned Castill\u00f3 d\u2019Enc\u00fas for seven centuries. After the abolition of the manorial regimes (1837) and the disentailment of Madoz (1855), the domains passed to the municipality of Talarn. The village was finally abandoned during the 20th century.<\/p>\n<p>The period under the religious rule of Castill\u00f3 d\u2019Enc\u00fas is of special relevance to us. The monks of the Order of Saint John were the first to see the potential of these lands and became the first winegrowers in Conca de Tremp. For this purpose, they dug a set of nine wine vats by hand in the limestone rocks near Castill\u00f3 d&#8217;Enc\u00fas, where they fermented the wine.<\/p>\n<p>Honesty and esteem for our land and culture drive us to recover the history of Castill\u00f3 d\u2019Enc\u00fas and to preserve its historical value. This is why we have revived the use of the medieval wine vats to ferment part of our wines and the cultivation of vines in this area. <\/p>\n<p>[\/et_pb_text][\/et_pb_column][et_pb_column type=&#8221;1_2&#8243; _builder_version=&#8221;4.17.6&#8243; _module_preset=&#8221;default&#8221; global_colors_info=&#8221;{}&#8221;][et_pb_text admin_label=&#8221;Slider &#8211; Un passat tangible&#8221; module_class=&#8221;carusel&#8221; _builder_version=&#8221;4.17.6&#8243; _module_preset=&#8221;default&#8221; background_enable_color=&#8221;off&#8221; custom_padding=&#8221;100px||100px||false|false&#8221; custom_padding_tablet=&#8221;50px||50px||false|false&#8221; custom_padding_phone=&#8221;50px||50px||false|false&#8221; custom_padding_last_edited=&#8221;on|tablet&#8221; global_colors_info=&#8221;{}&#8221; disabled_on=&#8221;on|on|on&#8221; disabled=&#8221;on&#8221;]<\/p>\n\n<p>[\/et_pb_text][et_pb_image _builder_version=&#8221;4.20.0&#8243; _module_preset=&#8221;default&#8221; alt=&#8221;Castell d&#8217;Encus vineyards and old farm&#8221; title_text=&#8221;Castell d&#8217;Encus vineyards and old farm&#8221; src=&#8221;https:\/\/castelldencus.com\/wp-content\/uploads\/2022\/09\/artitecturephoto_DSF2244_1-min_1-min.jpg&#8221; hover_enabled=&#8221;0&#8243; sticky_enabled=&#8221;0&#8243;][\/et_pb_image][\/et_pb_column][\/et_pb_row][et_pb_row column_structure=&#8221;1_2,1_2&#8243; module_class=&#8221;box_verde_segle&#8221; _builder_version=&#8221;4.17.6&#8243; _module_preset=&#8221;default&#8221; width=&#8221;100%&#8221; max_width=&#8221;100%&#8221; custom_padding=&#8221;0px||0px||false|false&#8221; global_colors_info=&#8221;{}&#8221;][et_pb_column type=&#8221;1_2&#8243; _builder_version=&#8221;4.17.6&#8243; _module_preset=&#8221;default&#8221; global_colors_info=&#8221;{}&#8221;][et_pb_text disabled_on=&#8221;on|on|on&#8221; admin_label=&#8221;Un poblat en ru\u00efnes de monjos de&#8230;&#8221; module_class=&#8221;sigle_historia&#8221; _builder_version=&#8221;4.18.0&#8243; _module_preset=&#8221;default&#8221; text_font_size=&#8221;18px&#8221; text_line_height=&#8221;1.5em&#8221; header_2_font_size=&#8221;32px&#8221; header_4_font_size=&#8221;16px&#8221; header_2_font_size_tablet=&#8221;32px&#8221; header_2_font_size_phone=&#8221;25px&#8221; header_2_font_size_last_edited=&#8221;on|phone&#8221; header_4_font_size_tablet=&#8221;&#8221; header_4_font_size_phone=&#8221;&#8221; header_4_font_size_last_edited=&#8221;on|desktop&#8221; disabled=&#8221;on&#8221; locked=&#8221;off&#8221; global_colors_info=&#8221;{}&#8221;]<\/p>\n<h4 style=\"color: #979893;\">UN COMPLEX DEL SEGLE XII<\/h4>\n<h2 style=\"color: #bfa660;\">Un passat tangible<\/h2>\n<p>&nbsp;<\/p>\n<p style=\"fcolor: #52534b;\">Un poblat en ru\u00efnes de monjos de l&#8217;ordre dels Hospitalers de Sant Joan juntament amb una ermita, els dos del per\u00edode tardorom\u00e0nic (segle XII) romanen a la finca i expliquen part del nostre passat.<\/p>\n<p style=\"color: #52534b;\">Un conjunt de 9 cups de fermentaci\u00f3 excavats a la pedra pels monjos, amb capacitat de 2 a 7 tones i orientats a la fermentaci\u00f3 del vi, mostren que des de temps immemorials la serra de la Costa Ampla ha sigut un lloc idoni per la producci\u00f3 de vi, que nom\u00e9s la fil\u00b7loxera i el despoblament rural progressiu van aturar.<\/p>\n<p style=\"color: #52534b;\">Un terroir que s&#8217;ha demostrat cient\u00edficament molt positiu per al conreu de la vinya, amb un clima \u00f2ptim que confereix una alta acidesa al vi i que es tradueix en un vi m\u00e9s protegit i amb un alt potencial de guarda. Els monjos hospitalers ja ho intu\u00efren de manera emp\u00edrica.<\/p>\n<p style=\"color: #52534b; text-align: center;\"><em>\u201cL&#8217;envelliment del vi neix fruit d&#8217;una necessitat m\u00e9s que del plaer.\u201d<\/em><\/p>\n<p style=\"color: #52534b;\">La part rom\u00e0nica qued\u00e0 despoblada al segle XVIII, i ja el 1837 amb l&#8217;abolici\u00f3 del r\u00e8gim senyorial i la desamortitzaci\u00f3 de Madoz (1855), passa a mans privades.<\/p>\n<p style=\"color: #52534b;\">L&#8217;honestedat i estima per la nostra terra i els nostres costums ens empeny a recuperar la hist\u00f2ria de Castill\u00f3 d\u2019Enc\u00fas i preservar-ne el seu valor hist\u00f2ric, aix\u00ed com reprendre l\u2019\u00fas dels cups d\u2019origen medieval per fermentar els nostres vins i el cultiu de la vinya en aquesta zona.<\/p>\n<p>[\/et_pb_text][et_pb_text admin_label=&#8221;uni\u00f3 passat i present&#8221; module_class=&#8221;sigle_historia&#8221; _builder_version=&#8221;4.20.0&#8243; _module_preset=&#8221;default&#8221; text_font_size=&#8221;18px&#8221; text_line_height=&#8221;1.5em&#8221; header_2_font_size=&#8221;16px&#8221; header_3_font_size=&#8221;35px&#8221; hover_enabled=&#8221;0&#8243; header_2_font_size_tablet=&#8221;32px&#8221; header_2_font_size_phone=&#8221;25px&#8221; header_2_font_size_last_edited=&#8221;off|phone&#8221; header_3_font_size_tablet=&#8221;35px&#8221; header_3_font_size_phone=&#8221;25px&#8221; header_3_font_size_last_edited=&#8221;on|desktop&#8221; header_4_font_size_last_edited=&#8221;off|desktop&#8221; locked=&#8221;off&#8221; global_colors_info=&#8221;{}&#8221; sticky_enabled=&#8221;0&#8243;]<\/p>\n<h2 style=\"color: #979893;\">Fermentation in rock<\/h2>\n<h3 style=\"color: #bfa660;\">Where past and present meet\u00a0<\/h3>\n<p>&nbsp;<\/p>\n<p style=\"fcolor: #52534b;\">We currently enjoy the legacy left to us by the Hospitaller monks of the Order of St. John, the first winegrowers in the area. We still have nine stone winepresses dug out of the rock by hand in the 12th century. Of these, six are used to ferment some of our wines, doing what we like best: harmonising history with technology and knowledge. Using wild yeasts and fermentation in stone to highlight the importance of nature, and that\u2019s how we obtain honest and genuine wines that reflect the landscape.<\/p>\n<p>[\/et_pb_text][\/et_pb_column][et_pb_column type=&#8221;1_2&#8243; _builder_version=&#8221;4.17.6&#8243; _module_preset=&#8221;default&#8221; global_colors_info=&#8221;{}&#8221;][et_pb_text admin_label=&#8221;Slider &#8211; Un passat tangible&#8221; module_class=&#8221;carusel&#8221; _builder_version=&#8221;4.17.6&#8243; _module_preset=&#8221;default&#8221; background_enable_color=&#8221;off&#8221; custom_padding=&#8221;100px||100px||false|false&#8221; custom_padding_tablet=&#8221;50px||50px||false|false&#8221; custom_padding_phone=&#8221;50px||50px||false|false&#8221; custom_padding_last_edited=&#8221;on|tablet&#8221; global_colors_info=&#8221;{}&#8221; disabled_on=&#8221;on|on|on&#8221; disabled=&#8221;on&#8221;]<\/p>\n\n<p>[\/et_pb_text][et_pb_image _builder_version=&#8221;4.20.0&#8243; _module_preset=&#8221;default&#8221; title_text=&#8221;IMG_2222&#8243; src=&#8221;https:\/\/castelldencus.com\/wp-content\/uploads\/2023\/10\/IMG_2222-scaled.jpg&#8221; hover_enabled=&#8221;0&#8243; sticky_enabled=&#8221;0&#8243;][\/et_pb_image][\/et_pb_column][\/et_pb_row][\/et_pb_section][et_pb_section fb_built=&#8221;1&#8243; disabled_on=&#8221;on|on|on&#8221; module_class=&#8221;box_azul_comillas&#8221; _builder_version=&#8221;4.17.6&#8243; _module_preset=&#8221;default&#8221; disabled=&#8221;on&#8221; global_colors_info=&#8221;{}&#8221;][et_pb_row module_class=&#8221;box_verde_comillas&#8221; _builder_version=&#8221;4.17.6&#8243; _module_preset=&#8221;default&#8221; width=&#8221;95%&#8221; max_width=&#8221;100%&#8221; global_colors_info=&#8221;{}&#8221;][et_pb_column type=&#8221;4_4&#8243; _builder_version=&#8221;4.17.6&#8243; _module_preset=&#8221;default&#8221; global_colors_info=&#8221;{}&#8221;][et_pb_text content_last_edited=&#8221;off|desktop&#8221; disabled_on=&#8221;on|on|on&#8221; admin_label=&#8221;IMG&#8221; _builder_version=&#8221;4.17.6&#8243; _module_preset=&#8221;default&#8221; custom_margin=&#8221;||0px||false|false&#8221; disabled=&#8221;on&#8221; global_colors_info=&#8221;{}&#8221;]<\/p>\n<p><img decoding=\"async\" class=\"aligncenter wp-image-200 size-full\" src=\"https:\/\/castelldencus.com\/wp-content\/uploads\/2022\/08\/CUP-LOGO-FERMENTANT-scaled.jpg\" alt=\"\" width=\"2560\" height=\"1920\" \/><\/p>\n<p>[\/et_pb_text][et_pb_text content_last_edited=&#8221;off|desktop&#8221; admin_label=&#8221;IMG&#8221; _builder_version=&#8221;4.17.6&#8243; _module_preset=&#8221;default&#8221; custom_margin=&#8221;||0px||false|false&#8221; global_colors_info=&#8221;{}&#8221;]<\/p>\n<p><img decoding=\"async\" class=\"aligncenter wp-image-2072 size-full\" src=\"https:\/\/castelldencus.com\/wp-content\/uploads\/2022\/08\/artitecturephoto_DSF1946_1.jpg\" alt=\"\" width=\"2500\" height=\"1667\" srcset=\"https:\/\/castelldencus.com\/wp-content\/uploads\/2022\/08\/artitecturephoto_DSF1946_1.jpg 2500w, https:\/\/castelldencus.com\/wp-content\/uploads\/2022\/08\/L-artitecturephoto_DSF5507-1280x854.jpg 1280w, https:\/\/castelldencus.com\/wp-content\/uploads\/2022\/08\/L-artitecturephoto_DSF5507-980x653.jpg 980w, https:\/\/castelldencus.com\/wp-content\/uploads\/2022\/08\/L-artitecturephoto_DSF5507-480x320.jpg 480w\" sizes=\"(min-width: 0px) and (max-width: 480px) 480px, (min-width: 481px) and (max-width: 980px) 980px, (min-width: 981px) and (max-width: 1280px) 1280px, (min-width: 1281px) 2500px, 100vw\" \/><\/p>\n<p>[\/et_pb_text][\/et_pb_column][\/et_pb_row][\/et_pb_section][et_pb_section fb_built=&#8221;1&#8243; module_class=&#8221;box_azul_comillas&#8221; _builder_version=&#8221;4.17.6&#8243; _module_preset=&#8221;default&#8221; locked=&#8221;off&#8221; global_colors_info=&#8221;{}&#8221;][et_pb_row module_class=&#8221;box_verde_comillas&#8221; _builder_version=&#8221;4.17.6&#8243; _module_preset=&#8221;default&#8221; width=&#8221;100%&#8221; max_width=&#8221;100%&#8221; global_colors_info=&#8221;{}&#8221;][et_pb_column type=&#8221;4_4&#8243; _builder_version=&#8221;4.17.6&#8243; _module_preset=&#8221;default&#8221; global_colors_info=&#8221;{}&#8221;][et_pb_text content_last_edited=&#8221;off|desktop&#8221; admin_label=&#8221;IMG&#8221; _builder_version=&#8221;4.18.0&#8243; _module_preset=&#8221;default&#8221; custom_margin=&#8221;||0px||false|false&#8221; global_colors_info=&#8221;{}&#8221;]<\/p>\n<p><img decoding=\"async\" class=\"aligncenter wp-image-1838 size-full\" src=\"https:\/\/castelldencus.com\/wp-content\/uploads\/2022\/08\/artitecturephoto_DSF1946_1.jpg\" alt=\"\" width=\"2560\" height=\"1707\" \/><\/p>\n<p>[\/et_pb_text][et_pb_text content_last_edited=&#8221;off|desktop&#8221; disabled_on=&#8221;on|on|on&#8221; module_class=&#8221;comillas&#8221; _builder_version=&#8221;4.18.0&#8243; _module_preset=&#8221;default&#8221; header_2_font_size=&#8221;20px&#8221; header_2_line_height=&#8221;1.3em&#8221; background_color=&#8221;#f2f2f2&#8243; width=&#8221;50%&#8221; width_tablet=&#8221;95%&#8221; width_phone=&#8221;100%&#8221; width_last_edited=&#8221;on|phone&#8221; module_alignment=&#8221;center&#8221; custom_margin=&#8221;-100px||||false|false&#8221; custom_padding=&#8221;50px|50px|50px|50px|false|false&#8221; header_2_font_size_tablet=&#8221;16px&#8221; header_2_font_size_phone=&#8221;16px&#8221; header_2_font_size_last_edited=&#8221;on|tablet&#8221; disabled=&#8221;on&#8221; global_colors_info=&#8221;{}&#8221;]<\/p>\n<h2 style=\"text-align: center; color: #272724;\"><i class=\"fa fa-quote-left\" style=\"font-size: 20px;\"><\/i>Aging wine is more the result of a need rather than a pleasure.<i class=\"fa fa-quote-right\" style=\"font-size: 20px;\"><\/i><\/h2>\n<p>[\/et_pb_text][\/et_pb_column][\/et_pb_row][\/et_pb_section]<\/p>\n","protected":false},"excerpt":{"rendered":"<p>FROM THE ROMANESQUE PERIOD TO PRESENT DAY &nbsp; A unique history &nbsp; &nbsp; A chapel and a Romanesque village with its stone carved fermenters on a hill constitute an amazing and magical environment, where wine legacy is evident.FROM THE ROMANESQUE PERIOD TO PRESENT DAY &nbsp; A unique history &nbsp; &nbsp; A chapel and a Romanesque [&hellip;]<\/p>\n","protected":false},"author":6,"featured_media":0,"parent":0,"menu_order":0,"comment_status":"closed","ping_status":"closed","template":"","meta":{"_et_pb_use_builder":"on","_et_pb_old_content":"","_et_gb_content_width":"","footnotes":""},"class_list":["post-3742","page","type-page","status-publish","hentry"],"yoast_head":"<!-- This site is optimized with the Yoast SEO plugin v28.1 - https:\/\/yoast.com\/product\/yoast-seo-wordpress\/ -->\n<title>HISTORY - Castell d\u2019Encus<\/title>\n<meta name=\"robots\" content=\"index, follow, max-snippet:-1, max-image-preview:large, max-video-preview:-1\" \/>\n<link rel=\"canonical\" href=\"https:\/\/castelldencus.com\/en\/history\/\" \/>\n<meta property=\"og:locale\" content=\"en_US\" \/>\n<meta property=\"og:type\" content=\"article\" \/>\n<meta property=\"og:title\" content=\"HISTORY - Castell d\u2019Encus\" \/>\n<meta property=\"og:description\" content=\"FROM THE ROMANESQUE PERIOD TO PRESENT DAY &nbsp; A unique history &nbsp; &nbsp; A chapel and a Romanesque village with its stone carved fermenters on a hill constitute an amazing and magical environment, where wine legacy is evident.FROM THE ROMANESQUE PERIOD TO PRESENT DAY &nbsp; A unique history &nbsp; &nbsp; A chapel and a Romanesque [&hellip;]\" \/>\n<meta property=\"og:url\" content=\"https:\/\/castelldencus.com\/en\/history\/\" \/>\n<meta property=\"og:site_name\" content=\"Castell d\u2019Encus\" \/>\n<meta property=\"article:modified_time\" content=\"2023-10-30T09:27:11+00:00\" \/>\n<meta property=\"og:image\" content=\"https:\/\/castelldencus.com\/wp-content\/uploads\/2022\/09\/L-artitecturephotoDJI_0093_1-min_1-min.jpg\" \/>\n<meta name=\"twitter:card\" content=\"summary_large_image\" \/>\n<meta name=\"twitter:label1\" content=\"Est. reading time\" \/>\n\t<meta name=\"twitter:data1\" content=\"6 minutes\" \/>\n<script type=\"application\/ld+json\" class=\"yoast-schema-graph\">{\"@context\":\"https:\\\/\\\/schema.org\",\"@graph\":[{\"@type\":\"WebPage\",\"@id\":\"https:\\\/\\\/castelldencus.com\\\/en\\\/history\\\/\",\"url\":\"https:\\\/\\\/castelldencus.com\\\/en\\\/history\\\/\",\"name\":\"HISTORY - Castell d\u2019Encus\",\"isPartOf\":{\"@id\":\"https:\\\/\\\/castelldencus.com\\\/#website\"},\"primaryImageOfPage\":{\"@id\":\"https:\\\/\\\/castelldencus.com\\\/en\\\/history\\\/#primaryimage\"},\"image\":{\"@id\":\"https:\\\/\\\/castelldencus.com\\\/en\\\/history\\\/#primaryimage\"},\"thumbnailUrl\":\"https:\\\/\\\/castelldencus.com\\\/wp-content\\\/uploads\\\/2022\\\/09\\\/L-artitecturephotoDJI_0093_1-min_1-min.jpg\",\"datePublished\":\"2022-08-01T12:48:19+00:00\",\"dateModified\":\"2023-10-30T09:27:11+00:00\",\"breadcrumb\":{\"@id\":\"https:\\\/\\\/castelldencus.com\\\/en\\\/history\\\/#breadcrumb\"},\"inLanguage\":\"en-US\",\"potentialAction\":[{\"@type\":\"ReadAction\",\"target\":[\"https:\\\/\\\/castelldencus.com\\\/en\\\/history\\\/\"]}]},{\"@type\":\"ImageObject\",\"inLanguage\":\"en-US\",\"@id\":\"https:\\\/\\\/castelldencus.com\\\/en\\\/history\\\/#primaryimage\",\"url\":\"https:\\\/\\\/castelldencus.com\\\/wp-content\\\/uploads\\\/2022\\\/09\\\/L-artitecturephotoDJI_0093_1-min_1-min.jpg\",\"contentUrl\":\"https:\\\/\\\/castelldencus.com\\\/wp-content\\\/uploads\\\/2022\\\/09\\\/L-artitecturephotoDJI_0093_1-min_1-min.jpg\"},{\"@type\":\"BreadcrumbList\",\"@id\":\"https:\\\/\\\/castelldencus.com\\\/en\\\/history\\\/#breadcrumb\",\"itemListElement\":[{\"@type\":\"ListItem\",\"position\":1,\"name\":\"Home\",\"item\":\"https:\\\/\\\/castelldencus.com\\\/en\\\/\"},{\"@type\":\"ListItem\",\"position\":2,\"name\":\"HISTORY\"}]},{\"@type\":\"WebSite\",\"@id\":\"https:\\\/\\\/castelldencus.com\\\/#website\",\"url\":\"https:\\\/\\\/castelldencus.com\\\/\",\"name\":\"Castell d\u2019Encus\",\"description\":\"Celler | Castell d&#039;Encus | Catalu\u00f1a\",\"potentialAction\":[{\"@type\":\"SearchAction\",\"target\":{\"@type\":\"EntryPoint\",\"urlTemplate\":\"https:\\\/\\\/castelldencus.com\\\/?s={search_term_string}\"},\"query-input\":{\"@type\":\"PropertyValueSpecification\",\"valueRequired\":true,\"valueName\":\"search_term_string\"}}],\"inLanguage\":\"en-US\"}]}<\/script>\n<!-- \/ Yoast SEO plugin. -->","yoast_head_json":{"title":"HISTORY - Castell d\u2019Encus","robots":{"index":"index","follow":"follow","max-snippet":"max-snippet:-1","max-image-preview":"max-image-preview:large","max-video-preview":"max-video-preview:-1"},"canonical":"https:\/\/castelldencus.com\/en\/history\/","og_locale":"en_US","og_type":"article","og_title":"HISTORY - Castell d\u2019Encus","og_description":"FROM THE ROMANESQUE PERIOD TO PRESENT DAY &nbsp; A unique history &nbsp; &nbsp; A chapel and a Romanesque village with its stone carved fermenters on a hill constitute an amazing and magical environment, where wine legacy is evident.FROM THE ROMANESQUE PERIOD TO PRESENT DAY &nbsp; A unique history &nbsp; &nbsp; A chapel and a Romanesque [&hellip;]","og_url":"https:\/\/castelldencus.com\/en\/history\/","og_site_name":"Castell d\u2019Encus","article_modified_time":"2023-10-30T09:27:11+00:00","og_image":[{"url":"https:\/\/castelldencus.com\/wp-content\/uploads\/2022\/09\/L-artitecturephotoDJI_0093_1-min_1-min.jpg","type":"","width":"","height":""}],"twitter_card":"summary_large_image","twitter_misc":{"Est. reading time":"6 minutes"},"schema":{"@context":"https:\/\/schema.org","@graph":[{"@type":"WebPage","@id":"https:\/\/castelldencus.com\/en\/history\/","url":"https:\/\/castelldencus.com\/en\/history\/","name":"HISTORY - Castell d\u2019Encus","isPartOf":{"@id":"https:\/\/castelldencus.com\/#website"},"primaryImageOfPage":{"@id":"https:\/\/castelldencus.com\/en\/history\/#primaryimage"},"image":{"@id":"https:\/\/castelldencus.com\/en\/history\/#primaryimage"},"thumbnailUrl":"https:\/\/castelldencus.com\/wp-content\/uploads\/2022\/09\/L-artitecturephotoDJI_0093_1-min_1-min.jpg","datePublished":"2022-08-01T12:48:19+00:00","dateModified":"2023-10-30T09:27:11+00:00","breadcrumb":{"@id":"https:\/\/castelldencus.com\/en\/history\/#breadcrumb"},"inLanguage":"en-US","potentialAction":[{"@type":"ReadAction","target":["https:\/\/castelldencus.com\/en\/history\/"]}]},{"@type":"ImageObject","inLanguage":"en-US","@id":"https:\/\/castelldencus.com\/en\/history\/#primaryimage","url":"https:\/\/castelldencus.com\/wp-content\/uploads\/2022\/09\/L-artitecturephotoDJI_0093_1-min_1-min.jpg","contentUrl":"https:\/\/castelldencus.com\/wp-content\/uploads\/2022\/09\/L-artitecturephotoDJI_0093_1-min_1-min.jpg"},{"@type":"BreadcrumbList","@id":"https:\/\/castelldencus.com\/en\/history\/#breadcrumb","itemListElement":[{"@type":"ListItem","position":1,"name":"Home","item":"https:\/\/castelldencus.com\/en\/"},{"@type":"ListItem","position":2,"name":"HISTORY"}]},{"@type":"WebSite","@id":"https:\/\/castelldencus.com\/#website","url":"https:\/\/castelldencus.com\/","name":"Castell d\u2019Encus","description":"Celler | Castell d&#039;Encus | Catalu\u00f1a","potentialAction":[{"@type":"SearchAction","target":{"@type":"EntryPoint","urlTemplate":"https:\/\/castelldencus.com\/?s={search_term_string}"},"query-input":{"@type":"PropertyValueSpecification","valueRequired":true,"valueName":"search_term_string"}}],"inLanguage":"en-US"}]}},"rttpg_featured_image_url":null,"rttpg_author":{"display_name":"Admin Evotic","author_link":"https:\/\/castelldencus.com\/en\/author\/administrador\/"},"rttpg_comment":0,"rttpg_category":" <a href=\"https:\/\/castelldencus.com\/en\/?taxonomy=translation_priority&#038;term=optional-en\" rel=\"tag\">Optional<\/a>","rttpg_excerpt":"FROM THE ROMANESQUE PERIOD TO PRESENT DAY &nbsp; A unique history &nbsp; &nbsp; A chapel and a Romanesque village with its stone carved fermenters on a hill constitute an amazing and magical environment, where wine legacy is evident.FROM THE ROMANESQUE PERIOD TO PRESENT DAY &nbsp; A unique history &nbsp; &nbsp; A chapel and a Romanesque&hellip;","_links":{"self":[{"href":"https:\/\/castelldencus.com\/en\/wp-json\/wp\/v2\/pages\/3742","targetHints":{"allow":["GET"]}}],"collection":[{"href":"https:\/\/castelldencus.com\/en\/wp-json\/wp\/v2\/pages"}],"about":[{"href":"https:\/\/castelldencus.com\/en\/wp-json\/wp\/v2\/types\/page"}],"author":[{"embeddable":true,"href":"https:\/\/castelldencus.com\/en\/wp-json\/wp\/v2\/users\/6"}],"replies":[{"embeddable":true,"href":"https:\/\/castelldencus.com\/en\/wp-json\/wp\/v2\/comments?post=3742"}],"version-history":[{"count":0,"href":"https:\/\/castelldencus.com\/en\/wp-json\/wp\/v2\/pages\/3742\/revisions"}],"wp:attachment":[{"href":"https:\/\/castelldencus.com\/en\/wp-json\/wp\/v2\/media?parent=3742"}],"curies":[{"name":"wp","href":"https:\/\/api.w.org\/{rel}","templated":true}]}}