{"id":8034,"date":"2022-08-03T07:19:10","date_gmt":"2022-08-03T07:19:10","guid":{"rendered":"https:\/\/castelldencus.com\/vins\/"},"modified":"2024-10-12T08:48:31","modified_gmt":"2024-10-12T08:48:31","slug":"weine","status":"publish","type":"page","link":"https:\/\/castelldencus.com\/de\/weine\/","title":{"rendered":"WEINE"},"content":{"rendered":"<p>[et_pb_section fb_built=&#8221;1&#8243; module_class=&#8221;box_azul_comillas-vins&#8221; _builder_version=&#8221;4.17.6&#8243; _module_preset=&#8221;default&#8221; custom_padding=&#8221;0px||0px||false|false&#8221; locked=&#8221;off&#8221; global_colors_info=&#8221;{}&#8221;][et_pb_row disabled_on=&#8221;on|on|off&#8221; module_class=&#8221;box_verde_comillas-vins&#8221; _builder_version=&#8221;4.17.6&#8243; _module_preset=&#8221;default&#8221; width=&#8221;100%&#8221; max_width=&#8221;100%&#8221; custom_padding=&#8221;0px||0px||false|false&#8221; global_colors_info=&#8221;{}&#8221;][et_pb_column type=&#8221;4_4&#8243; _builder_version=&#8221;4.17.6&#8243; _module_preset=&#8221;default&#8221; global_colors_info=&#8221;{}&#8221;][et_pb_text content_last_edited=&#8221;off|desktop&#8221; admin_label=&#8221;IMG&#8221; _builder_version=&#8221;4.20.0&#8243; _module_preset=&#8221;default&#8221; custom_margin=&#8221;||0px||false|false&#8221; global_colors_info=&#8221;{}&#8221;]<\/p>\n<p><img decoding=\"async\" class=\"aligncenter wp-image-2115 size-full\" title=\"Ampolles de tots els vins\" src=\"https:\/\/castelldencus.com\/wp-content\/uploads\/2022\/08\/Botellas-ok_1-e1698060072726.jpg\" alt=\"Ampolles de tots els vins de Castell d'Encus: Ekam, Ekam Ess\u00e8ncia, Taleia, Taleia Brisat, Jhana, Taika, Majjan, Acusp,Thalarn, Quest, Saktih\" width=\"2500\" height=\"1375\" \/><\/p>\n<p>[\/et_pb_text][et_pb_text content_last_edited=&#8221;off|desktop&#8221; admin_label=&#8221;Texto con comillas&#8221; module_class=&#8221;comillas&#8221; _builder_version=&#8221;4.20.0&#8243; _module_preset=&#8221;default&#8221; header_2_font_size=&#8221;20px&#8221; header_2_line_height=&#8221;1.3em&#8221; background_color=&#8221;#f2f2f2&#8243; width=&#8221;50%&#8221; width_tablet=&#8221;95%&#8221; width_phone=&#8221;100%&#8221; width_last_edited=&#8221;on|phone&#8221; module_alignment=&#8221;center&#8221; custom_margin=&#8221;||0px||false|false&#8221; custom_padding=&#8221;50px|50px|50px|50px|false|false&#8221; header_2_font_size_tablet=&#8221;15px&#8221; header_2_font_size_phone=&#8221;13px&#8221; header_2_font_size_last_edited=&#8221;on|phone&#8221; global_colors_info=&#8221;{}&#8221;]<\/p>\n<h1 style=\"color: #bfa660; text-align: center;\">Signature-Weine  <em>von Ra\u00fcl Bobet<\/em><\/h1>\n<h2 style=\"text-align: center; color: #272724;\"><i class=\"fa fa-quote-left\" style=\"font-size: 20px;\"><\/i>Wir wollen Weine mit klarer Stilistik produzieren. Den Erhalt von Frische als R\u00fcckgrat und das Vermeiden von \u00dcberreife und \u00dcberextraktion. Wir streben nach Eleganz und Subtilit\u04d3t, ohne dabei die Komplexit\u04d3t und Harmonie unserer Weine zu vernachl\u04d3ssigen. Ohne Zweifel spielt dabei die Qualit\u04d3t der Trauben eine der wichtigsten Rolle.<i class=\"fa fa-quote-right\" style=\"font-size: 20px;\"><\/i><\/h2>\n<p>[\/et_pb_text][\/et_pb_column][\/et_pb_row][et_pb_row disabled_on=&#8221;off|off|on&#8221; _builder_version=&#8221;4.18.0&#8243; _module_preset=&#8221;default&#8221; width=&#8221;100%&#8221; max_width=&#8221;100%&#8221; custom_padding=&#8221;0px||0px||false|false&#8221; global_colors_info=&#8221;{}&#8221;][et_pb_column type=&#8221;4_4&#8243; _builder_version=&#8221;4.17.6&#8243; _module_preset=&#8221;default&#8221; global_colors_info=&#8221;{}&#8221;][et_pb_text content_last_edited=&#8221;off|desktop&#8221; admin_label=&#8221;IMG&#8221; _builder_version=&#8221;4.20.0&#8243; _module_preset=&#8221;default&#8221; custom_margin=&#8221;||0px||false|false&#8221; global_colors_info=&#8221;{}&#8221;]<\/p>\n<p><img decoding=\"async\" class=\"aligncenter wp-image-2115 size-full\" title=\"Ampolles de tots els vins\" src=\"https:\/\/castelldencus.com\/wp-content\/uploads\/2022\/08\/Botellas-ok_1-e1697717012534.jpg\" alt=\"Ampolles de tots els vins de Castell d'Encus: Ekam, Ekam Ess\u00e8ncia, Taleia, Taleia Brisat, Jhana, Taika, Majjan, Acusp,Thalarn, Quest, Saktih\" width=\"2493\" height=\"1112\" \/><\/p>\n<p>[\/et_pb_text][et_pb_text content_last_edited=&#8221;off|desktop&#8221; disabled_on=&#8221;off|off|off&#8221; admin_label=&#8221;Texto con comillas&#8221; module_class=&#8221;comillas&#8221; _builder_version=&#8221;4.20.0&#8243; _module_preset=&#8221;default&#8221; header_2_font_size=&#8221;20px&#8221; header_2_line_height=&#8221;1.3em&#8221; background_color=&#8221;#FFFFFF&#8221; width=&#8221;50%&#8221; width_tablet=&#8221;95%&#8221; width_phone=&#8221;100%&#8221; width_last_edited=&#8221;on|phone&#8221; module_alignment=&#8221;center&#8221; custom_margin=&#8221;||0px||false|false&#8221; custom_padding=&#8221;50px|50px|50px|50px|false|false&#8221; header_2_font_size_tablet=&#8221;15px&#8221; header_2_font_size_phone=&#8221;13px&#8221; header_2_font_size_last_edited=&#8221;on|phone&#8221; global_colors_info=&#8221;{}&#8221;]<\/p>\n<h1 style=\"color: #bfa660; text-align: center;\">Signature-Weine <\/h1>\n<h1 style=\"color: #bfa660; text-align: center;\"><em>von Ra\u00fcl Bobet<\/em><\/h1>\n<h2 style=\"text-align: center; color: #272724;\"><i class=\"fa fa-quote-left\" style=\"font-size: 20px;\">\u200b<\/i>Wir wollen Weine mit klarer Stilistik produzieren. Den Erhalt von Frische als R\u00fcckgrat und das Vermeiden von \u00dcberreife und \u00dcberextraktion. Wir streben nach Eleganz und Subtilit\u04d3t, ohne dabei die Komplexit\u04d3t und Harmonie unserer Weine zu vernachl\u04d3ssigen. Ohne Zweifel spielt dabei die Qualit\u04d3t der Trauben eine der wichtigsten Rolle.<i class=\"fa fa-quote-right\" style=\"font-size: 20px;\"><\/i><\/h2>\n<p>[\/et_pb_text][\/et_pb_column][\/et_pb_row][\/et_pb_section][et_pb_section fb_built=&#8221;1&#8243; disabled_on=&#8221;on|on|on&#8221; module_class=&#8221;box_azul_projecte&#8221; _builder_version=&#8221;4.17.6&#8243; _module_preset=&#8221;default&#8221; custom_padding=&#8221;0px||||false|false&#8221; disabled=&#8221;on&#8221; locked=&#8221;off&#8221; global_colors_info=&#8221;{}&#8221;][et_pb_row column_structure=&#8221;1_2,1_2&#8243; disabled_on=&#8221;on|on|off&#8221; module_class=&#8221;box_verde_projecte sticky&#8221; _builder_version=&#8221;4.17.6&#8243; _module_preset=&#8221;default&#8221; width=&#8221;100%&#8221; max_width=&#8221;100%&#8221; custom_padding=&#8221;0px||0px||false|false&#8221; global_colors_info=&#8221;{}&#8221;][et_pb_column type=&#8221;1_2&#8243; _builder_version=&#8221;4.17.6&#8243; _module_preset=&#8221;default&#8221; global_colors_info=&#8221;{}&#8221;][et_pb_text admin_label=&#8221;ELS VINS + texto&#8221; module_class=&#8221;projecte&#8221; _builder_version=&#8221;4.20.0&#8243; _module_preset=&#8221;default&#8221; text_font_size=&#8221;20px&#8221; text_line_height=&#8221;1em&#8221; header_2_font_size=&#8221;16px&#8221; header_2_line_height=&#8221;0.8em&#8221; header_3_font_size=&#8221;60px&#8221; custom_margin=&#8221;||0px||false|false&#8221; custom_padding=&#8221;100px||||false|false&#8221; custom_padding_tablet=&#8221;50px|50px||50px|false|false&#8221; custom_padding_phone=&#8221;25px|25px||25px|false|false&#8221; custom_padding_last_edited=&#8221;on|phone&#8221; text_font_size_phone=&#8221;16px&#8221; text_font_size_last_edited=&#8221;off|tablet&#8221; text_line_height_tablet=&#8221;1em&#8221; text_line_height_phone=&#8221;1.5em&#8221; text_line_height_last_edited=&#8221;on|phone&#8221; header_2_font_size_tablet=&#8221;32px&#8221; header_2_font_size_phone=&#8221;25px&#8221; header_2_font_size_last_edited=&#8221;off|desktop&#8221; header_3_font_size_tablet=&#8221;32px&#8221; header_3_font_size_phone=&#8221;25px&#8221; header_3_font_size_last_edited=&#8221;on|phone&#8221; header_4_font_size_last_edited=&#8221;off|phone&#8221; global_colors_info=&#8221;{}&#8221;]<\/p>\n<h2 style=\"color: #bfa660; text-align: center;\">VINS<\/h2>\n<p>&nbsp;<\/p>\n<h3 style=\"text-align: center; color: #272724;\">El fruit del nostre<\/h3>\n<h3 style=\"text-align: center; color: #272724;\">esfor\u00e7<\/h3>\n<p>&nbsp;<\/p>\n<p>&nbsp;<\/p>\n<p style=\"text-align: center; color: #52534b;\">Tots els vins estan elaborats en petits lots amb la finalitat<\/p>\n<p style=\"text-align: center; color: #52534b;\">de respectar la seva tra\u00e7abilitat i poder crear els assemblatges<\/p>\n<p style=\"text-align: center; color: #52534b;\">idonis, aix\u00ed com tenir una bona base per poder fer-hi<\/p>\n<p style=\"text-align: center; color: #52534b;\">recerca, un dels pilars del celler.<\/p>\n<p>[\/et_pb_text][et_pb_text disabled_on=&#8221;on|on|on&#8221; admin_label=&#8221;Els vins que elaborem a Castell d\u2019Encus&#8230; PC&#8221; module_class=&#8221;projecte&#8221; _builder_version=&#8221;4.18.0&#8243; _module_preset=&#8221;default&#8221; text_font_size=&#8221;18px&#8221; text_line_height=&#8221;1em&#8221; custom_padding=&#8221;|100px||100px|false|false&#8221; custom_padding_tablet=&#8221;|50px||50px|false|false&#8221; custom_padding_phone=&#8221;|25px||25px|false|false&#8221; custom_padding_last_edited=&#8221;on|phone&#8221; disabled=&#8221;on&#8221; global_colors_info=&#8221;{}&#8221;]<\/p>\n<p>&nbsp;<\/p>\n<p>&nbsp;<\/p>\n<p>&nbsp;<\/p>\n<p>&nbsp;<\/p>\n<p>&nbsp;<\/p>\n<p>&nbsp;<\/p>\n<p>&nbsp;<\/p>\n<p>&nbsp;<\/p>\n<p>&nbsp;<\/p>\n<p>&nbsp;<\/p>\n<p>&nbsp;<\/p>\n<p>&nbsp;<\/p>\n<p>&nbsp;<\/p>\n<p>&nbsp;<\/p>\n<p>&nbsp;<\/p>\n<p>&nbsp;<\/p>\n<p>&nbsp;<\/p>\n<p>&nbsp;<\/p>\n<p>&nbsp;<\/p>\n<p>&nbsp;<\/p>\n<p>&nbsp;<\/p>\n<p>&nbsp;<\/p>\n<p>&nbsp;<\/p>\n<p>&nbsp;<\/p>\n<p>&nbsp;<\/p>\n<p>&nbsp;<\/p>\n<p>&nbsp;<\/p>\n<p style=\"color: #52534b;\">Els vins que elaborem a Castell d\u2019Encus provenen <u>\u00fanicament de<\/p>\n<p style=\"color: #52534b;\">ra\u00efm de les nostres vinyes<\/u> i estan elaborats exclusivament a les nostres<\/p>\n<p style=\"color: #52534b;\">instal\u00b7lacions, les quals funcionen per gravetat, sense la utilitzaci\u00f3 de bombes<\/p>\n<p style=\"color: #52534b;\">en els processos de moviment de s\u00f2lids, evitant d\u2019aquesta manera els indesitjats<\/p>\n<p style=\"color: #52534b;\">efectes del trencament de les llavors i aconseguint aix\u00ed un millor control de la<\/p>\n<p style=\"color: #52534b;\">qualitat de les pells.<\/p>\n<p>&nbsp;<\/p>\n<p style=\"color: #52534b;\">Les fermentacions es realitzen en diferents materials com cups de pedra del<\/p>\n<p style=\"color: #52534b;\">segle XII, tines d\u2019acer inoxidable i <em>foudres <\/em>o botes de roure franc\u00e8s.<\/p>\n<p style=\"color: #52534b;\">Tota aquesta varietat ens permet dotar els vins de diferents tonalitats<\/p>\n<p style=\"color: #52534b;\">i matisos, fent una vinificaci\u00f3 diferenciada i \u00fanica.<\/p>\n<p>&nbsp;<\/p>\n<p style=\"color: #52534b;\">Vins blancs, negres, rosats, escumosos ancestrals, dol\u00e7os i semidol\u00e7os<\/p>\n<p style=\"color: #52534b;\">resumeixen l&#8217;ambici\u00f3 del celler. Moltes varietats, molts met\u00f2des: un mateix estil.<\/p>\n<p>&nbsp;<\/p>\n<p>&nbsp;<\/p>\n<p>&nbsp;<\/p>\n<p>[\/et_pb_text][et_pb_text disabled_on=&#8221;on|on|on&#8221; admin_label=&#8221;Els vins que elaborem a Castell d\u2019Encus&#8230; TABLET\/MOVIL&#8221; module_class=&#8221;projecte&#8221; _builder_version=&#8221;4.18.0&#8243; _module_preset=&#8221;default&#8221; text_font_size=&#8221;18px&#8221; text_line_height=&#8221;1em&#8221; custom_padding=&#8221;|100px||100px|false|false&#8221; custom_padding_tablet=&#8221;|50px||50px|false|false&#8221; custom_padding_phone=&#8221;|25px||25px|false|false&#8221; custom_padding_last_edited=&#8221;on|phone&#8221; disabled=&#8221;on&#8221; global_colors_info=&#8221;{}&#8221;]<\/p>\n<p>&nbsp;<\/p>\n<p style=\"color: #52534b;\">Els vins que elaborem a Castell d\u2019Encus provenen <u>\u00fanicament de<\/p>\n<p style=\"color: #52534b;\">ra\u00efm de les nostres vinyes<\/u> i estan elaborats exclusivament a les nostres<\/p>\n<p style=\"color: #52534b;\">instal\u00b7lacions, les quals funcionen per gravetat, sense la utilitzaci\u00f3 de bombes<\/p>\n<p style=\"color: #52534b;\">en els processos de moviment de s\u00f2lids, evitant d\u2019aquesta manera els indesitjats<\/p>\n<p style=\"color: #52534b;\">efectes del trencament de les llavors i aconseguint aix\u00ed un millor control de la<\/p>\n<p style=\"color: #52534b;\">qualitat de les pells.<\/p>\n<p>&nbsp;<\/p>\n<p style=\"color: #52534b;\">Les fermentacions es realitzen en diferents materials com cups de pedra del<\/p>\n<p style=\"color: #52534b;\">segle XII, tines d\u2019acer inoxidable i <em>foudres <\/em>o botes de roure franc\u00e8s.<\/p>\n<p style=\"color: #52534b;\">Tota aquesta varietat ens permet dotar els vins de diferents tonalitats<\/p>\n<p style=\"color: #52534b;\">i matisos, fent una vinificaci\u00f3 diferenciada i \u00fanica.<\/p>\n<p>&nbsp;<\/p>\n<p style=\"color: #52534b;\">Vins blancs, negres, rosats, escumosos ancestrals, dol\u00e7os i semidol\u00e7os<\/p>\n<p style=\"color: #52534b;\">resumeixen l&#8217;ambici\u00f3 del celler. Moltes varietats, molts met\u00f2des: un mateix estil.<\/p>\n<p>&nbsp;<\/p>\n<p>&nbsp;<\/p>\n<p>&nbsp;<\/p>\n<p>[\/et_pb_text][et_pb_text disabled_on=&#8221;on|on|off&#8221; admin_label=&#8221;Els vins que elaborem a Castell d\u2019Encus&#8230; PC&#8221; module_class=&#8221;projecte&#8221; _builder_version=&#8221;4.20.0&#8243; _module_preset=&#8221;default&#8221; text_font_size=&#8221;18px&#8221; text_line_height=&#8221;1em&#8221; custom_padding=&#8221;|100px||100px|false|false&#8221; custom_padding_tablet=&#8221;|50px||50px|false|false&#8221; custom_padding_phone=&#8221;|25px||25px|false|false&#8221; custom_padding_last_edited=&#8221;on|phone&#8221; global_colors_info=&#8221;{}&#8221;]<\/p>\n<p>&nbsp;<\/p>\n<p><!--&nbsp; &nbsp; &nbsp; &nbsp; &nbsp; &nbsp; &nbsp; &nbsp; &nbsp; --><\/p>\n<p style=\"color: #52534b; line-height: 30px;\">Els vins que elaborem a Castell d\u2019Encus provenen \u00fanicament de ra\u00efm de les nostres vinyes i estan elaborats exclusivament a les nostres instal\u00b7lacions, les quals funcionen per gravetat, sense la utilitzaci\u00f3 de bombes en els processos de moviment de s\u00f2lids, evitant d\u2019aquesta manera els indesitjats efectes del trencament de les llavors i aconseguint aix\u00ed un millor control de la qualitat de les pells.<\/p>\n<p>&nbsp;<\/p>\n<p style=\"color: #52534b; line-height: 30px;\">Les fermentacions es realitzen en diferents materials com cups de pedra del segle XII, tines d\u2019acer inoxidable i <em>foudres <\/em>o botes de roure franc\u00e8s. Tota aquesta varietat ens permet dotar els vins de diferents tonalitats i matisos, fent una vinificaci\u00f3 diferenciada i \u00fanica.<\/p>\n<p>&nbsp;<\/p>\n<p><!--&nbsp; &nbsp; --><\/p>\n<p>[\/et_pb_text][et_pb_text disabled_on=&#8221;off|off|on&#8221; admin_label=&#8221;Els vins que elaborem a Castell d\u2019Encus&#8230; TABLET\/MOVIL&#8221; module_class=&#8221;projecte&#8221; _builder_version=&#8221;4.20.0&#8243; _module_preset=&#8221;default&#8221; text_font_size=&#8221;18px&#8221; text_line_height=&#8221;1em&#8221; custom_padding=&#8221;|100px||100px|false|false&#8221; custom_padding_tablet=&#8221;|50px||50px|false|false&#8221; custom_padding_phone=&#8221;|25px||25px|false|false&#8221; custom_padding_last_edited=&#8221;on|phone&#8221; global_colors_info=&#8221;{}&#8221;]<\/p>\n<p>&nbsp;<\/p>\n<p style=\"color: #52534b; line-height: 30px;\">Els vins que elaborem a Castell d\u2019Encus provenen \u00fanicament de ra\u00efm de les nostres vinyes i estan elaborats exclusivament a les nostres instal\u00b7lacions, les quals funcionen per gravetat, sense la utilitzaci\u00f3 de bombes en els processos de moviment de s\u00f2lids, evitant d\u2019aquesta manera els indesitjats efectes del trencament de les llavors i aconseguint aix\u00ed un millor control de la qualitat de les pells.<\/p>\n<p>&nbsp;<\/p>\n<p style=\"color: #52534b; line-height: 30px;\">Les fermentacions es realitzen en diferents materials com cups de pedra del segle XII, tines d\u2019acer inoxidable i <em>foudres <\/em>o botes de roure franc\u00e8s. Tota aquesta varietat ens permet dotar els vins de diferents tonalitats i matisos, fent una vinificaci\u00f3 diferenciada i \u00fanica.<\/p>\n<p>&nbsp;<\/p>\n<p>&nbsp;<\/p>\n<p>&nbsp;<\/p>\n<p>[\/et_pb_text][\/et_pb_column][et_pb_column type=&#8221;1_2&#8243; _builder_version=&#8221;4.17.6&#8243; _module_preset=&#8221;default&#8221; global_colors_info=&#8221;{}&#8221;][et_pb_text disabled_on=&#8221;on|on|on&#8221; admin_label=&#8221;Imagen&#8221; module_class=&#8221;background_image&#8221; _builder_version=&#8221;4.17.6&#8243; _module_preset=&#8221;default&#8221; background_image=&#8221;https:\/\/castelldencus.com\/wp-content\/uploads\/2022\/07\/CH-artitecturephoto_DSF5247-HDR-scaled.jpg&#8221; parallax=&#8221;on&#8221; min_height=&#8221;2000px&#8221; disabled=&#8221;on&#8221; locked=&#8221;off&#8221; global_colors_info=&#8221;{}&#8221;][\/et_pb_text][et_pb_text disabled_on=&#8221;on|on|on&#8221; admin_label=&#8221;Imagen&#8221; module_class=&#8221;background_image&#8221; _builder_version=&#8221;4.17.6&#8243; _module_preset=&#8221;default&#8221; background_image=&#8221;https:\/\/castelldencus.com\/wp-content\/uploads\/2022\/08\/CH-artitecturephoto_DSF5686_1.jpg&#8221; parallax=&#8221;on&#8221; min_height=&#8221;2000px&#8221; disabled=&#8221;on&#8221; locked=&#8221;off&#8221; global_colors_info=&#8221;{}&#8221;][\/et_pb_text][et_pb_text disabled_on=&#8221;on|on|off&#8221; admin_label=&#8221;Imagen&#8221; module_class=&#8221;background_image&#8221; _builder_version=&#8221;4.19.2&#8243; _module_preset=&#8221;default&#8221; background_enable_image=&#8221;off&#8221; parallax=&#8221;on&#8221; locked=&#8221;off&#8221; global_colors_info=&#8221;{}&#8221;]<\/p>\n<p><img decoding=\"async\" class=\"aligncenter wp-image-2118 size-full\" src=\"https:\/\/castelldencus.com\/wp-content\/uploads\/2022\/08\/CH-artitecturephoto_DSF5686_1.jpg\" alt=\"Detall de les botes a la sala de botes\" title=\"Detall de les botes a la sala de botes\" width=\"2500\" height=\"1667\" srcset=\"https:\/\/castelldencus.com\/wp-content\/uploads\/2022\/08\/CH-artitecturephoto_DSF5686_1.jpg 2500w, https:\/\/castelldencus.com\/wp-content\/uploads\/2022\/08\/CH-artitecturephoto_DSF5686_1-1280x854.jpg 1280w, https:\/\/castelldencus.com\/wp-content\/uploads\/2022\/08\/CH-artitecturephoto_DSF5686_1-980x653.jpg 980w, https:\/\/castelldencus.com\/wp-content\/uploads\/2022\/08\/CH-artitecturephoto_DSF5686_1-480x320.jpg 480w\" sizes=\"(min-width: 0px) and (max-width: 480px) 480px, (min-width: 481px) and (max-width: 980px) 980px, (min-width: 981px) and (max-width: 1280px) 1280px, (min-width: 1281px) 2500px, 100vw\" \/><\/p>\n<p>[\/et_pb_text][\/et_pb_column][\/et_pb_row][et_pb_row disabled_on=&#8221;off|off|on&#8221; module_class=&#8221;box_verde_projecte sticky&#8221; _builder_version=&#8221;4.17.6&#8243; _module_preset=&#8221;default&#8221; width=&#8221;100%&#8221; max_width=&#8221;100%&#8221; custom_padding=&#8221;0px||0px||false|false&#8221; global_colors_info=&#8221;{}&#8221;][et_pb_column type=&#8221;4_4&#8243; _builder_version=&#8221;4.17.6&#8243; _module_preset=&#8221;default&#8221; global_colors_info=&#8221;{}&#8221;][et_pb_text admin_label=&#8221;ELS VINS + texto&#8221; module_class=&#8221;projecte&#8221; _builder_version=&#8221;4.20.0&#8243; _module_preset=&#8221;default&#8221; text_font_size=&#8221;20px&#8221; text_line_height=&#8221;1em&#8221; header_2_font_size=&#8221;16px&#8221; header_2_line_height=&#8221;0.8em&#8221; header_3_font_size=&#8221;60px&#8221; custom_padding=&#8221;100px||||false|false&#8221; custom_padding_tablet=&#8221;50px|50px||50px|false|false&#8221; custom_padding_phone=&#8221;25px|25px||25px|false|false&#8221; custom_padding_last_edited=&#8221;on|phone&#8221; text_font_size_phone=&#8221;16px&#8221; text_font_size_last_edited=&#8221;off|tablet&#8221; text_line_height_tablet=&#8221;1em&#8221; text_line_height_phone=&#8221;1.5em&#8221; text_line_height_last_edited=&#8221;on|phone&#8221; header_2_font_size_tablet=&#8221;32px&#8221; header_2_font_size_phone=&#8221;25px&#8221; header_2_font_size_last_edited=&#8221;off|phone&#8221; header_3_font_size_tablet=&#8221;32px&#8221; header_3_font_size_phone=&#8221;25px&#8221; header_3_font_size_last_edited=&#8221;on|desktop&#8221; header_4_font_size_last_edited=&#8221;off|desktop&#8221; global_colors_info=&#8221;{}&#8221;]<\/p>\n<h2 style=\"color: #bfa660; text-align: center;\">VINS<\/h2>\n<p>&nbsp;<\/p>\n<h3 style=\"text-align: center; color: #272724;\">El fruit del nostre<\/h3>\n<h3 style=\"text-align: center; color: #272724;\">esfor\u00e7<\/h3>\n<p>&nbsp;<\/p>\n<p>&nbsp;<\/p>\n<p style=\"text-align: center; color: #52534b;\">Tots els vins estan elaborats en petits lots amb la finalitat de respectar la seva tra\u00e7abilitat i poder crear els assemblatges idonis, aix\u00ed com tenir una bona base per poder fer-hi recerca, un dels pilars del celler.<\/p>\n<p>[\/et_pb_text][et_pb_text disabled_on=&#8221;off|off|on&#8221; admin_label=&#8221;Imagen&#8221; module_class=&#8221;background_image&#8221; _builder_version=&#8221;4.19.2&#8243; _module_preset=&#8221;default&#8221; background_enable_image=&#8221;off&#8221; parallax=&#8221;on&#8221; locked=&#8221;off&#8221; global_colors_info=&#8221;{}&#8221;]<\/p>\n<p><img decoding=\"async\" class=\"aligncenter wp-image-2118 size-full\" src=\"https:\/\/castelldencus.com\/wp-content\/uploads\/2022\/08\/CH-artitecturephoto_DSF5686_1.jpg\" alt=\"Detall de les botes a la sala de botes\" title=\"Detall de les botes a la sala de botes\" width=\"2500\" height=\"1667\" srcset=\"https:\/\/castelldencus.com\/wp-content\/uploads\/2022\/08\/CH-artitecturephoto_DSF5686_1.jpg 2500w, https:\/\/castelldencus.com\/wp-content\/uploads\/2022\/08\/CH-artitecturephoto_DSF5686_1-1280x854.jpg 1280w, https:\/\/castelldencus.com\/wp-content\/uploads\/2022\/08\/CH-artitecturephoto_DSF5686_1-980x653.jpg 980w, https:\/\/castelldencus.com\/wp-content\/uploads\/2022\/08\/CH-artitecturephoto_DSF5686_1-480x320.jpg 480w\" sizes=\"(min-width: 0px) and (max-width: 480px) 480px, (min-width: 481px) and (max-width: 980px) 980px, (min-width: 981px) and (max-width: 1280px) 1280px, (min-width: 1281px) 2500px, 100vw\" \/><\/p>\n<p>[\/et_pb_text][et_pb_text disabled_on=&#8221;off|off|on&#8221; admin_label=&#8221;Els vins que elaborem a Castell d\u2019Encus&#8230; TABLET\/MOVIL&#8221; module_class=&#8221;projecte&#8221; _builder_version=&#8221;4.20.0&#8243; _module_preset=&#8221;default&#8221; text_font_size=&#8221;18px&#8221; text_line_height=&#8221;1.5em&#8221; custom_padding=&#8221;|100px||100px|false|false&#8221; custom_padding_tablet=&#8221;|50px||50px|false|false&#8221; custom_padding_phone=&#8221;|25px||25px|false|false&#8221; custom_padding_last_edited=&#8221;on|phone&#8221; global_colors_info=&#8221;{}&#8221;]<\/p>\n<p>&nbsp;<\/p>\n<p style=\"color: #52534b;\">Els vins que elaborem a Castell d\u2019Encus provenen \u00fanicament de ra\u00efm de les nostres vinyes i estan elaborats exclusivament a les nostres instal\u00b7lacions, les quals funcionen per gravetat, sense la utilitzaci\u00f3 de bombes en els processos de moviment de s\u00f2lids, evitant d\u2019aquesta manera els indesitjats efectes del trencament de les llavors i aconseguint aix\u00ed un millor control de la qualitat de les pells.<\/p>\n<p>&nbsp;<\/p>\n<p style=\"color: #52534b;\">Les fermentacions es realitzen en diferents materials com cups de pedra del segle XII, tines d\u2019acer inoxidable i <em>foudres <\/em>o botes de roure franc\u00e8s. Tota aquesta varietat ens permet dotar els vins de diferents tonalitats i matisos, fent una vinificaci\u00f3 diferenciada i \u00fanica.<\/p>\n<p>&nbsp;<\/p>\n<p>&nbsp;<\/p>\n<p>&nbsp;<\/p>\n<p>[\/et_pb_text][\/et_pb_column][\/et_pb_row][\/et_pb_section][et_pb_section fb_built=&#8221;1&#8243; disabled_on=&#8221;on|on|on&#8221; module_class=&#8221;box_azul_comillas-vins&#8221; _builder_version=&#8221;4.17.6&#8243; _module_preset=&#8221;default&#8221; custom_padding=&#8221;0px||0px||false|false&#8221; disabled=&#8221;on&#8221; locked=&#8221;off&#8221; global_colors_info=&#8221;{}&#8221;][et_pb_row disabled_on=&#8221;on|on|off&#8221; module_class=&#8221;box_verde_comillas-vins&#8221; _builder_version=&#8221;4.17.6&#8243; _module_preset=&#8221;default&#8221; width=&#8221;100%&#8221; max_width=&#8221;100%&#8221; custom_padding=&#8221;0px||0px||false|false&#8221; global_colors_info=&#8221;{}&#8221;][et_pb_column type=&#8221;4_4&#8243; _builder_version=&#8221;4.17.6&#8243; _module_preset=&#8221;default&#8221; global_colors_info=&#8221;{}&#8221;][et_pb_text content_last_edited=&#8221;off|desktop&#8221; admin_label=&#8221;Texto con comillas&#8221; module_class=&#8221;comillas&#8221; _builder_version=&#8221;4.18.0&#8243; _module_preset=&#8221;default&#8221; header_2_font_size=&#8221;20px&#8221; header_2_line_height=&#8221;1.3em&#8221; background_color=&#8221;#f2f2f2&#8243; width=&#8221;50%&#8221; width_tablet=&#8221;95%&#8221; width_phone=&#8221;100%&#8221; width_last_edited=&#8221;on|phone&#8221; module_alignment=&#8221;center&#8221; custom_margin=&#8221;||0px||false|false&#8221; custom_padding=&#8221;50px|50px|50px|50px|false|false&#8221; header_2_font_size_tablet=&#8221;15px&#8221; header_2_font_size_phone=&#8221;13px&#8221; header_2_font_size_last_edited=&#8221;on|phone&#8221; global_colors_info=&#8221;{}&#8221;]<\/p>\n<h2 style=\"text-align: center; color: #272724;\"><i class=\"fa fa-quote-left\" style=\"font-size: 20px;\"><\/i>Volem fer vins amb un estil molt clar, mantenint la frescor com a columna vertebral i fugint de la sobremaduresa i la sobre-extracci\u00f3. Busquem l\u2019eleg\u00e0ncia i la subtilesa, per\u00f2 sense renunciar a la complexitat i a l\u2019arrodoniment dels vins. Sense cap mena de dubte el ra\u00efm juga, en aquest sentit, un paper principal.<i class=\"fa fa-quote-right\" style=\"font-size: 20px;\"><\/i><\/h2>\n<p>[\/et_pb_text][et_pb_text content_last_edited=&#8221;off|desktop&#8221; admin_label=&#8221;IMG&#8221; _builder_version=&#8221;4.19.2&#8243; _module_preset=&#8221;default&#8221; custom_margin=&#8221;||0px||false|false&#8221; global_colors_info=&#8221;{}&#8221;]<\/p>\n<p><img decoding=\"async\" class=\"aligncenter wp-image-2115 size-full\" src=\"https:\/\/castelldencus.com\/wp-content\/uploads\/2022\/08\/Botellas-ok_1.jpg\" alt=\"Ampolles de tots els vins de Castell d'Encus: Ekam, Ekam Ess\u00e8ncia, Taleia, Taleia Brisat, Jhana, Taika, Majjan, Acusp,Thalarn, Quest, Saktih\" title=\"Ampolles de tots els vins\" width=\"2500\" height=\"1666\" \/><\/p>\n<p>[\/et_pb_text][\/et_pb_column][\/et_pb_row][et_pb_row disabled_on=&#8221;off|off|on&#8221; _builder_version=&#8221;4.18.0&#8243; _module_preset=&#8221;default&#8221; width=&#8221;100%&#8221; max_width=&#8221;100%&#8221; custom_padding=&#8221;0px||0px||false|false&#8221; global_colors_info=&#8221;{}&#8221;][et_pb_column type=&#8221;4_4&#8243; _builder_version=&#8221;4.17.6&#8243; _module_preset=&#8221;default&#8221; global_colors_info=&#8221;{}&#8221;][et_pb_text content_last_edited=&#8221;off|desktop&#8221; admin_label=&#8221;Texto con comillas&#8221; module_class=&#8221;comillas&#8221; _builder_version=&#8221;4.18.0&#8243; _module_preset=&#8221;default&#8221; header_2_font_size=&#8221;20px&#8221; header_2_line_height=&#8221;1.3em&#8221; background_color=&#8221;#f2f2f2&#8243; width=&#8221;50%&#8221; width_tablet=&#8221;95%&#8221; width_phone=&#8221;100%&#8221; width_last_edited=&#8221;on|phone&#8221; module_alignment=&#8221;center&#8221; custom_margin=&#8221;||0px||false|false&#8221; custom_padding=&#8221;50px|50px|50px|50px|false|false&#8221; header_2_font_size_tablet=&#8221;15px&#8221; header_2_font_size_phone=&#8221;13px&#8221; header_2_font_size_last_edited=&#8221;on|phone&#8221; global_colors_info=&#8221;{}&#8221;]<\/p>\n<h2 style=\"text-align: center; color: #272724;\"><i class=\"fa fa-quote-left\" style=\"font-size: 20px;\"><\/i>Volem fer vins amb un estil molt clar, mantenint la frescor com a columna vertebral i fugint de la sobremaduresa i la sobre-extracci\u00f3. Busquem l\u2019eleg\u00e0ncia i la subtilesa, per\u00f2 sense renunciar a la complexitat i a l\u2019arrodoniment dels vins. Sense cap mena de dubte el ra\u00efm juga, en aquest sentit, un paper principal.<i class=\"fa fa-quote-right\" style=\"font-size: 20px;\"><\/i><\/h2>\n<p>[\/et_pb_text][et_pb_text content_last_edited=&#8221;off|desktop&#8221; admin_label=&#8221;IMG&#8221; _builder_version=&#8221;4.19.2&#8243; _module_preset=&#8221;default&#8221; custom_margin=&#8221;||0px||false|false&#8221; global_colors_info=&#8221;{}&#8221;]<\/p>\n<p><img decoding=\"async\" class=\"aligncenter wp-image-2115 size-full\" src=\"https:\/\/castelldencus.com\/wp-content\/uploads\/2022\/08\/Botellas-ok_1.jpg\" alt=\"Ampolles de tots els vins de Castell d'Encus: Ekam, Ekam Ess\u00e8ncia, Taleia, Taleia Brisat, Jhana, Taika, Majjan, Acusp,Thalarn, Quest, Saktih\" title=\"Ampolles de tots els vins\"  width=\"2500\" height=\"1666\" \/><\/p>\n<p>[\/et_pb_text][\/et_pb_column][\/et_pb_row][\/et_pb_section][et_pb_section fb_built=&#8221;1&#8243; admin_label=&#8221;Secci\u00f3n&#8221; module_class=&#8221;box_azul_vino-texto&#8221; _builder_version=&#8221;4.17.6&#8243; _module_preset=&#8221;default&#8221; background_color=&#8221;#f2f2f2&#8243; global_colors_info=&#8221;{}&#8221;][et_pb_row column_structure=&#8221;1_2,1_2&#8243; disabled_on=&#8221;on|on|off&#8221; admin_label=&#8221;PC&#8221; module_class=&#8221;box_verde_vino-texto&#8221; _builder_version=&#8221;4.17.6&#8243; _module_preset=&#8221;default&#8221; max_width=&#8221;100%&#8221; global_colors_info=&#8221;{}&#8221;][et_pb_column type=&#8221;1_2&#8243; _builder_version=&#8221;4.17.6&#8243; _module_preset=&#8221;default&#8221; global_colors_info=&#8221;{}&#8221;][et_pb_text admin_label=&#8221;IMG &#8211; Ekam y Ekam Ess\u00e8ncia&#8221; _builder_version=&#8221;4.19.2&#8243; _module_preset=&#8221;default&#8221; global_colors_info=&#8221;{}&#8221;]<\/p>\n<p><img decoding=\"async\" class=\"aligncenter wp-image-2501 size-large\" src=\"https:\/\/castelldencus.com\/wp-content\/uploads\/2022\/09\/rieslings-1024x683.png\" alt=\"Ekam i Ekam Ess\u00e8ncia: la influ\u00e8ncia del Rin\" title=\"Fam\u00edlia Rieslings\" width=\"1024\" height=\"683\" srcset=\"https:\/\/castelldencus.com\/wp-content\/uploads\/2022\/09\/rieslings-1024x683.png 1024w, https:\/\/castelldencus.com\/wp-content\/uploads\/2022\/09\/rieslings-980x653.png 980w, https:\/\/castelldencus.com\/wp-content\/uploads\/2022\/09\/rieslings-480x320.png 480w\" sizes=\"(min-width: 0px) and (max-width: 480px) 480px, (min-width: 481px) and (max-width: 980px) 980px, (min-width: 981px) 1024px, 100vw\" \/><\/p>\n<p>[\/et_pb_text][\/et_pb_column][et_pb_column type=&#8221;1_2&#8243; _builder_version=&#8221;4.17.6&#8243; _module_preset=&#8221;default&#8221; global_colors_info=&#8221;{}&#8221;][et_pb_text admin_label=&#8221;Ekam i Ekam Ess\u00e8ncia: la influ\u00e8ncia del Rin&#8221; _builder_version=&#8221;4.20.0&#8243; _module_preset=&#8221;default&#8221; text_font_size=&#8221;18px&#8221; header_2_font_size=&#8221;32px&#8221; header_2_font_size_tablet=&#8221;25px&#8221; header_2_font_size_phone=&#8221;21px&#8221; header_2_font_size_last_edited=&#8221;on|phone&#8221; global_colors_info=&#8221;{}&#8221;]<\/p>\n<h2 style=\"color: #bfa660;\">Ekam und Ekam Ess\u00e8ncia: der Einfluss des Rheins<\/h2>\n<p>&nbsp;<\/p>\n<p style=\"color: #52534b;\"><strong><a style=\"text-decoration: underline; color: #52534b;\" href=\"https:\/\/castelldencus.com\/de\/producto\/ekam\/\">Ekam<\/a><\/strong> (<em>g\u00f6ttliche Einheit<\/em> auf Sanskrit), ein (<em>trockener<\/em>) Riesling aus den Pyren\u00e4en, der perfekt die Noten des Albari\u00f1o kombiniert, die ihm eine einzigartige Pers\u00f6nlichkeit verleiht. Ein direkter und knackiger Wein mit intensiver S\u00e4ure, der es verdient, einige Flaschen im Keller aufzubewahren, um seine Entwicklung zu genie\u00dfen.<\/p>\n<p style=\"color: #52534b;\">Die Essenz des <strong><a style=\"text-decoration: underline; color: #52534b;\" href=\"https:\/\/castelldencus.com\/de\/producto\/ekam-essencia\/\">Ess\u00e8ncia<\/a> <\/strong>ein Riesling Kabinett Sp\u00e4tlese mit etwa 30 Gramm Restzucker, ausgewogen und sehr harmonisch, f\u00fcr pr\u00e4zise oder kontrastreiche Kombinationen.<\/p>\n<p>[\/et_pb_text][\/et_pb_column][\/et_pb_row][et_pb_row disabled_on=&#8221;off|off|on&#8221; admin_label=&#8221;TABLET\/MOVIL&#8221; module_class=&#8221;box_verde_vino-texto&#8221; _builder_version=&#8221;4.17.6&#8243; _module_preset=&#8221;default&#8221; max_width=&#8221;100%&#8221; global_colors_info=&#8221;{}&#8221;][et_pb_column type=&#8221;4_4&#8243; _builder_version=&#8221;4.17.6&#8243; _module_preset=&#8221;default&#8221; global_colors_info=&#8221;{}&#8221;][et_pb_text admin_label=&#8221;IMG &#8211; Ekam y Ekam Ess\u00e8ncia&#8221; _builder_version=&#8221;4.19.2&#8243; _module_preset=&#8221;default&#8221; global_colors_info=&#8221;{}&#8221;]<\/p>\n<p><img decoding=\"async\" class=\"aligncenter wp-image-2501 size-large\" src=\"https:\/\/castelldencus.com\/wp-content\/uploads\/2022\/09\/rieslings-1024x683.png\" alt=\"Ekam i Ekam Ess\u00e8ncia: la influ\u00e8ncia del Rin\" title=\"Fam\u00edlia Rieslings\" width=\"1024\" height=\"683\" srcset=\"https:\/\/castelldencus.com\/wp-content\/uploads\/2022\/09\/rieslings-1024x683.png 1024w, https:\/\/castelldencus.com\/wp-content\/uploads\/2022\/09\/rieslings-980x653.png 980w, https:\/\/castelldencus.com\/wp-content\/uploads\/2022\/09\/rieslings-480x320.png 480w\" sizes=\"(min-width: 0px) and (max-width: 480px) 480px, (min-width: 481px) and (max-width: 980px) 980px, (min-width: 981px) 1024px, 100vw\" \/><\/p>\n<p>[\/et_pb_text][et_pb_text admin_label=&#8221;Ekam i Ekam Ess\u00e8ncia: la influ\u00e8ncia del Rin&#8221; _builder_version=&#8221;4.20.0&#8243; _module_preset=&#8221;default&#8221; text_font_size=&#8221;18px&#8221; header_2_font_size=&#8221;32px&#8221; header_2_font_size_tablet=&#8221;25px&#8221; header_2_font_size_phone=&#8221;21px&#8221; header_2_font_size_last_edited=&#8221;on|phone&#8221; global_colors_info=&#8221;{}&#8221;]<\/p>\n<h2 style=\"color: #bfa660;\">Ekam und Ekam Ess\u00e8ncia: der Einfluss des Rheins<\/h2>\n<p>&nbsp;<\/p>\n<p style=\"color: #52534b;\"><strong><a style=\"text-decoration: underline; color: #52534b;\" href=\"https:\/\/castelldencus.com\/de\/producto\/ekam\/\">Ekam<\/a><\/strong> (<em>g\u00f6ttliche Einheit<\/em> auf Sanskrit), ein (<em>trockener<\/em>) Riesling aus den Pyren\u00e4en, der perfekt die Noten des Albari\u00f1o kombiniert, die ihm eine einzigartige Pers\u00f6nlichkeit verleiht. Ein direkter und knackiger Wein mit intensiver S\u00e4ure, der es verdient, einige Flaschen im Keller aufzubewahren, um seine Entwicklung zu genie\u00dfen.<\/p>\n<p style=\"color: #52534b;\">Die Essenz des <strong><a style=\"text-decoration: underline; color: #52534b;\" href=\"https:\/\/castelldencus.com\/de\/producto\/ekam-essencia\/\">Ess\u00e8ncia<\/a> <\/strong>ein Riesling Kabinett Sp\u00e4tlese mit etwa 30 Gramm Restzucker, ausgewogen und sehr harmonisch, f\u00fcr pr\u00e4zise oder kontrastreiche Kombinationen.<\/p>\n<p>[\/et_pb_text][\/et_pb_column][\/et_pb_row][\/et_pb_section][et_pb_section fb_built=&#8221;1&#8243; admin_label=&#8221;Secci\u00f3n&#8221; module_class=&#8221;box_azul_vino-texto&#8221; _builder_version=&#8221;4.17.6&#8243; _module_preset=&#8221;default&#8221; background_enable_color=&#8221;off&#8221; global_colors_info=&#8221;{}&#8221;][et_pb_row column_structure=&#8221;1_2,1_2&#8243; disabled_on=&#8221;on|on|off&#8221; admin_label=&#8221;PC&#8221; module_class=&#8221;box_verde_vino-texto&#8221; _builder_version=&#8221;4.17.6&#8243; _module_preset=&#8221;default&#8221; max_width=&#8221;100%&#8221; global_colors_info=&#8221;{}&#8221;][et_pb_column type=&#8221;1_2&#8243; _builder_version=&#8221;4.17.6&#8243; _module_preset=&#8221;default&#8221; global_colors_info=&#8221;{}&#8221;][et_pb_text admin_label=&#8221;IMG &#8211; Taleia, Taleia Brisat&#8221; _builder_version=&#8221;4.25.0&#8243; _module_preset=&#8221;default&#8221; hover_enabled=&#8221;0&#8243; global_colors_info=&#8221;{}&#8221; sticky_enabled=&#8221;0&#8243;]<\/p>\n<p><img decoding=\"async\" class=\"wp-image-11560 aligncenter size-full\" src=\"https:\/\/castelldencus.com\/wp-content\/uploads\/2024\/10\/sauvignons-blancs_2021_1024x683.png\" alt=\"\" width=\"1024\" height=\"683\" srcset=\"https:\/\/castelldencus.com\/wp-content\/uploads\/2024\/10\/sauvignons-blancs_2021_1024x683.png 1024w, https:\/\/castelldencus.com\/wp-content\/uploads\/2024\/10\/sauvignons-blancs_2021_1024x683-980x654.png 980w, https:\/\/castelldencus.com\/wp-content\/uploads\/2024\/10\/sauvignons-blancs_2021_1024x683-480x320.png 480w\" sizes=\"(min-width: 0px) and (max-width: 480px) 480px, (min-width: 481px) and (max-width: 980px) 980px, (min-width: 981px) 1024px, 100vw\" \/><\/p>\n<p>[\/et_pb_text][\/et_pb_column][et_pb_column type=&#8221;1_2&#8243; _builder_version=&#8221;4.17.6&#8243; _module_preset=&#8221;default&#8221; global_colors_info=&#8221;{}&#8221;][et_pb_text admin_label=&#8221;Taleia, Taleia Brisat: la nostra fam\u00edlia dels Sauvignons Blancs&#8221; _builder_version=&#8221;4.25.0&#8243; _module_preset=&#8221;default&#8221; text_font_size=&#8221;18px&#8221; header_2_font_size=&#8221;32px&#8221; hover_enabled=&#8221;0&#8243; header_2_font_size_tablet=&#8221;25px&#8221; header_2_font_size_phone=&#8221;21px&#8221; header_2_font_size_last_edited=&#8221;on|phone&#8221; global_colors_info=&#8221;{}&#8221; sticky_enabled=&#8221;0&#8243;]<\/p>\n<h2 style=\"color: #bfa660;\">Taleia: unsere Sauvignon Blanc-Familie<\/h2>\n<p>&nbsp;<\/p>\n<p style=\"color: #52534b;\"><strong><a style=\"text-decoration: underline; color: #52534b;\" href=\"https:\/\/castelldencus.com\/producto\/de\/taleia\/\">Taleia<\/a><\/strong> (<em>Obsession<\/em> auf Katalanisch) ein sehr delikater Sauvignon Blanc mit erfrischender S\u00e4ure. Die Aromen von feuchtem Stein betonen das mineralische Gef\u00fchl und heben die salzigen Noten im Mund hervor. Ein komplexer Wein mit breiter Textur, der noch Reifungspotenzial auf der Flasche hat.<\/p>\n<p>[\/et_pb_text][\/et_pb_column][\/et_pb_row][et_pb_row disabled_on=&#8221;off|off|on&#8221; admin_label=&#8221;TABLET\/MOVIL&#8221; module_class=&#8221;box_verde_vino-texto&#8221; _builder_version=&#8221;4.17.6&#8243; _module_preset=&#8221;default&#8221; max_width=&#8221;100%&#8221; global_colors_info=&#8221;{}&#8221;][et_pb_column type=&#8221;4_4&#8243; _builder_version=&#8221;4.17.6&#8243; _module_preset=&#8221;default&#8221; global_colors_info=&#8221;{}&#8221;][et_pb_text admin_label=&#8221;IMG &#8211; Taleia, Taleia Brisat&#8221; _builder_version=&#8221;4.25.0&#8243; _module_preset=&#8221;default&#8221; hover_enabled=&#8221;0&#8243; global_colors_info=&#8221;{}&#8221; sticky_enabled=&#8221;0&#8243;]<\/p>\n<p><img decoding=\"async\" class=\"wp-image-11560 aligncenter size-full\" src=\"https:\/\/castelldencus.com\/wp-content\/uploads\/2024\/10\/sauvignons-blancs_2021_1024x683.png\" alt=\"\" width=\"1024\" height=\"683\" srcset=\"https:\/\/castelldencus.com\/wp-content\/uploads\/2024\/10\/sauvignons-blancs_2021_1024x683.png 1024w, https:\/\/castelldencus.com\/wp-content\/uploads\/2024\/10\/sauvignons-blancs_2021_1024x683-980x654.png 980w, https:\/\/castelldencus.com\/wp-content\/uploads\/2024\/10\/sauvignons-blancs_2021_1024x683-480x320.png 480w\" sizes=\"(min-width: 0px) and (max-width: 480px) 480px, (min-width: 481px) and (max-width: 980px) 980px, (min-width: 981px) 1024px, 100vw\" \/><\/p>\n<p>[\/et_pb_text][et_pb_text admin_label=&#8221;Taleia, Taleia Brisat: la nostra fam\u00edlia dels Sauvignons Blancs&#8221; _builder_version=&#8221;4.25.0&#8243; _module_preset=&#8221;default&#8221; text_font_size=&#8221;18px&#8221; header_2_font_size=&#8221;32px&#8221; hover_enabled=&#8221;0&#8243; header_2_font_size_tablet=&#8221;25px&#8221; header_2_font_size_phone=&#8221;21px&#8221; header_2_font_size_last_edited=&#8221;on|phone&#8221; global_colors_info=&#8221;{}&#8221; sticky_enabled=&#8221;0&#8243;]<\/p>\n<h2 style=\"color: #bfa660;\">Taleia: unsere Sauvignon Blanc-Familie<\/h2>\n<p>&nbsp;<\/p>\n<p style=\"color: #52534b;\"><strong><a style=\"text-decoration: underline; color: #52534b;\" href=\"https:\/\/castelldencus.com\/de\/producto\/taleia\/\">Taleia<\/a><\/strong> (<em>Obsession<\/em> auf Katalanisch) ein sehr delikater Sauvignon Blanc mit erfrischender S\u00e4ure. Die Aromen von feuchtem Stein betonen das mineralische Gef\u00fchl und heben die salzigen Noten im Mund hervor. Ein komplexer Wein mit breiter Textur, der noch Reifungspotenzial auf der Flasche hat.<\/p>\n<p>[\/et_pb_text][\/et_pb_column][\/et_pb_row][\/et_pb_section][et_pb_section fb_built=&#8221;1&#8243; module_class=&#8221;box_azul_vino-texto&#8221; _builder_version=&#8221;4.17.6&#8243; _module_preset=&#8221;default&#8221; background_color=&#8221;#f2f2f2&#8243; global_colors_info=&#8221;{}&#8221;][et_pb_row column_structure=&#8221;1_2,1_2&#8243; disabled_on=&#8221;on|on|off&#8221; admin_label=&#8221;PC&#8221; module_class=&#8221;box_verde_vino-texto&#8221; _builder_version=&#8221;4.17.6&#8243; _module_preset=&#8221;default&#8221; max_width=&#8221;100%&#8221; global_colors_info=&#8221;{}&#8221;][et_pb_column type=&#8221;1_2&#8243; _builder_version=&#8221;4.17.6&#8243; _module_preset=&#8221;default&#8221; global_colors_info=&#8221;{}&#8221;][et_pb_text admin_label=&#8221;IMG &#8211; Majjan, Jhana i Ta\u00efka&#8221; _builder_version=&#8221;4.19.2&#8243; _module_preset=&#8221;default&#8221; global_colors_info=&#8221;{}&#8221;]<\/p>\n<p><img decoding=\"async\" class=\"aligncenter wp-image-2112 size-large\" src=\"https:\/\/castelldencus.com\/wp-content\/uploads\/2022\/08\/Vins-especials-1024x683.png\" alt=\"Majjan, Jhana i Ta\u00efka: especials i \u00fanics\" title=\"Vins especials i \u00fanics\" width=\"1024\" height=\"683\" srcset=\"https:\/\/castelldencus.com\/wp-content\/uploads\/2022\/08\/Vins-especials-1024x683.png 1024w, https:\/\/castelldencus.com\/wp-content\/uploads\/2022\/08\/Vins-especials-980x653.png 980w, https:\/\/castelldencus.com\/wp-content\/uploads\/2022\/08\/Vins-especials-480x320.png 480w\" sizes=\"(min-width: 0px) and (max-width: 480px) 480px, (min-width: 481px) and (max-width: 980px) 980px, (min-width: 981px) 1024px, 100vw\" \/><\/p>\n<p>[\/et_pb_text][\/et_pb_column][et_pb_column type=&#8221;1_2&#8243; _builder_version=&#8221;4.17.6&#8243; _module_preset=&#8221;default&#8221; global_colors_info=&#8221;{}&#8221;][et_pb_text admin_label=&#8221;Majjan, Jhana i Ta\u00efka: especials i \u00fanics&#8221; _builder_version=&#8221;4.20.0&#8243; _module_preset=&#8221;default&#8221; text_font_size=&#8221;18px&#8221; header_2_font_size=&#8221;32px&#8221; header_2_font_size_tablet=&#8221;25px&#8221; header_2_font_size_phone=&#8221;21px&#8221; header_2_font_size_last_edited=&#8221;on|phone&#8221; global_colors_info=&#8221;{}&#8221;]<\/p>\n<h2 style=\"color: #bfa660;\">Majjan, Jhana und Ta\u00efka: Speziell und einzigartig<\/h2>\n<p>&nbsp;<\/p>\n<p style=\"color: #52534b;\"><strong><a style=\"text-decoration: underline; color: #52534b;\" href=\"https:\/\/castelldencus.com\/de\/producto\/majjan\/\">Majjan<\/a><\/strong>\u00a0(<em>Kern<\/em> der <em>Pflanze<\/em> auf Sanskrit), ein s\u00fc\u00dfer Wein aus Semillon und Sauvignon Blanc, bei dem die Magie der Edelf\u00e4ule, eine fantastische S\u00e4ure und 200 Gramm Restzucker sich zu einem Wein mit \u00fcppigen und dennoch zarten Aromen vereinen. Ein Dessertwein, den man auch solo genie\u00dfen kann.<\/p>\n<p style=\"color: #52534b;\"><strong><a style=\"text-decoration: underline; color: #52534b;\" href=\"https:\/\/castelldencus.com\/de\/producto\/jhana\/\">Jhana<\/a><\/strong>\u00a0(<em>Meditation, die mit Stille und Reflexion<\/em> auf Sanskrit verbunden ist), ein Ros\u00e9wein aus den Sorten Merlot und Petit Verdot, der entwickelt wurde, um den Stil zu w\u00fcrdigen. Ein Wein zum Lagern, ein guter Essensbegleiter, volumin\u00f6s und mit langem Finish, der an gro\u00dfe Wei\u00dfweine erinnert. Ein idealer Wein f\u00fcr Neugierige.<\/p>\n<p style=\"color: #52534b;\"><strong><a style=\"text-decoration: underline; color: #52534b;\" href=\"https:\/\/castelldencus.com\/de\/producto\/taika\/\">Ta\u00efka<\/a><\/strong> (<em>Magie<\/em> auf Finnisch), ein pr\u00e4ziser Schaumwein, bei dem bei der zweiten G\u00e4rung kein Zucker zugesetzt wird, aus je gleichen Teilen Sauvignon Blanc und Semillon. Ein eleganter, delikater, komplexer und tiefer Wein. Ein seltener Vertreter, ideal f\u00fcr Liebhaber des sprudelnden Weins und Neulinge in diesem Weinsegment.<\/p>\n<p>[\/et_pb_text][\/et_pb_column][\/et_pb_row][et_pb_row disabled_on=&#8221;off|off|on&#8221; admin_label=&#8221;TABLET\/MOVIL&#8221; module_class=&#8221;box_verde_vino-texto&#8221; _builder_version=&#8221;4.17.6&#8243; _module_preset=&#8221;default&#8221; max_width=&#8221;100%&#8221; global_colors_info=&#8221;{}&#8221;][et_pb_column type=&#8221;4_4&#8243; _builder_version=&#8221;4.17.6&#8243; _module_preset=&#8221;default&#8221; global_colors_info=&#8221;{}&#8221;][et_pb_text admin_label=&#8221;IMG &#8211; Majjan, Jhana i Ta\u00efka&#8221; _builder_version=&#8221;4.19.2&#8243; _module_preset=&#8221;default&#8221; global_colors_info=&#8221;{}&#8221;]<\/p>\n<p><img decoding=\"async\" class=\"aligncenter wp-image-2112 size-large\" src=\"https:\/\/castelldencus.com\/wp-content\/uploads\/2022\/08\/Vins-especials-1024x683.png\" alt=\"Majjan, Jhana i Ta\u00efka: especials i \u00fanics\" title=\"Vins especials i \u00fanics\" width=\"1024\" height=\"683\" srcset=\"https:\/\/castelldencus.com\/wp-content\/uploads\/2022\/08\/Vins-especials-1024x683.png 1024w, https:\/\/castelldencus.com\/wp-content\/uploads\/2022\/08\/Vins-especials-980x653.png 980w, https:\/\/castelldencus.com\/wp-content\/uploads\/2022\/08\/Vins-especials-480x320.png 480w\" sizes=\"(min-width: 0px) and (max-width: 480px) 480px, (min-width: 481px) and (max-width: 980px) 980px, (min-width: 981px) 1024px, 100vw\" \/><\/p>\n<p>[\/et_pb_text][et_pb_text admin_label=&#8221;Majjan, Jhana i Ta\u00efka: especials i \u00fanics&#8221; _builder_version=&#8221;4.20.0&#8243; _module_preset=&#8221;default&#8221; text_font_size=&#8221;18px&#8221; header_2_font_size=&#8221;32px&#8221; header_2_font_size_tablet=&#8221;25px&#8221; header_2_font_size_phone=&#8221;21px&#8221; header_2_font_size_last_edited=&#8221;on|phone&#8221; global_colors_info=&#8221;{}&#8221;]<\/p>\n<h2 style=\"color: #bfa660;\">Majjan, Jhana und Ta\u00efka: Speziell und einzigartig<\/h2>\n<p>&nbsp;<\/p>\n<p style=\"color: #52534b;\"><strong><a style=\"text-decoration: underline; color: #52534b;\" href=\"https:\/\/castelldencus.com\/de\/producto\/majjan\/\">Majjan<\/a><\/strong>\u00a0(<em>Kern<\/em> der <em>Pflanze<\/em> auf Sanskrit), ein s\u00fc\u00dfer Wein aus Semillon und Sauvignon Blanc, bei dem die Magie der Edelf\u00e4ule, eine fantastische S\u00e4ure und 200 Gramm Restzucker sich zu einem Wein mit \u00fcppigen und dennoch zarten Aromen vereinen. Ein Dessertwein, den man auch solo genie\u00dfen kann.<\/p>\n<p style=\"color: #52534b;\"><strong><a style=\"text-decoration: underline; color: #52534b;\" href=\"https:\/\/castelldencus.com\/de\/producto\/jhana\/\">Jhana<\/a><\/strong>\u00a0(<em>Meditation, die mit Stille und Reflexion<\/em> auf Sanskrit verbunden ist), ein Ros\u00e9wein aus den Sorten Merlot und Petit Verdot, der entwickelt wurde, um den Stil zu w\u00fcrdigen. Ein Wein zum Lagern, ein guter Essensbegleiter, volumin\u00f6s und mit langem Finish, der an gro\u00dfe Wei\u00dfweine erinnert. Ein idealer Wein f\u00fcr Neugierige.<\/p>\n<p style=\"color: #52534b;\"><strong><a style=\"text-decoration: underline; color: #52534b;\" href=\"https:\/\/castelldencus.com\/de\/producto\/taika\/\">Ta\u00efka<\/a><\/strong> (<em>Magie<\/em> auf Finnisch), ein pr\u00e4ziser Schaumwein, bei dem bei der zweiten G\u00e4rung kein Zucker zugesetzt wird, aus je gleichen Teilen Sauvignon Blanc und Semillon. Ein eleganter, delikater, komplexer und tiefer Wein. Ein seltener Vertreter, ideal f\u00fcr Liebhaber des sprudelnden Weins und Neulinge in diesem Weinsegment.<\/p>\n<p>[\/et_pb_text][\/et_pb_column][\/et_pb_row][\/et_pb_section][et_pb_section fb_built=&#8221;1&#8243; module_class=&#8221;box_azul_vino-texto&#8221; _builder_version=&#8221;4.17.6&#8243; _module_preset=&#8221;default&#8221; background_enable_color=&#8221;off&#8221; global_colors_info=&#8221;{}&#8221;][et_pb_row column_structure=&#8221;1_2,1_2&#8243; disabled_on=&#8221;on|on|off&#8221; admin_label=&#8221;PC&#8221; module_class=&#8221;box_verde_vino-texto&#8221; _builder_version=&#8221;4.17.6&#8243; _module_preset=&#8221;default&#8221; max_width=&#8221;100%&#8221; global_colors_info=&#8221;{}&#8221;][et_pb_column type=&#8221;1_2&#8243; _builder_version=&#8221;4.17.6&#8243; _module_preset=&#8221;default&#8221; global_colors_info=&#8221;{}&#8221;][et_pb_text admin_label=&#8221;IMG &#8211; Acusp, Thalarn i Quest&#8221; _builder_version=&#8221;4.19.2&#8243; _module_preset=&#8221;default&#8221; global_colors_info=&#8221;{}&#8221;]<\/p>\n<p><img decoding=\"async\" class=\"aligncenter wp-image-2495 size-large\" src=\"https:\/\/castelldencus.com\/wp-content\/uploads\/2022\/09\/Vins-negres_1-1024x683.png\" alt=\"Acusp, Thalarn i Quest: els nostres negres, fins i elegants\" title=\"Vins-negres\" width=\"1024\" height=\"683\" srcset=\"https:\/\/castelldencus.com\/wp-content\/uploads\/2022\/09\/Vins-negres_1-1024x683.png 1024w, https:\/\/castelldencus.com\/wp-content\/uploads\/2022\/09\/Vins-negres_1-980x653.png 980w, https:\/\/castelldencus.com\/wp-content\/uploads\/2022\/09\/Vins-negres_1-480x320.png 480w\" sizes=\"(min-width: 0px) and (max-width: 480px) 480px, (min-width: 481px) and (max-width: 980px) 980px, (min-width: 981px) 1024px, 100vw\" \/><\/p>\n<p>[\/et_pb_text][\/et_pb_column][et_pb_column type=&#8221;1_2&#8243; _builder_version=&#8221;4.17.6&#8243; _module_preset=&#8221;default&#8221; global_colors_info=&#8221;{}&#8221;][et_pb_text admin_label=&#8221;Acusp, Thalarn i Quest: els nostres negres, fins i elegants&#8221; _builder_version=&#8221;4.20.0&#8243; _module_preset=&#8221;default&#8221; text_font_size=&#8221;18px&#8221; header_2_font_size=&#8221;32px&#8221; header_2_font_size_tablet=&#8221;25px&#8221; header_2_font_size_phone=&#8221;21px&#8221; header_2_font_size_last_edited=&#8221;on|phone&#8221; global_colors_info=&#8221;{}&#8221;]<\/p>\n<h2 style=\"color: #bfa660;\">Acusp, Thalarn und Quest: Unsere roten Weine, fein und elegant<\/h2>\n<p>&nbsp;<\/p>\n<p style=\"color: #52534b;\"><strong><a style=\"text-decoration: underline; color: #52534b;\" href=\"https:\/\/castelldencus.com\/de\/producto\/acusp\/\">Acusp<\/a><\/strong> (<em>lateinisch<\/em> f\u00fcr gebrochen und der alte Name des Berges, auf dem die Weinberge liegen), ein sehr feiner Pinot Noir von gro\u00dfer Eleganz und Zartheit, mit frischer Frucht und einer w\u00fcrzigen Note im Hintergrund. Ein \u00e4u\u00dferst angenehmer Wein mit der gew\u00fcnschten Spannung und Vitalit\u00e4t f\u00fcr diese Sorte.<\/p>\n<p style=\"color: #52534b;\"><strong><a style=\"text-decoration: underline; color: #52534b;\" href=\"https:\/\/castelldencus.com\/de\/producto\/thalarn\/\">Thalarn<\/a><\/strong> (mittelalterliche Form des Dorfes, in dem sich Castell d&#8217;Encus befindet), cool-climate Syrah. Ein seidiger, frischer, ausgewogener Wein, bei dem Gew\u00fcrze und Blumen mit einem Hauch von Milch und Holz hervorstechen.<\/p>\n<p style=\"color: #52534b;\"><strong><a style=\"text-decoration: underline; color: #52534b;\" href=\"https:\/\/castelldencus.com\/de\/producto\/quest\/\">Quest<\/a><\/strong>\u00a0(<em>Frage, Forschung <\/em> auf Latein),eine elegante und komplexe Cuv\u00e9e aus Bordeaux-Sorten, Cabernet Franc, Cabernet Sauvignon, Merlot und Petit Verdot, fermentiert in den Steinbottichen aus dem 12. Jahrhundert mit wilden Hefen aus dem Weinberg. Die Balance zwischen Reife, Frische und Reifepotenzial.<\/p>\n<p>[\/et_pb_text][\/et_pb_column][\/et_pb_row][et_pb_row disabled_on=&#8221;off|off|on&#8221; admin_label=&#8221;TABLET\/MOVIL&#8221; module_class=&#8221;box_verde_vino-texto&#8221; _builder_version=&#8221;4.17.6&#8243; _module_preset=&#8221;default&#8221; max_width=&#8221;100%&#8221; global_colors_info=&#8221;{}&#8221;][et_pb_column type=&#8221;4_4&#8243; _builder_version=&#8221;4.17.6&#8243; _module_preset=&#8221;default&#8221; global_colors_info=&#8221;{}&#8221;][et_pb_text admin_label=&#8221;IMG &#8211; Acusp, Thalarn i Quest&#8221; _builder_version=&#8221;4.19.2&#8243; _module_preset=&#8221;default&#8221; global_colors_info=&#8221;{}&#8221;]<\/p>\n<p><img decoding=\"async\" class=\"aligncenter wp-image-2495 size-large\" src=\"https:\/\/castelldencus.com\/wp-content\/uploads\/2022\/09\/Vins-negres_1-1024x683.png\" alt=\"Acusp, Thalarn i Quest: els nostres negres, fins i elegants\" title=\"Vins-negres\" width=\"1024\" height=\"683\" srcset=\"https:\/\/castelldencus.com\/wp-content\/uploads\/2022\/09\/Vins-negres_1-1024x683.png 1024w, https:\/\/castelldencus.com\/wp-content\/uploads\/2022\/09\/Vins-negres_1-980x653.png 980w, https:\/\/castelldencus.com\/wp-content\/uploads\/2022\/09\/Vins-negres_1-480x320.png 480w\" sizes=\"(min-width: 0px) and (max-width: 480px) 480px, (min-width: 481px) and (max-width: 980px) 980px, (min-width: 981px) 1024px, 100vw\" \/><\/p>\n<p>[\/et_pb_text][et_pb_text admin_label=&#8221;Acusp, Thalarn i Quest: els nostres negres, fins i elegants&#8221; _builder_version=&#8221;4.20.0&#8243; _module_preset=&#8221;default&#8221; text_font_size=&#8221;18px&#8221; header_2_font_size=&#8221;32px&#8221; header_2_font_size_tablet=&#8221;25px&#8221; header_2_font_size_phone=&#8221;21px&#8221; header_2_font_size_last_edited=&#8221;on|phone&#8221; global_colors_info=&#8221;{}&#8221;]<\/p>\n<h2 style=\"color: #bfa660;\">Acusp, Thalarn und Quest: Unsere roten Weine, fein und elegant<\/h2>\n<p>&nbsp;<\/p>\n<p style=\"color: #52534b;\"><strong><a style=\"text-decoration: underline; color: #52534b;\" href=\"https:\/\/castelldencus.com\/de\/producto\/acusp\/\">Acusp<\/a><\/strong> (<em>lateinisch<\/em> f\u00fcr gebrochen und der alte Name des Berges, auf dem die Weinberge liegen), ein sehr feiner Pinot Noir von gro\u00dfer Eleganz und Zartheit, mit frischer Frucht und einer w\u00fcrzigen Note im Hintergrund. Ein \u00e4u\u00dferst angenehmer Wein mit der gew\u00fcnschten Spannung und Vitalit\u00e4t f\u00fcr diese Sorte.<\/p>\n<p style=\"color: #52534b;\"><strong><a style=\"text-decoration: underline; color: #52534b;\" href=\"https:\/\/castelldencus.com\/de\/producto\/thalarn\/\">Thalarn<\/a><\/strong> (mittelalterliche Form des Dorfes, in dem sich Castell d&#8217;Encus befindet), cool-climate Syrah. Ein seidiger, frischer, ausgewogener Wein, bei dem Gew\u00fcrze und Blumen mit einem Hauch von Milch und Holz hervorstechen.<\/p>\n<p style=\"color: #52534b;\"><strong><a style=\"text-decoration: underline; color: #52534b;\" href=\"https:\/\/castelldencus.com\/de\/producto\/quest\/\">Quest<\/a><\/strong>\u00a0(<em>Frage, Forschung <\/em> auf Latein),eine elegante und komplexe Cuv\u00e9e aus Bordeaux-Sorten, Cabernet Franc, Cabernet Sauvignon, Merlot und Petit Verdot, fermentiert in den Steinbottichen aus dem 12. Jahrhundert mit wilden Hefen aus dem Weinberg. Die Balance zwischen Reife, Frische und Reifepotenzial.<\/p>\n<p>[\/et_pb_text][\/et_pb_column][\/et_pb_row][\/et_pb_section][et_pb_section fb_built=&#8221;1&#8243; module_class=&#8221;box_azul_vino-texto&#8221; _builder_version=&#8221;4.17.6&#8243; _module_preset=&#8221;default&#8221; background_color=&#8221;#f2f2f2&#8243; global_colors_info=&#8221;{}&#8221;][et_pb_row column_structure=&#8221;1_2,1_2&#8243; disabled_on=&#8221;on|on|off&#8221; admin_label=&#8221;PC&#8221; module_class=&#8221;box_verde_vino-texto&#8221; _builder_version=&#8221;4.17.6&#8243; _module_preset=&#8221;default&#8221; max_width=&#8221;100%&#8221; global_colors_info=&#8221;{}&#8221;][et_pb_column type=&#8221;1_2&#8243; _builder_version=&#8221;4.17.6&#8243; _module_preset=&#8221;default&#8221; global_colors_info=&#8221;{}&#8221;][et_pb_text admin_label=&#8221;IMG &#8211; Selecci\u00f3 de Vinyes Castell d\u2019Encus&#8221; _builder_version=&#8221;4.25.0&#8243; _module_preset=&#8221;default&#8221; global_colors_info=&#8221;{}&#8221;]<\/p>\n<p><img decoding=\"async\" class=\"wp-image-11401 aligncenter size-full\" src=\"https:\/\/castelldencus.com\/wp-content\/uploads\/2024\/07\/Monovarietals-Bordelesos-1-1024x683_1Jul24.png\" alt=\"\" width=\"1024\" height=\"683\" srcset=\"https:\/\/castelldencus.com\/wp-content\/uploads\/2024\/07\/Monovarietals-Bordelesos-1-1024x683_1Jul24.png 1024w, https:\/\/castelldencus.com\/wp-content\/uploads\/2024\/07\/Monovarietals-Bordelesos-1-1024x683_1Jul24-980x654.png 980w, https:\/\/castelldencus.com\/wp-content\/uploads\/2024\/07\/Monovarietals-Bordelesos-1-1024x683_1Jul24-480x320.png 480w\" sizes=\"(min-width: 0px) and (max-width: 480px) 480px, (min-width: 481px) and (max-width: 980px) 980px, (min-width: 981px) 1024px, 100vw\" \/><\/p>\n<p>[\/et_pb_text][\/et_pb_column][et_pb_column type=&#8221;1_2&#8243; _builder_version=&#8221;4.17.6&#8243; _module_preset=&#8221;default&#8221; global_colors_info=&#8221;{}&#8221;][et_pb_text admin_label=&#8221;Selecci\u00f3 de Vinyes Castell d\u2019Encus&#8221; _builder_version=&#8221;4.25.0&#8243; _module_preset=&#8221;default&#8221; text_font_size=&#8221;18px&#8221; header_2_font_size=&#8221;32px&#8221; header_2_font_size_tablet=&#8221;25px&#8221; header_2_font_size_phone=&#8221;21px&#8221; header_2_font_size_last_edited=&#8221;on|phone&#8221; global_colors_info=&#8221;{}&#8221;]<\/p>\n<h2 style=\"color: #bfa660;\">Selecci\u00f3n de Vinyes Castell d&#8217;Encus<\/h2>\n<p>\u200b<\/p>\n<p style=\"color: #52534b;\"><strong><a style=\"text-decoration: underline; color: #52534b;\" href=\"https:\/\/castelldencus.com\/de\/producto\/saktih\/\">Saktih Petit Verdot<\/a><\/strong>, das Gleichgewicht des Petit Verdot. Ein exklusiver Wein aus einer nicht leicht zu verarbeitenden Sorte, Traube f\u00fcr Traube selektioniert und ausschlie\u00dflich in den steinernen G\u00e4rbottichen fermentiert. Seidig und geradlinig, mit Aromen von Schokolade und einer ausgepr\u00e4gten Balsamnote, ein Sammlerwein.\u200b<\/p>\n<p><strong><a style=\"text-decoration: underline; color: #52534b;\" href=\"https:\/\/castelldencus.com\/en\/producto\/saktih-sauvignon-blanc-2018-english\">Saktih Sauvignon Blanc<\/a><\/strong>, wir hatten schon immer vor, einen Sauvignon Blanc zu produzieren, der kernig, aber gleichzeitig komplex und elegant ist und \u00fcber gro\u00dfes Alterungspotenzial verf\u00fcgt. Ein Wein, der ein toller Begleiter zu besonderen Mahlzeiten ist.<\/p>\n<p>*Sakith bedeutet auf Sanskrit \u201cEnergie\u201d.<\/p>\n<p>[\/et_pb_text][\/et_pb_column][\/et_pb_row][et_pb_row disabled_on=&#8221;off|off|on&#8221; admin_label=&#8221;TABLET\/MOVIL&#8221; module_class=&#8221;box_verde_vino-texto&#8221; _builder_version=&#8221;4.17.6&#8243; _module_preset=&#8221;default&#8221; max_width=&#8221;100%&#8221; global_colors_info=&#8221;{}&#8221;][et_pb_column type=&#8221;4_4&#8243; _builder_version=&#8221;4.17.6&#8243; _module_preset=&#8221;default&#8221; global_colors_info=&#8221;{}&#8221;][et_pb_text admin_label=&#8221;IMG &#8211; Selecci\u00f3 de Vinyes Castell d\u2019Encus&#8221; _builder_version=&#8221;4.25.0&#8243; _module_preset=&#8221;default&#8221; global_colors_info=&#8221;{}&#8221;]<\/p>\n<p><img decoding=\"async\" class=\"aligncenter wp-image-11401 size-full\" src=\"https:\/\/castelldencus.com\/wp-content\/uploads\/2024\/07\/Monovarietals-Bordelesos-1-1024x683_1Jul24.png\" alt=\"\" width=\"1024\" height=\"683\" srcset=\"https:\/\/castelldencus.com\/wp-content\/uploads\/2024\/07\/Monovarietals-Bordelesos-1-1024x683_1Jul24.png 1024w, https:\/\/castelldencus.com\/wp-content\/uploads\/2024\/07\/Monovarietals-Bordelesos-1-1024x683_1Jul24-980x654.png 980w, https:\/\/castelldencus.com\/wp-content\/uploads\/2024\/07\/Monovarietals-Bordelesos-1-1024x683_1Jul24-480x320.png 480w\" sizes=\"(min-width: 0px) and (max-width: 480px) 480px, (min-width: 481px) and (max-width: 980px) 980px, (min-width: 981px) 1024px, 100vw\" \/><\/p>\n<p>[\/et_pb_text][et_pb_text admin_label=&#8221;Selecci\u00f3 de Vinyes Castell d\u2019Encus&#8221; _builder_version=&#8221;4.25.0&#8243; _module_preset=&#8221;default&#8221; text_font_size=&#8221;18px&#8221; header_2_font_size=&#8221;32px&#8221; header_2_font_size_tablet=&#8221;25px&#8221; header_2_font_size_phone=&#8221;21px&#8221; header_2_font_size_last_edited=&#8221;on|phone&#8221; global_colors_info=&#8221;{}&#8221;]<\/p>\n<h2 style=\"color: #bfa660;\">Selecci\u00f3n de Vinyes Castell d&#8217;Encus<\/h2>\n<p>\u200b<\/p>\n<p style=\"color: #52534b;\"><strong><a style=\"text-decoration: underline; color: #52534b;\" href=\"https:\/\/castelldencus.com\/de\/producto\/saktih\/\">Saktih Petit Verdot<\/a><\/strong>, das Gleichgewicht des Petit Verdot. Ein exklusiver Wein aus einer nicht leicht zu verarbeitenden Sorte, Traube f\u00fcr Traube selektioniert und ausschlie\u00dflich in den steinernen G\u00e4rbottichen fermentiert. Seidig und geradlinig, mit Aromen von Schokolade und einer ausgepr\u00e4gten Balsamnote, ein Sammlerwein.\u200b<\/p>\n<p><strong><a style=\"text-decoration: underline; color: #52534b;\" href=\"https:\/\/castelldencus.com\/en\/producto\/saktih-sauvignon-blanc-2018-english\">Saktih Sauvignon Blanc<\/a><\/strong>, wir hatten schon immer vor, einen Sauvignon Blanc zu produzieren, der kernig, aber gleichzeitig komplex und elegant ist und \u00fcber gro\u00dfes Alterungspotenzial verf\u00fcgt. Ein Wein, der ein toller Begleiter zu besonderen Mahlzeiten ist.<\/p>\n<p>*Sakith bedeutet auf Sanskrit \u201cEnergie\u201d.<\/p>\n<p>[\/et_pb_text][\/et_pb_column][\/et_pb_row][\/et_pb_section]<\/p>\n","protected":false},"excerpt":{"rendered":"<p>Signature-Weine von Ra\u00fcl Bobet Wir wollen Weine mit klarer Stilistik produzieren. Den Erhalt von Frische als R\u00fcckgrat und das Vermeiden von \u00dcberreife und \u00dcberextraktion. Wir streben nach Eleganz und Subtilit\u04d3t, ohne dabei die Komplexit\u04d3t und Harmonie unserer Weine zu vernachl\u04d3ssigen. Ohne Zweifel spielt dabei die Qualit\u04d3t der Trauben eine der wichtigsten Rolle.Signature-Weine von Ra\u00fcl Bobet [&hellip;]<\/p>\n","protected":false},"author":6,"featured_media":0,"parent":0,"menu_order":0,"comment_status":"closed","ping_status":"closed","template":"","meta":{"_et_pb_use_builder":"on","_et_pb_old_content":"","_et_gb_content_width":"","footnotes":""},"class_list":["post-8034","page","type-page","status-publish","hentry"],"yoast_head":"<!-- This site is optimized with the Yoast SEO plugin v28.1 - https:\/\/yoast.com\/product\/yoast-seo-wordpress\/ -->\n<title>WEINE - Castell d\u2019Encus<\/title>\n<meta name=\"robots\" content=\"index, follow, max-snippet:-1, max-image-preview:large, max-video-preview:-1\" \/>\n<link rel=\"canonical\" href=\"https:\/\/castelldencus.com\/de\/weine\/\" \/>\n<meta property=\"og:locale\" content=\"de_DE\" \/>\n<meta property=\"og:type\" content=\"article\" \/>\n<meta property=\"og:title\" content=\"WEINE - Castell d\u2019Encus\" \/>\n<meta property=\"og:description\" content=\"Signature-Weine von Ra\u00fcl Bobet Wir wollen Weine mit klarer Stilistik produzieren. Den Erhalt von Frische als R\u00fcckgrat und das Vermeiden von \u00dcberreife und \u00dcberextraktion. Wir streben nach Eleganz und Subtilit\u04d3t, ohne dabei die Komplexit\u04d3t und Harmonie unserer Weine zu vernachl\u04d3ssigen. Ohne Zweifel spielt dabei die Qualit\u04d3t der Trauben eine der wichtigsten Rolle.Signature-Weine von Ra\u00fcl Bobet [&hellip;]\" \/>\n<meta property=\"og:url\" content=\"https:\/\/castelldencus.com\/de\/weine\/\" \/>\n<meta property=\"og:site_name\" content=\"Castell d\u2019Encus\" \/>\n<meta property=\"article:modified_time\" content=\"2024-10-12T08:48:31+00:00\" \/>\n<meta property=\"og:image\" content=\"https:\/\/castelldencus.com\/wp-content\/uploads\/2022\/08\/Botellas-ok_1-e1698060072726.jpg\" \/>\n<meta name=\"twitter:card\" content=\"summary_large_image\" \/>\n<meta name=\"twitter:label1\" content=\"Gesch\u00e4tzte Lesezeit\" \/>\n\t<meta name=\"twitter:data1\" content=\"9\u00a0Minuten\" \/>\n<script type=\"application\/ld+json\" class=\"yoast-schema-graph\">{\"@context\":\"https:\\\/\\\/schema.org\",\"@graph\":[{\"@type\":\"WebPage\",\"@id\":\"https:\\\/\\\/castelldencus.com\\\/de\\\/weine\\\/\",\"url\":\"https:\\\/\\\/castelldencus.com\\\/de\\\/weine\\\/\",\"name\":\"WEINE - Castell d\u2019Encus\",\"isPartOf\":{\"@id\":\"https:\\\/\\\/castelldencus.com\\\/#website\"},\"primaryImageOfPage\":{\"@id\":\"https:\\\/\\\/castelldencus.com\\\/de\\\/weine\\\/#primaryimage\"},\"image\":{\"@id\":\"https:\\\/\\\/castelldencus.com\\\/de\\\/weine\\\/#primaryimage\"},\"thumbnailUrl\":\"https:\\\/\\\/castelldencus.com\\\/wp-content\\\/uploads\\\/2022\\\/08\\\/Botellas-ok_1-e1698060072726.jpg\",\"datePublished\":\"2022-08-03T07:19:10+00:00\",\"dateModified\":\"2024-10-12T08:48:31+00:00\",\"breadcrumb\":{\"@id\":\"https:\\\/\\\/castelldencus.com\\\/de\\\/weine\\\/#breadcrumb\"},\"inLanguage\":\"de\",\"potentialAction\":[{\"@type\":\"ReadAction\",\"target\":[\"https:\\\/\\\/castelldencus.com\\\/de\\\/weine\\\/\"]}]},{\"@type\":\"ImageObject\",\"inLanguage\":\"de\",\"@id\":\"https:\\\/\\\/castelldencus.com\\\/de\\\/weine\\\/#primaryimage\",\"url\":\"https:\\\/\\\/castelldencus.com\\\/wp-content\\\/uploads\\\/2022\\\/08\\\/Botellas-ok_1-e1698060072726.jpg\",\"contentUrl\":\"https:\\\/\\\/castelldencus.com\\\/wp-content\\\/uploads\\\/2022\\\/08\\\/Botellas-ok_1-e1698060072726.jpg\"},{\"@type\":\"BreadcrumbList\",\"@id\":\"https:\\\/\\\/castelldencus.com\\\/de\\\/weine\\\/#breadcrumb\",\"itemListElement\":[{\"@type\":\"ListItem\",\"position\":1,\"name\":\"Home\",\"item\":\"https:\\\/\\\/castelldencus.com\\\/de\\\/\"},{\"@type\":\"ListItem\",\"position\":2,\"name\":\"WEINE\"}]},{\"@type\":\"WebSite\",\"@id\":\"https:\\\/\\\/castelldencus.com\\\/#website\",\"url\":\"https:\\\/\\\/castelldencus.com\\\/\",\"name\":\"Castell d\u2019Encus\",\"description\":\"Celler | Castell d&#039;Encus | Catalu\u00f1a\",\"potentialAction\":[{\"@type\":\"SearchAction\",\"target\":{\"@type\":\"EntryPoint\",\"urlTemplate\":\"https:\\\/\\\/castelldencus.com\\\/?s={search_term_string}\"},\"query-input\":{\"@type\":\"PropertyValueSpecification\",\"valueRequired\":true,\"valueName\":\"search_term_string\"}}],\"inLanguage\":\"de\"}]}<\/script>\n<!-- \/ Yoast SEO plugin. -->","yoast_head_json":{"title":"WEINE - Castell d\u2019Encus","robots":{"index":"index","follow":"follow","max-snippet":"max-snippet:-1","max-image-preview":"max-image-preview:large","max-video-preview":"max-video-preview:-1"},"canonical":"https:\/\/castelldencus.com\/de\/weine\/","og_locale":"de_DE","og_type":"article","og_title":"WEINE - Castell d\u2019Encus","og_description":"Signature-Weine von Ra\u00fcl Bobet Wir wollen Weine mit klarer Stilistik produzieren. Den Erhalt von Frische als R\u00fcckgrat und das Vermeiden von \u00dcberreife und \u00dcberextraktion. Wir streben nach Eleganz und Subtilit\u04d3t, ohne dabei die Komplexit\u04d3t und Harmonie unserer Weine zu vernachl\u04d3ssigen. Ohne Zweifel spielt dabei die Qualit\u04d3t der Trauben eine der wichtigsten Rolle.Signature-Weine von Ra\u00fcl Bobet [&hellip;]","og_url":"https:\/\/castelldencus.com\/de\/weine\/","og_site_name":"Castell d\u2019Encus","article_modified_time":"2024-10-12T08:48:31+00:00","og_image":[{"url":"https:\/\/castelldencus.com\/wp-content\/uploads\/2022\/08\/Botellas-ok_1-e1698060072726.jpg","type":"","width":"","height":""}],"twitter_card":"summary_large_image","twitter_misc":{"Gesch\u00e4tzte Lesezeit":"9\u00a0Minuten"},"schema":{"@context":"https:\/\/schema.org","@graph":[{"@type":"WebPage","@id":"https:\/\/castelldencus.com\/de\/weine\/","url":"https:\/\/castelldencus.com\/de\/weine\/","name":"WEINE - Castell d\u2019Encus","isPartOf":{"@id":"https:\/\/castelldencus.com\/#website"},"primaryImageOfPage":{"@id":"https:\/\/castelldencus.com\/de\/weine\/#primaryimage"},"image":{"@id":"https:\/\/castelldencus.com\/de\/weine\/#primaryimage"},"thumbnailUrl":"https:\/\/castelldencus.com\/wp-content\/uploads\/2022\/08\/Botellas-ok_1-e1698060072726.jpg","datePublished":"2022-08-03T07:19:10+00:00","dateModified":"2024-10-12T08:48:31+00:00","breadcrumb":{"@id":"https:\/\/castelldencus.com\/de\/weine\/#breadcrumb"},"inLanguage":"de","potentialAction":[{"@type":"ReadAction","target":["https:\/\/castelldencus.com\/de\/weine\/"]}]},{"@type":"ImageObject","inLanguage":"de","@id":"https:\/\/castelldencus.com\/de\/weine\/#primaryimage","url":"https:\/\/castelldencus.com\/wp-content\/uploads\/2022\/08\/Botellas-ok_1-e1698060072726.jpg","contentUrl":"https:\/\/castelldencus.com\/wp-content\/uploads\/2022\/08\/Botellas-ok_1-e1698060072726.jpg"},{"@type":"BreadcrumbList","@id":"https:\/\/castelldencus.com\/de\/weine\/#breadcrumb","itemListElement":[{"@type":"ListItem","position":1,"name":"Home","item":"https:\/\/castelldencus.com\/de\/"},{"@type":"ListItem","position":2,"name":"WEINE"}]},{"@type":"WebSite","@id":"https:\/\/castelldencus.com\/#website","url":"https:\/\/castelldencus.com\/","name":"Castell d\u2019Encus","description":"Celler | Castell d&#039;Encus | Catalu\u00f1a","potentialAction":[{"@type":"SearchAction","target":{"@type":"EntryPoint","urlTemplate":"https:\/\/castelldencus.com\/?s={search_term_string}"},"query-input":{"@type":"PropertyValueSpecification","valueRequired":true,"valueName":"search_term_string"}}],"inLanguage":"de"}]}},"rttpg_featured_image_url":null,"rttpg_author":{"display_name":"Admin Evotic","author_link":"https:\/\/castelldencus.com\/de\/author\/administrador\/"},"rttpg_comment":0,"rttpg_category":" <a href=\"https:\/\/castelldencus.com\/de\/?taxonomy=translation_priority&#038;term=optional-de\" rel=\"tag\">Optional<\/a>","rttpg_excerpt":"Signature-Weine von Ra\u00fcl Bobet Wir wollen Weine mit klarer Stilistik produzieren. Den Erhalt von Frische als R\u00fcckgrat und das Vermeiden von \u00dcberreife und \u00dcberextraktion. Wir streben nach Eleganz und Subtilit\u04d3t, ohne dabei die Komplexit\u04d3t und Harmonie unserer Weine zu vernachl\u04d3ssigen. Ohne Zweifel spielt dabei die Qualit\u04d3t der Trauben eine der wichtigsten Rolle.Signature-Weine von Ra\u00fcl Bobet&hellip;","_links":{"self":[{"href":"https:\/\/castelldencus.com\/de\/wp-json\/wp\/v2\/pages\/8034","targetHints":{"allow":["GET"]}}],"collection":[{"href":"https:\/\/castelldencus.com\/de\/wp-json\/wp\/v2\/pages"}],"about":[{"href":"https:\/\/castelldencus.com\/de\/wp-json\/wp\/v2\/types\/page"}],"author":[{"embeddable":true,"href":"https:\/\/castelldencus.com\/de\/wp-json\/wp\/v2\/users\/6"}],"replies":[{"embeddable":true,"href":"https:\/\/castelldencus.com\/de\/wp-json\/wp\/v2\/comments?post=8034"}],"version-history":[{"count":0,"href":"https:\/\/castelldencus.com\/de\/wp-json\/wp\/v2\/pages\/8034\/revisions"}],"wp:attachment":[{"href":"https:\/\/castelldencus.com\/de\/wp-json\/wp\/v2\/media?parent=8034"}],"curies":[{"name":"wp","href":"https:\/\/api.w.org\/{rel}","templated":true}]}}