{"id":7983,"date":"2022-07-27T14:52:00","date_gmt":"2022-07-27T14:52:00","guid":{"rendered":"https:\/\/castelldencus.com\/home\/"},"modified":"2023-11-27T09:13:04","modified_gmt":"2023-11-27T09:13:04","slug":"home","status":"publish","type":"page","link":"https:\/\/castelldencus.com\/de\/","title":{"rendered":"Home"},"content":{"rendered":"<p>[et_pb_section fb_built=&#8221;1&#8243; fullwidth=&#8221;on&#8221; _builder_version=&#8221;4.20.0&#8243; _module_preset=&#8221;default&#8221; locked=&#8221;off&#8221; global_colors_info=&#8221;{}&#8221;][et_pb_fullwidth_code _builder_version=&#8221;4.20.0&#8243; _module_preset=&#8221;default&#8221; hover_enabled=&#8221;0&#8243; global_colors_info=&#8221;{}&#8221; sticky_enabled=&#8221;0&#8243;]<iframe class=\"video_home\" src=\"https:\/\/www.youtube.com\/embed\/yhY8dMl31Zo?autoplay=1&#038;mute=1&#038;loop=0&#038;controls=0&#038;rel=0\" title=\"YouTube video player\" frameborder=\"0\" allow=\"accelerometer; autoplay; clipboard-write; encrypted-media; gyroscope; picture-in-picture; web-share\" allowfullscreen><\/iframe>[\/et_pb_fullwidth_code][\/et_pb_section][et_pb_section fb_built=&#8221;1&#8243; module_class=&#8221;box_azul_pirineus&#8221; _builder_version=&#8221;4.17.6&#8243; _module_preset=&#8221;default&#8221; custom_padding=&#8221;0px||0px||false|false&#8221; global_colors_info=&#8221;{}&#8221; disabled_on=&#8221;on|on|on&#8221; disabled=&#8221;on&#8221;][et_pb_row module_class=&#8221;box_verde_pirineus&#8221; _builder_version=&#8221;4.19.2&#8243; _module_preset=&#8221;default&#8221; background_image=&#8221;https:\/\/castelldencus.com\/wp-content\/uploads\/2022\/12\/2-scaled.jpg&#8221; width=&#8221;100%&#8221; max_width=&#8221;100%&#8221; min_height=&#8221;850px&#8221; min_height_tablet=&#8221;500px&#8221; min_height_phone=&#8221;500px&#8221; min_height_last_edited=&#8221;on|tablet&#8221; custom_padding=&#8221;0px||0px||false|false&#8221; custom_css_main_element=&#8221;margin: 0 auto auto&#8221; global_colors_info=&#8221;{}&#8221;][et_pb_column type=&#8221;4_4&#8243; _builder_version=&#8221;4.19.2&#8243; _module_preset=&#8221;default&#8221; custom_css_main_element=&#8221;margin: 0 auto auto;&#8221; global_colors_info=&#8221;{}&#8221;][et_pb_text admin_label=&#8221;El celler dels Pirineus&#8221; module_class=&#8221;pirineus&#8221; _builder_version=&#8221;4.20.0&#8243; _module_preset=&#8221;default&#8221; header_font_size=&#8221;60px&#8221; background_enable_color=&#8221;off&#8221; position_origin_a=&#8221;top_right&#8221; width=&#8221;100%&#8221; min_height=&#8221;850px&#8221; min_height_tablet=&#8221;500px&#8221; min_height_phone=&#8221;500px&#8221; min_height_last_edited=&#8221;on|tablet&#8221; header_font_size_tablet=&#8221;42px&#8221; header_font_size_phone=&#8221;30px&#8221; header_font_size_last_edited=&#8221;on|phone&#8221; custom_css_main_element=&#8221;margin: 0 auto auto;||padding: 10px 20px 0px 0px;&#8221; global_colors_info=&#8221;{}&#8221;]<\/p>\n<h1 style=\"text-align: right;vertical-align:top; color: #fff;\">Weine aus den Pyren\u04d3en mit pers\u04e7nlicher Handschrift <\/h1>\n<p>[\/et_pb_text][\/et_pb_column][\/et_pb_row][\/et_pb_section][et_pb_section fb_built=&#8221;1&#8243; module_class=&#8221;box_projecte_home&#8221; _builder_version=&#8221;4.17.6&#8243; _module_preset=&#8221;default&#8221; custom_padding=&#8221;0px||0px||false|false&#8221; global_colors_info=&#8221;{}&#8221;][et_pb_row column_structure=&#8221;1_2,1_2&#8243; module_class=&#8221;projecte_home&#8221; _builder_version=&#8221;4.17.6&#8243; _module_preset=&#8221;default&#8221; width=&#8221;100%&#8221; max_width=&#8221;100%&#8221; global_colors_info=&#8221;{}&#8221;][et_pb_column type=&#8221;1_2&#8243; _builder_version=&#8221;4.17.6&#8243; _module_preset=&#8221;default&#8221; global_colors_info=&#8221;{}&#8221;][et_pb_text disabled_on=&#8221;on|on|on&#8221; admin_label=&#8221;EL NAIXEMENT D&#8217;UNA IDEA VITAL&#8230;. PC&#8221; _builder_version=&#8221;4.18.0&#8243; _module_preset=&#8221;default&#8221; text_font_size=&#8221;24px&#8221; text_line_height=&#8221;1em&#8221; header_2_font_size=&#8221;18px&#8221; custom_margin=&#8221;||50px||false|false&#8221; disabled=&#8221;on&#8221; global_colors_info=&#8221;{}&#8221;]<\/p>\n<h2 style=\"color: #BFA660; padding-bottom: 15px;\">EL NAIXEMENT D&#8217;UNA IDEA VITAL<\/h2>\n<h2 style=\"color: #979893;\">EL PROJECTE<\/h2>\n<p style=\"padding-bottom: 20px;\">&nbsp;<\/p>\n<p style=\"color: #272724;\">El naixement d&#8217;un projecte \u00e9s la barreja de diferents<\/p>\n<p style=\"color: #272724;\">factors. En el cas de Castell d&#8217;Encus, el somni, la percepci\u00f3<\/p>\n<p style=\"color: #272724;\">de l&#8217;energia, la troballa d&#8217;all\u00f2 faireb\u00e9 id\u00edl\u00b7lic, la pau, etc&#8230;<\/p>\n<p style=\"color: #272724;\"> s\u00f3n conceptes que han tingut molt de pes. El celler neix<\/p>\n<p style=\"color: #272724;\">amb una clara vaci\u00f3 experimental i amb la missi\u00f3<\/p>\n<p style=\"color: #272724;\"> d&#8217;obtenir vins d&#8217;alta qualitat.<\/p>\n<p>[\/et_pb_text][et_pb_text disabled_on=&#8221;on|on|on&#8221; admin_label=&#8221;EL NAIXEMENT D&#8217;UNA IDEA VITAL&#8230;. PC (ACTUAL)&#8221; _builder_version=&#8221;4.18.0&#8243; _module_preset=&#8221;default&#8221; text_font_size=&#8221;24px&#8221; text_line_height=&#8221;35px&#8221; header_2_font_size=&#8221;18px&#8221; custom_margin=&#8221;||50px||false|false&#8221; disabled=&#8221;on&#8221; global_colors_info=&#8221;{}&#8221;]<\/p>\n<h2 style=\"color: #BFA660; padding-bottom: 15px;\">EL NAIXEMENT D&#8217;UNA IDEA VITAL<\/h2>\n<h2 style=\"color: #979893;\">EL PROJECTE<\/h2>\n<p style=\"padding-bottom: 20px;\">&nbsp;<\/p>\n<p style=\"color: #272724;\">El naixement d\u2019un projecte \u00e9s la barreja de diferents factors. En el cas de Castell d\u2019Encus, el somni, la percepci\u00f3 de l\u2019energia, la troballa d\u2019all\u00f2 gaireb\u00e9 id\u00edl\u00b7lic, la pau, etc\u2026  s\u00f3n conceptes que han tingut molt de pes. El celler neix amb una clara vocaci\u00f3 experimental i amb la missi\u00f3 d\u2019obtenir vins d\u2019alta qualitat.<\/p>\n<p>[\/et_pb_text][et_pb_text disabled_on=&#8221;on|on|off&#8221; admin_label=&#8221;EL NAIXEMENT D&#8217;UNA IDEA VITAL&#8230;. PC&#8221; _builder_version=&#8221;4.20.0&#8243; _module_preset=&#8221;default&#8221; text_font_size=&#8221;24px&#8221; text_line_height=&#8221;35px&#8221; header_2_font_size=&#8221;16px&#8221; header_3_font_size=&#8221;32px&#8221; custom_margin=&#8221;||50px||false|false&#8221; header_2_font_size_tablet=&#8221;32px&#8221; header_2_font_size_phone=&#8221;25px&#8221; header_2_font_size_last_edited=&#8221;off|desktop&#8221; header_3_font_size_tablet=&#8221;32px&#8221; header_3_font_size_phone=&#8221;25px&#8221; header_3_font_size_last_edited=&#8221;on|phone&#8221; global_colors_info=&#8221;{}&#8221;]<\/p>\n<h2 style=\"color: #979893; padding-bottom: 15px;\">PHILOSOPHIE<\/h2>\n<h3 style=\"color: #bfa660;\">Ra\u00fcl Bobet, der Autor und Interpret des Weinbergs<\/h3>\n<p style=\"color: #272724;\">Wir sind davon \u00fcberzeugt, dass gro\u00dfe Weine schon im Weinberg entstehen. Deshalb pflegen wir unsere in einzigartiger Lage wachsenden Weinberge mit gro\u00dfer Hingabe, denn nur so k\u00f6nnen wir au\u00dfergew\u00f6hnliche Weine erzeugen.<\/p>\n<p>[\/et_pb_text][et_pb_text disabled_on=&#8221;on|on|on&#8221; admin_label=&#8221;EL NAIXEMENT D&#8217;UNA IDEA VITAL&#8230;. TABLET\/MOVIL&#8221; _builder_version=&#8221;4.18.0&#8243; _module_preset=&#8221;default&#8221; text_font_size=&#8221;24px&#8221; text_line_height=&#8221;1em&#8221; header_2_font_size=&#8221;18px&#8221; custom_margin=&#8221;||50px||false|false&#8221; disabled=&#8221;on&#8221; global_colors_info=&#8221;{}&#8221;]<\/p>\n<h2 style=\"color: #BFA660; padding-bottom: 15px;\">EL NAIXEMENT D&#8217;UNA IDEA VITAL<\/h2>\n<h2 style=\"color: #979893;\">EL PROJECTE<\/h2>\n<p>&nbsp;<\/p>\n<p>&nbsp;<\/p>\n<p style=\"color: #272724;\">El naixement d&#8217;un projecte \u00e9s la barreja de diferents<\/p>\n<p style=\"color: #272724;\">factors. En el cas de Castell d&#8217;Encus, el somni, la percepci\u00f3<\/p>\n<p style=\"color: #272724;\">de l&#8217;energia, la troballa d&#8217;all\u00f2 faireb\u00e9 id\u00edl\u00b7lic, la pau, etc&#8230;<\/p>\n<p style=\"color: #272724;\"> s\u00f3n conceptes que han tingut molt de pes. El celler neix<\/p>\n<p style=\"color: #272724;\">amb una clara vaci\u00f3 experimental i amb la missi\u00f3<\/p>\n<p style=\"color: #272724;\"> d&#8217;obtenir vins d&#8217;alta qualitat.<\/p>\n<p>[\/et_pb_text][et_pb_text disabled_on=&#8221;on|on|on&#8221; admin_label=&#8221;EL NAIXEMENT D&#8217;UNA IDEA VITAL&#8230;. TABLET\/MOVIL (ACTUAL)&#8221; _builder_version=&#8221;4.18.0&#8243; _module_preset=&#8221;default&#8221; text_font_size=&#8221;24px&#8221; text_line_height=&#8221;35px&#8221; header_2_font_size=&#8221;18px&#8221; custom_margin=&#8221;||50px||false|false&#8221; disabled=&#8221;on&#8221; global_colors_info=&#8221;{}&#8221;]<\/p>\n<h2 style=\"color: #BFA660; padding-bottom: 15px;\">EL NAIXEMENT D&#8217;UNA IDEA VITAL<\/h2>\n<h2 style=\"color: #979893;\">EL PROJECTE<\/h2>\n<p>&nbsp;<\/p>\n<p>&nbsp;<\/p>\n<p style=\"color: #272724;\">El naixement d\u2019un projecte \u00e9s la barreja de diferents factors. En el cas de Castell d\u2019Encus, el somni, la percepci\u00f3 de l\u2019energia, la troballa d\u2019all\u00f2 gaireb\u00e9 id\u00edl\u00b7lic, la pau, etc\u2026  s\u00f3n conceptes que han tingut molt de pes. El celler neix amb una clara vocaci\u00f3 experimental i amb la missi\u00f3 d\u2019obtenir vins d\u2019alta qualitat.<\/p>\n<p>[\/et_pb_text][et_pb_text disabled_on=&#8221;off|off|on&#8221; admin_label=&#8221;EL NAIXEMENT D&#8217;UNA IDEA VITAL&#8230;. TABLET\/MOVIL&#8221; _builder_version=&#8221;4.20.0&#8243; _module_preset=&#8221;default&#8221; text_font_size=&#8221;24px&#8221; text_line_height=&#8221;35px&#8221; header_2_font_size=&#8221;16px&#8221; header_3_font_size=&#8221;32px&#8221; custom_margin=&#8221;||50px||false|false&#8221; header_2_font_size_tablet=&#8221;32px&#8221; header_2_font_size_phone=&#8221;25px&#8221; header_2_font_size_last_edited=&#8221;off|desktop&#8221; header_3_font_size_tablet=&#8221;32px&#8221; header_3_font_size_phone=&#8221;25px&#8221; header_3_font_size_last_edited=&#8221;on|phone&#8221; global_colors_info=&#8221;{}&#8221;]<\/p>\n<h2 style=\"color: #979893; padding-bottom: 15px;\">PHILOSOPHIE<\/h2>\n<h3 style=\"color: #bfa660;\">Ra\u00fcl Bobet, der Autor und Interpret des Weinbergs<\/h3>\n<p>&nbsp;<\/p>\n<p>&nbsp;<\/p>\n<p style=\"color: #272724;\">Wir sind davon \u00fcberzeugt, dass gro\u00dfe Weine schon im Weinberg entstehen. Deshalb pflegen wir unsere in einzigartiger Lage wachsenden Weinberge mit gro\u00dfer Hingabe, denn nur so k\u00f6nnen wir au\u00dfergew\u00f6hnliche Weine erzeugen.<\/p>\n<p>[\/et_pb_text][et_pb_button button_url=&#8221;https:\/\/castelldencus.com\/de\/philosophie\/&#8221; button_text=&#8221;+&#8221; button_alignment=&#8221;left&#8221; admin_label=&#8221;Bot\u00f3n &#8211; DESCOBREIX M\u00c9S&#8221; module_id=&#8221;btn_filosofia&#8221; module_class=&#8221;boton_home&#8221; _builder_version=&#8221;4.20.0&#8243; _module_preset=&#8221;default&#8221; custom_button=&#8221;on&#8221; button_text_size=&#8221;18px&#8221; button_text_color=&#8221;#ffffff&#8221; button_bg_color=&#8221;#272724&#8243; button_border_color=&#8221;#000000&#8243; button_border_radius=&#8221;0px&#8221; button_use_icon=&#8221;off&#8221; custom_padding=&#8221;10px|30px|10px|30px|false|false&#8221; global_colors_info=&#8221;{}&#8221;][\/et_pb_button][\/et_pb_column][et_pb_column type=&#8221;1_2&#8243; _builder_version=&#8221;4.17.6&#8243; _module_preset=&#8221;default&#8221; custom_padding=&#8221;0px||0px||false|false&#8221; global_colors_info=&#8221;{}&#8221;][et_pb_code disabled_on=&#8221;on|on|on&#8221; admin_label=&#8221;Carusel projcte&#8221; module_class=&#8221;carusel&#8221; _builder_version=&#8221;4.17.6&#8243; _module_preset=&#8221;default&#8221; disabled=&#8221;on&#8221; global_colors_info=&#8221;{}&#8221;][slide-anything id=&#8221;74&#8243;][\/et_pb_code][et_pb_code admin_label=&#8221;Carusel projcte&#8221; module_class=&#8221;carusel&#8221; _builder_version=&#8221;4.17.6&#8243; _module_preset=&#8221;default&#8221; global_colors_info=&#8221;{}&#8221;][\/et_pb_code][\/et_pb_column][\/et_pb_row][\/et_pb_section][et_pb_section fb_built=&#8221;1&#8243; module_class=&#8221;box_azul_fruto&#8221; _builder_version=&#8221;4.17.6&#8243; _module_preset=&#8221;default&#8221; custom_padding=&#8221;0px||0px||false|false&#8221; global_colors_info=&#8221;{}&#8221;][et_pb_row column_structure=&#8221;2_3,1_3&#8243; disabled_on=&#8221;on|on|on&#8221; module_class=&#8221;box_verde_fruto&#8221; _builder_version=&#8221;4.17.6&#8243; _module_preset=&#8221;default&#8221; width=&#8221;100%&#8221; max_width=&#8221;100%&#8221; custom_padding=&#8221;0px||0px||false|false&#8221; disabled=&#8221;on&#8221; global_colors_info=&#8221;{}&#8221;][et_pb_column type=&#8221;2_3&#8243; _builder_version=&#8221;4.17.6&#8243; _module_preset=&#8221;default&#8221; global_colors_info=&#8221;{}&#8221;][et_pb_text admin_label=&#8221;EL FRUIT DEL NOSTRE ESFOR\u00c7&#8230;.&#8221; _builder_version=&#8221;4.17.6&#8243; _module_preset=&#8221;default&#8221; text_font_size=&#8221;18px&#8221; text_line_height=&#8221;1em&#8221; header_2_font_size=&#8221;22px&#8221; custom_margin=&#8221;||50px||false|false&#8221; global_colors_info=&#8221;{}&#8221;]<\/p>\n<h2 style=\"color: #BFA660; font-family: 'LFT_Etica_Reg';\">EL FRUIT DEL NOSTRE ESFOR\u00c7<\/h2>\n<p>&nbsp;<\/p>\n<h2 style=\"color: #979893; font-family: 'LFT_Etica_Reg';\">ELS VINS<\/h2>\n<p>&nbsp;<\/p>\n<p>&nbsp;<\/p>\n<p>&nbsp;<\/p>\n<p>&nbsp;<\/p>\n<p>&nbsp;<\/p>\n<p style=\"color: #272724; font-family: 'MinionPro-Regular';\">Tots els vins estan elaborats en petits lots, a fi de respectar la seva<\/p>\n<p style=\"color: #272724; font-family: 'MinionPro-Regular';\">tra\u00e7abilitat i per tant poder tenir m\u00e9s opcions de crear els<\/p>\n<p style=\"color: #272724; font-family: 'MinionPro-Regular';\">assemblatges idonis. Al marge de permetre tenir una bona base<\/p>\n<p style=\"color: #272724; font-family: 'MinionPro-Regular';\">per poder fer-hi recerca, un dels pilars del celler.<\/p>\n<p>[\/et_pb_text][et_pb_button button_text=&#8221;DESCOBREIX M\u00c9S&#8221; button_alignment=&#8221;left&#8221; admin_label=&#8221;Bot\u00f3n &#8211; DESCOBREIX M\u00c9S&#8221; module_class=&#8221;boton_home&#8221; _builder_version=&#8221;4.17.6&#8243; _module_preset=&#8221;default&#8221; custom_button=&#8221;on&#8221; button_text_size=&#8221;12px&#8221; button_text_color=&#8221;#ffffff&#8221; button_bg_color=&#8221;#272724&#8243; button_border_color=&#8221;#000000&#8243; button_border_radius=&#8221;0px&#8221; button_use_icon=&#8221;off&#8221; custom_padding=&#8221;10px|30px|10px|30px|false|false&#8221; global_colors_info=&#8221;{}&#8221;][\/et_pb_button][\/et_pb_column][et_pb_column type=&#8221;1_3&#8243; _builder_version=&#8221;4.17.6&#8243; _module_preset=&#8221;default&#8221; custom_padding=&#8221;0px||0px||false|false&#8221; global_colors_info=&#8221;{}&#8221;][et_pb_text disabled_on=&#8221;on|on|on&#8221; admin_label=&#8221;Imagen&#8221; module_class=&#8221;background_image&#8221; _builder_version=&#8221;4.17.6&#8243; _module_preset=&#8221;default&#8221; background_image=&#8221;https:\/\/castelldencus.com\/wp-content\/uploads\/2022\/07\/CH-artitecturephoto_DSF5247-HDR-scaled.jpg&#8221; disabled=&#8221;on&#8221; global_colors_info=&#8221;{}&#8221;][\/et_pb_text][et_pb_text disabled_on=&#8221;off|off|off&#8221; admin_label=&#8221;Imagen&#8221; module_class=&#8221;background_image&#8221; _builder_version=&#8221;4.17.6&#8243; _module_preset=&#8221;default&#8221; background_enable_image=&#8221;off&#8221; global_colors_info=&#8221;{}&#8221;]<\/p>\n<p><img decoding=\"async\" class=\"aligncenter wp-image-1810 size-full\" src=\"https:\/\/castelldencus.com\/wp-content\/uploads\/2022\/08\/CH-artitecturephoto_DSF4575-HDR-scaled.jpg\" alt=\"\" width=\"2560\" height=\"1707\" srcset=\"https:\/\/castelldencus.com\/wp-content\/uploads\/2022\/08\/CH-artitecturephoto_DSF4575-HDR-scaled.jpg 2560w, https:\/\/castelldencus.com\/wp-content\/uploads\/2022\/08\/CH-artitecturephoto_DSF4575-HDR-1280x854.jpg 1280w, https:\/\/castelldencus.com\/wp-content\/uploads\/2022\/08\/CH-artitecturephoto_DSF4575-HDR-980x653.jpg 980w, https:\/\/castelldencus.com\/wp-content\/uploads\/2022\/08\/CH-artitecturephoto_DSF4575-HDR-480x320.jpg 480w\" sizes=\"(min-width: 0px) and (max-width: 480px) 480px, (min-width: 481px) and (max-width: 980px) 980px, (min-width: 981px) and (max-width: 1280px) 1280px, (min-width: 1281px) 2560px, 100vw\" \/><\/p>\n<p>[\/et_pb_text][\/et_pb_column][\/et_pb_row][et_pb_row column_structure=&#8221;3_5,2_5&#8243; module_class=&#8221;box_verde_fruto&#8221; _builder_version=&#8221;4.17.6&#8243; _module_preset=&#8221;default&#8221; width=&#8221;100%&#8221; max_width=&#8221;100%&#8221; custom_padding=&#8221;0px||0px||false|false&#8221; global_colors_info=&#8221;{}&#8221;][et_pb_column type=&#8221;3_5&#8243; _builder_version=&#8221;4.17.6&#8243; _module_preset=&#8221;default&#8221; global_colors_info=&#8221;{}&#8221;][et_pb_text disabled_on=&#8221;on|on|on&#8221; admin_label=&#8221;EL FRUIT DEL NOSTRE ESFOR\u00c7&#8230;.&#8221; _builder_version=&#8221;4.18.0&#8243; _module_preset=&#8221;default&#8221; text_font_size=&#8221;24px&#8221; text_line_height=&#8221;1em&#8221; header_2_font_size=&#8221;18px&#8221; custom_margin=&#8221;||30px||false|false&#8221; disabled=&#8221;on&#8221; global_colors_info=&#8221;{}&#8221;]<\/p>\n<h2 style=\"color: #BFA660; padding-bottom: 15px;\">EL FRUIT DEL NOSTRE ESFOR\u00c7<\/h2>\n<h2 style=\"color: #979893;\">ELS VINS<\/h2>\n<p style=\"padding-bottom: 20px;\">&nbsp;<\/p>\n<p style=\"color: #272724;\">Tots els vins estan elaborats en petits lots, a fi de respectar la seva<\/p>\n<p style=\"color: #272724;\">tra\u00e7abilitat i per tant poder tenir m\u00e9s opcions de crear els<\/p>\n<p style=\"color: #272724;\">assemblatges idonis. Al marge de permetre tenir una bona base<\/p>\n<p style=\"color: #272724;\">per poder fer-hi recerca, un dels pilars del celler.<\/p>\n<p>[\/et_pb_text][et_pb_text disabled_on=&#8221;on|on|on&#8221; admin_label=&#8221;EL FRUIT DEL NOSTRE ESFOR\u00c7&#8230;. (ACTUAL)&#8221; _builder_version=&#8221;4.20.0&#8243; _module_preset=&#8221;default&#8221; text_font_size=&#8221;24px&#8221; text_line_height=&#8221;35px&#8221; header_2_font_size=&#8221;18px&#8221; custom_margin=&#8221;||30px||false|false&#8221; disabled=&#8221;on&#8221; global_colors_info=&#8221;{}&#8221;]<\/p>\n<h2 style=\"color: #BFA660; padding-bottom: 15px;\">EL FRUIT DEL NOSTRE ESFOR\u00c7<\/h2>\n<h2 style=\"color: #979893;\">ELS VINS<\/h2>\n<p style=\"padding-bottom: 20px;\">&nbsp;<\/p>\n<p style=\"color: #272724;\">Tots els vins estan elaborats en petits lots, a fi de respectar la seva tra\u00e7abilitat i per tant poder tenir m\u00e9s opcions de crear els assemblatges idonis. Al marge de permetre tenir una bona base per poder fer-hi recerca, un dels pilars del celler.<\/p>\n<p>[\/et_pb_text][et_pb_text admin_label=&#8221;EL FRUIT DEL NOSTRE ESFOR\u00c7&#8230;.&#8221; _builder_version=&#8221;4.20.0&#8243; _module_preset=&#8221;default&#8221; text_font_size=&#8221;24px&#8221; text_line_height=&#8221;35px&#8221; header_2_font_size=&#8221;16px&#8221; header_3_font_size=&#8221;32px&#8221; custom_margin=&#8221;||30px||false|false&#8221; header_2_font_size_tablet=&#8221;32px&#8221; header_2_font_size_phone=&#8221;25px&#8221; header_2_font_size_last_edited=&#8221;off|phone&#8221; header_3_font_size_tablet=&#8221;32px&#8221; header_3_font_size_phone=&#8221;25px&#8221; header_3_font_size_last_edited=&#8221;on|phone&#8221; global_colors_info=&#8221;{}&#8221;]<\/p>\n<h2 style=\"color: #979893; padding-bottom: 15px;\">WEINE<\/h2>\n<h3 style=\"color: #bfa660;\">Die Frucht unserer Anstrengungen<\/h3>\n<p style=\"padding-bottom: 20px;\">\n<p style=\"color: #272724;\">Wei\u00dfweine, Rotweine, Ros\u00e9weine, traditionell erzeugte Schaumweine, liebliche und halbtrockene Weine verk\u00f6rpern den Anspruch unseres Weinguts. Verschiedenste Traubensorten, Ausbautechniken und -stile. Autorenweine aus den Pyren\u00e4en von Ra\u00fcl Bobet.<\/p>\n<p>[\/et_pb_text][et_pb_button button_url=&#8221;https:\/\/castelldencus.com\/de\/weine\/&#8221; button_text=&#8221;+&#8221; button_alignment=&#8221;left&#8221; admin_label=&#8221;Bot\u00f3n &#8211; DESCOBREIX M\u00c9S&#8221; module_id=&#8221;btn_vinos&#8221; module_class=&#8221;boton_home&#8221; _builder_version=&#8221;4.20.0&#8243; _module_preset=&#8221;default&#8221; custom_button=&#8221;on&#8221; button_text_size=&#8221;18px&#8221; button_text_color=&#8221;#ffffff&#8221; button_bg_color=&#8221;#272724&#8243; button_border_color=&#8221;#000000&#8243; button_border_radius=&#8221;0px&#8221; button_use_icon=&#8221;off&#8221; custom_padding=&#8221;10px|30px|10px|30px|false|false&#8221; global_colors_info=&#8221;{}&#8221;][\/et_pb_button][\/et_pb_column][et_pb_column type=&#8221;2_5&#8243; _builder_version=&#8221;4.17.6&#8243; _module_preset=&#8221;default&#8221; custom_padding=&#8221;0px||0px||false|false&#8221; global_colors_info=&#8221;{}&#8221;][et_pb_text disabled_on=&#8221;on|on|on&#8221; admin_label=&#8221;Imagen&#8221; module_class=&#8221;background_image&#8221; _builder_version=&#8221;4.17.6&#8243; _module_preset=&#8221;default&#8221; background_image=&#8221;https:\/\/castelldencus.com\/wp-content\/uploads\/2022\/07\/CH-artitecturephoto_DSF5247-HDR-scaled.jpg&#8221; disabled=&#8221;on&#8221; global_colors_info=&#8221;{}&#8221;][\/et_pb_text][et_pb_text disabled_on=&#8221;off|off|off&#8221; admin_label=&#8221;Imagen&#8221; module_class=&#8221;background_image&#8221; _builder_version=&#8221;4.19.2&#8243; _module_preset=&#8221;default&#8221; background_enable_image=&#8221;off&#8221; global_colors_info=&#8221;{}&#8221;]<\/p>\n<p><img decoding=\"async\" class=\"aligncenter wp-image-1810 size-full\" src=\"https:\/\/castelldencus.com\/wp-content\/uploads\/2022\/08\/CH-artitecturephoto_DSF4575-HDR-scaled.jpg\" alt=\"Sala de botes amb 3 foudres al fons\" title=\"Sala de botes amb 3 foudres al fons\" width=\"2560\" height=\"1707\" srcset=\"https:\/\/castelldencus.com\/wp-content\/uploads\/2022\/08\/CH-artitecturephoto_DSF4575-HDR-scaled.jpg 2560w, https:\/\/castelldencus.com\/wp-content\/uploads\/2022\/08\/CH-artitecturephoto_DSF4575-HDR-1280x854.jpg 1280w, https:\/\/castelldencus.com\/wp-content\/uploads\/2022\/08\/CH-artitecturephoto_DSF4575-HDR-980x653.jpg 980w, https:\/\/castelldencus.com\/wp-content\/uploads\/2022\/08\/CH-artitecturephoto_DSF4575-HDR-480x320.jpg 480w\" sizes=\"(min-width: 0px) and (max-width: 480px) 480px, (min-width: 481px) and (max-width: 980px) 980px, (min-width: 981px) and (max-width: 1280px) 1280px, (min-width: 1281px) 2560px, 100vw\" \/><\/p>\n<p>[\/et_pb_text][\/et_pb_column][\/et_pb_row][\/et_pb_section][et_pb_section fb_built=&#8221;1&#8243; disabled_on=&#8221;on|on|on&#8221; module_class=&#8221;box_azul_botiga&#8221; _builder_version=&#8221;4.17.6&#8243; _module_preset=&#8221;default&#8221; disabled=&#8221;on&#8221; global_colors_info=&#8221;{}&#8221;][et_pb_row column_structure=&#8221;1_2,1_2&#8243; module_class=&#8221;box_verde_botiga&#8221; _builder_version=&#8221;4.17.6&#8243; _module_preset=&#8221;default&#8221; width=&#8221;90%&#8221; max_width=&#8221;100%&#8221; custom_padding=&#8221;0px||||false|false&#8221; global_colors_info=&#8221;{}&#8221;][et_pb_column type=&#8221;1_2&#8243; _builder_version=&#8221;4.17.6&#8243; _module_preset=&#8221;default&#8221; global_colors_info=&#8221;{}&#8221;][et_pb_text admin_label=&#8221;Botiga&#8221; _builder_version=&#8221;4.17.6&#8243; _module_preset=&#8221;default&#8221; header_2_font_size=&#8221;30px&#8221; header_2_font_size_tablet=&#8221;25px&#8221; header_2_font_size_phone=&#8221;22px&#8221; header_2_font_size_last_edited=&#8221;on|phone&#8221; global_colors_info=&#8221;{}&#8221;]<\/p>\n<h2 style=\"color: #272724; font-family: 'LFT_Etica_Reg';\">Botiga<\/h2>\n<p>[\/et_pb_text][\/et_pb_column][et_pb_column type=&#8221;1_2&#8243; _builder_version=&#8221;4.17.6&#8243; _module_preset=&#8221;default&#8221; global_colors_info=&#8221;{}&#8221;][et_pb_text admin_label=&#8221;Vuere mes&#8221; _builder_version=&#8221;4.17.6&#8243; _module_preset=&#8221;default&#8221; global_colors_info=&#8221;{}&#8221;]<\/p>\n<p style=\"text-align: right;  font-family: 'LFT_Etica_Reg';\"><a style=\"color: #979893;\" href=\"https:\/\/castelldencus.com\/botiga\/\"><i class=\"fa fa-arrow-right\"><\/i> Veure tots<\/a><\/p>\n<p>[\/et_pb_text][\/et_pb_column][\/et_pb_row][et_pb_row module_class=&#8221;box_verde_botiga&#8221; _builder_version=&#8221;4.17.6&#8243; _module_preset=&#8221;default&#8221; width=&#8221;90%&#8221; max_width=&#8221;100%&#8221; custom_padding=&#8221;0px||0px||false|false&#8221; global_colors_info=&#8221;{}&#8221;][et_pb_column type=&#8221;4_4&#8243; _builder_version=&#8221;4.17.6&#8243; _module_preset=&#8221;default&#8221; global_colors_info=&#8221;{}&#8221;][et_pb_shop type=&#8221;product_category&#8221; posts_number=&#8221;4&#8243; include_categories=&#8221;206&#8243; columns_number=&#8221;4&#8243; show_price=&#8221;off&#8221; show_rating=&#8221;off&#8221; module_class=&#8221;botiga&#8221; _builder_version=&#8221;4.17.6&#8243; _module_preset=&#8221;default&#8221; global_colors_info=&#8221;{}&#8221;][\/et_pb_shop][\/et_pb_column][\/et_pb_row][\/et_pb_section][et_pb_section fb_built=&#8221;1&#8243; _builder_version=&#8221;4.17.6&#8243; _module_preset=&#8221;default&#8221; global_colors_info=&#8221;{}&#8221;][et_pb_row _builder_version=&#8221;4.17.6&#8243; _module_preset=&#8221;default&#8221; width=&#8221;95%&#8221; max_width=&#8221;100%&#8221; global_colors_info=&#8221;{}&#8221;][et_pb_column type=&#8221;4_4&#8243; _builder_version=&#8221;4.17.6&#8243; _module_preset=&#8221;default&#8221; global_colors_info=&#8221;{}&#8221;][et_pb_text admin_label=&#8221;IMG&#8221; _builder_version=&#8221;4.19.2&#8243; _module_preset=&#8221;default&#8221; locked=&#8221;off&#8221; global_colors_info=&#8221;{}&#8221;]<img decoding=\"async\" class=\"aligncenter wp-image-1804 size-full\" src=\"https:\/\/castelldencus.com\/wp-content\/uploads\/2022\/08\/artitecturephoto_DSF2440-scaled.jpg\" alt=\"Detall de la vinya amb la Conca de Tremp al fons\" title=\"Detall de la vinya amb la Conca de Tremp al fons\" width=\"2560\" height=\"1707\" srcset=\"https:\/\/castelldencus.com\/wp-content\/uploads\/2022\/08\/artitecturephoto_DSF2440-scaled.jpg 2560w, https:\/\/castelldencus.com\/wp-content\/uploads\/2022\/08\/artitecturephoto_DSF2440-1280x854.jpg 1280w, https:\/\/castelldencus.com\/wp-content\/uploads\/2022\/08\/artitecturephoto_DSF2440-980x653.jpg 980w, https:\/\/castelldencus.com\/wp-content\/uploads\/2022\/08\/artitecturephoto_DSF2440-480x320.jpg 480w\" sizes=\"(min-width: 0px) and (max-width: 480px) 480px, (min-width: 481px) and (max-width: 980px) 980px, (min-width: 981px) and (max-width: 1280px) 1280px, (min-width: 1281px) 2560px, 100vw\" \/>[\/et_pb_text][\/et_pb_column][\/et_pb_row][\/et_pb_section][et_pb_section fb_built=&#8221;1&#8243; disabled_on=&#8221;on|on|on&#8221; module_class=&#8221;box_azul_botiga&#8221; _builder_version=&#8221;4.17.6&#8243; _module_preset=&#8221;default&#8221; disabled=&#8221;on&#8221; global_colors_info=&#8221;{}&#8221;][et_pb_row column_structure=&#8221;1_2,1_2&#8243; module_class=&#8221;box_verde_botiga&#8221; _builder_version=&#8221;4.17.6&#8243; _module_preset=&#8221;default&#8221; width=&#8221;90%&#8221; max_width=&#8221;100%&#8221; custom_padding=&#8221;0px||||false|false&#8221; global_colors_info=&#8221;{}&#8221;][et_pb_column type=&#8221;1_2&#8243; _builder_version=&#8221;4.17.6&#8243; _module_preset=&#8221;default&#8221; global_colors_info=&#8221;{}&#8221;][et_pb_text admin_label=&#8221;Botiga&#8221; module_class=&#8221;botiga&#8221; _builder_version=&#8221;4.18.0&#8243; _module_preset=&#8221;default&#8221; header_2_font_size=&#8221;30px&#8221; header_2_font_size_tablet=&#8221;25px&#8221; header_2_font_size_phone=&#8221;22px&#8221; header_2_font_size_last_edited=&#8221;on|phone&#8221; global_colors_info=&#8221;{}&#8221;]<\/p>\n<h2 style=\"color: #272724;\">Botiga<\/h2>\n<p>[\/et_pb_text][\/et_pb_column][et_pb_column type=&#8221;1_2&#8243; _builder_version=&#8221;4.17.6&#8243; _module_preset=&#8221;default&#8221; global_colors_info=&#8221;{}&#8221;][et_pb_text admin_label=&#8221;VEURE TOTS&#8221; module_class=&#8221;veure-tots&#8221; _builder_version=&#8221;4.20.0&#8243; _module_preset=&#8221;default&#8221; global_colors_info=&#8221;{}&#8221;]<\/p>\n<p style=\"text-align: right;\"><a style=\"color: #979893;\" href=\"https:\/\/castelldencus.com\/botiga\/\" arial-label=\"Anar a la botiga\"><i class=\"fa fa-arrow-right\" style=\"color: #6A6B66;\"><\/i> VEURE TOTS<\/a><\/p>\n<p>[\/et_pb_text][\/et_pb_column][\/et_pb_row][et_pb_row module_class=&#8221;box_verde_botiga&#8221; _builder_version=&#8221;4.17.6&#8243; _module_preset=&#8221;default&#8221; width=&#8221;90%&#8221; max_width=&#8221;100%&#8221; custom_padding=&#8221;0px||0px||false|false&#8221; global_colors_info=&#8221;{}&#8221;][et_pb_column type=&#8221;4_4&#8243; _builder_version=&#8221;4.17.6&#8243; _module_preset=&#8221;default&#8221; global_colors_info=&#8221;{}&#8221;][et_pb_shop type=&#8221;product_category&#8221; posts_number=&#8221;4&#8243; include_categories=&#8221;206&#8243; columns_number=&#8221;4&#8243; show_rating=&#8221;off&#8221; module_class=&#8221;botiga&#8221; _builder_version=&#8221;4.18.0&#8243; _module_preset=&#8221;default&#8221; global_colors_info=&#8221;{}&#8221;][\/et_pb_shop][\/et_pb_column][\/et_pb_row][\/et_pb_section][et_pb_section fb_built=&#8221;1&#8243; module_class=&#8221;box_azul_vins-activitats&#8221; _builder_version=&#8221;4.17.6&#8243; _module_preset=&#8221;default&#8221; custom_padding=&#8221;0px||0px||false|false&#8221; locked=&#8221;off&#8221; global_colors_info=&#8221;{}&#8221;][et_pb_row column_structure=&#8221;1_2,1_2&#8243; module_class=&#8221;box_verde_vins-activitats&#8221; _builder_version=&#8221;4.17.6&#8243; _module_preset=&#8221;default&#8221; width=&#8221;100%&#8221; max_width=&#8221;100%&#8221; custom_padding=&#8221;0px||0px||false|false&#8221; global_colors_info=&#8221;{}&#8221;][et_pb_column type=&#8221;1_2&#8243; _builder_version=&#8221;4.17.6&#8243; _module_preset=&#8221;default&#8221; global_colors_info=&#8221;{}&#8221;][et_pb_text disabled_on=&#8221;on|on|on&#8221; admin_label=&#8221;VINS, ACTIVITATS I EVENTS EXCLUSIUS&#8230;.&#8221; _builder_version=&#8221;4.18.0&#8243; _module_preset=&#8221;default&#8221; text_font_size=&#8221;24px&#8221; text_line_height=&#8221;1em&#8221; header_2_font_size=&#8221;18px&#8221; custom_margin=&#8221;||50px||false|false&#8221; disabled=&#8221;on&#8221; global_colors_info=&#8221;{}&#8221;]<\/p>\n<h2 style=\"color: #BFA660; padding-bottom: 15px;\">VINS, ACTIVITATS I EVENTS EXCLUSIUS<\/h2>\n<h2 style=\"color: #979893;\">EL CLUB D&#8217;ENC\u00daS<\/h2>\n<p style=\"padding-bottom: 20px;\">&nbsp;<\/p>\n<p style=\"color: #272724;\">Des de Casstell d&#8217;Encus us volem fer part\u00edcips del nostre<\/p>\n<p style=\"color: #272724;\"> projecte. A trav\u00e9s del Club d&#8217;Amics podreu gaudir de<\/p>\n<p style=\"color: #272724;\">tastos exclusius, participar en esdeveniments, comprar<\/p>\n<p style=\"color: #272724;\">vins experimentals&#8230;<\/p>\n<p>[\/et_pb_text][et_pb_text admin_label=&#8221;EL CLUB D&#8217;ENCUS&#8230;.&#8221; _builder_version=&#8221;4.20.0&#8243; _module_preset=&#8221;default&#8221; text_font_size=&#8221;24px&#8221; text_line_height=&#8221;35px&#8221; header_2_font_size=&#8221;16px&#8221; header_3_font_size=&#8221;32px&#8221; custom_margin=&#8221;||50px||false|false&#8221; header_2_font_size_tablet=&#8221;32px&#8221; header_2_font_size_phone=&#8221;25px&#8221; header_2_font_size_last_edited=&#8221;off|desktop&#8221; header_3_font_size_tablet=&#8221;32px&#8221; header_3_font_size_phone=&#8221;25px&#8221; header_3_font_size_last_edited=&#8221;on|phone&#8221; global_colors_info=&#8221;{}&#8221;]<\/p>\n<h2 style=\"color: #979893; padding-bottom: 15px;\">DER CLUB D&#8217;ENCUS<\/h2>\n<h3 style=\"color: #BFA660;\">Weine, Aktivit\u04d3ten und exklusive Veranstaltungen<\/h3>\n<p style=\"padding-bottom: 20px;\">&nbsp;<\/p>\n<p style=\"color: #272724;\">Wir von Castell d&#8217;Encus, m\u00f6chten Sie an unserem Projekt teilhaben lassen. Durch den Club der Freunde k\u00f6nnen Sie exklusive Verkostungen genie\u00dfen, an Veranstaltungen teilnehmen und experimentelle Weine erwerben\u2026<\/p>\n<p>[\/et_pb_text][et_pb_button button_url=&#8221;https:\/\/castelldencus.com\/de\/der-club\/&#8221; button_text=&#8221;DEM CLUB ANSCHLIE\u0392EN&#8221; button_alignment=&#8221;left&#8221; admin_label=&#8221;Bot\u00f3n &#8211; UNIR-TE AL CLUB&#8221; module_class=&#8221;boton_home&#8221; _builder_version=&#8221;4.20.0&#8243; _module_preset=&#8221;default&#8221; custom_button=&#8221;on&#8221; button_text_size=&#8221;12px&#8221; button_text_color=&#8221;#FFFFFF&#8221; button_bg_color=&#8221;#272724&#8243; button_border_color=&#8221;#000000&#8243; button_border_radius=&#8221;0px&#8221; button_use_icon=&#8221;off&#8221; custom_padding=&#8221;10px|30px|10px|30px|false|false&#8221; global_colors_info=&#8221;{}&#8221;][\/et_pb_button][\/et_pb_column][et_pb_column type=&#8221;1_2&#8243; _builder_version=&#8221;4.17.6&#8243; _module_preset=&#8221;default&#8221; custom_padding=&#8221;0px||0px||false|false&#8221; global_colors_info=&#8221;{}&#8221;][et_pb_text disabled_on=&#8221;on|on|on&#8221; admin_label=&#8221;Imagen&#8221; module_class=&#8221;background_image&#8221; _builder_version=&#8221;4.17.6&#8243; _module_preset=&#8221;default&#8221; background_image=&#8221;https:\/\/castelldencus.com\/wp-content\/uploads\/2022\/07\/artitecturephoto_DSF2048-min-scaled.jpg&#8221; disabled=&#8221;on&#8221; global_colors_info=&#8221;{}&#8221;][\/et_pb_text][et_pb_text admin_label=&#8221;IMAGEN&#8221; _builder_version=&#8221;4.19.2&#8243; _module_preset=&#8221;default&#8221; global_colors_info=&#8221;{}&#8221;]<img decoding=\"async\" class=\"aligncenter wp-image-1792 size-full\" src=\"https:\/\/castelldencus.com\/wp-content\/uploads\/2022\/08\/scott-warman-rrYF1RfotSM-unsplash.jpg\" alt=\"Brindis de copes amb vi\" title=\"Brindis de copes amb vi\" width=\"2400\" height=\"1600\" srcset=\"https:\/\/castelldencus.com\/wp-content\/uploads\/2022\/08\/scott-warman-rrYF1RfotSM-unsplash.jpg 2400w, https:\/\/castelldencus.com\/wp-content\/uploads\/2022\/08\/scott-warman-rrYF1RfotSM-unsplash-1280x853.jpg 1280w, https:\/\/castelldencus.com\/wp-content\/uploads\/2022\/08\/scott-warman-rrYF1RfotSM-unsplash-980x653.jpg 980w, https:\/\/castelldencus.com\/wp-content\/uploads\/2022\/08\/scott-warman-rrYF1RfotSM-unsplash-480x320.jpg 480w\" sizes=\"(min-width: 0px) and (max-width: 480px) 480px, (min-width: 481px) and (max-width: 980px) 980px, (min-width: 981px) and (max-width: 1280px) 1280px, (min-width: 1281px) 2400px, 100vw\" \/>[\/et_pb_text][\/et_pb_column][\/et_pb_row][\/et_pb_section][et_pb_section fb_built=&#8221;1&#8243; module_class=&#8221;box_azul_blog&#8221; _builder_version=&#8221;4.17.6&#8243; _module_preset=&#8221;default&#8221; global_colors_info=&#8221;{}&#8221;][et_pb_row column_structure=&#8221;1_2,1_2&#8243; module_class=&#8221;box_verde_blog&#8221; _builder_version=&#8221;4.17.6&#8243; _module_preset=&#8221;default&#8221; max_width=&#8221;100%&#8221; global_colors_info=&#8221;{}&#8221;][et_pb_column type=&#8221;1_2&#8243; _builder_version=&#8221;4.17.6&#8243; _module_preset=&#8221;default&#8221; global_colors_info=&#8221;{}&#8221;][et_pb_text admin_label=&#8221;Ci\u00e8ncia i recerca&#8221; module_class=&#8221;ciencia&#8221; _builder_version=&#8221;4.20.0&#8243; _module_preset=&#8221;default&#8221; header_2_font_size=&#8221;30px&#8221; header_2_font_size_tablet=&#8221;25px&#8221; header_2_font_size_phone=&#8221;20px&#8221; header_2_font_size_last_edited=&#8221;on|phone&#8221; global_colors_info=&#8221;{}&#8221;]<\/p>\n<h2 style=\"color: #272724;\">Wissenschaft und Forschung<\/h2>\n<p>[\/et_pb_text][\/et_pb_column][et_pb_column type=&#8221;1_2&#8243; _builder_version=&#8221;4.17.6&#8243; _module_preset=&#8221;default&#8221; global_colors_info=&#8221;{}&#8221;][et_pb_text admin_label=&#8221;Entrar al blog&#8221; module_class=&#8221;entrar-blog&#8221; _builder_version=&#8221;4.20.0&#8243; _module_preset=&#8221;default&#8221; locked=&#8221;off&#8221; global_colors_info=&#8221;{}&#8221;]<\/p>\n<p style=\"text-align: right; color: #979893;\"><a style=\"color: #979893;\" href=\"https:\/\/castelldencus.com\/de\/posts\/\"><i class=\"fa fa-arrow-right\" style=\"color: #6a6b66;\"><\/i> ZUM BLOG GEHEN<\/a><\/p>\n<p>[\/et_pb_text][\/et_pb_column][\/et_pb_row][et_pb_row module_class=&#8221;box_verde_blog&#8221; _builder_version=&#8221;4.17.6&#8243; _module_preset=&#8221;default&#8221; max_width=&#8221;100%&#8221; global_colors_info=&#8221;{}&#8221;][et_pb_column type=&#8221;4_4&#8243; _builder_version=&#8221;4.17.6&#8243; _module_preset=&#8221;default&#8221; global_colors_info=&#8221;{}&#8221;][et_pb_blog fullwidth=&#8221;off&#8221; posts_number=&#8221;4&#8243; include_categories=&#8221;3&#8243; show_date=&#8221;off&#8221; show_categories=&#8221;off&#8221; show_pagination=&#8221;off&#8221; module_class=&#8221;blog&#8221; _builder_version=&#8221;4.17.6&#8243; _module_preset=&#8221;default&#8221; custom_css_main_element=&#8221;column-count: 2;||column-gap: 0px;&#8221; global_colors_info=&#8221;{}&#8221;][\/et_pb_blog][\/et_pb_column][\/et_pb_row][\/et_pb_section]<\/p>\n","protected":false},"excerpt":{"rendered":"<p>Weine aus den Pyren\u04d3en mit pers\u04e7nlicher Handschrift EL NAIXEMENT D&#8217;UNA IDEA VITAL EL PROJECTE &nbsp; El naixement d&#8217;un projecte \u00e9s la barreja de diferents factors. En el cas de Castell d&#8217;Encus, el somni, la percepci\u00f3 de l&#8217;energia, la troballa d&#8217;all\u00f2 faireb\u00e9 id\u00edl\u00b7lic, la pau, etc&#8230; s\u00f3n conceptes que han tingut molt de pes. El celler [&hellip;]<\/p>\n","protected":false},"author":6,"featured_media":0,"parent":0,"menu_order":0,"comment_status":"closed","ping_status":"closed","template":"","meta":{"_et_pb_use_builder":"on","_et_pb_old_content":"","_et_gb_content_width":"","footnotes":""},"class_list":["post-7983","page","type-page","status-publish","hentry"],"yoast_head":"<!-- This site is optimized with the Yoast SEO plugin v28.1 - https:\/\/yoast.com\/product\/yoast-seo-wordpress\/ -->\n<title>Home - Castell d\u2019Encus<\/title>\n<meta name=\"robots\" content=\"index, follow, max-snippet:-1, max-image-preview:large, max-video-preview:-1\" \/>\n<link rel=\"canonical\" href=\"https:\/\/castelldencus.com\/de\/\" \/>\n<meta property=\"og:locale\" content=\"de_DE\" \/>\n<meta property=\"og:type\" content=\"article\" \/>\n<meta property=\"og:title\" content=\"Home - Castell d\u2019Encus\" \/>\n<meta property=\"og:description\" content=\"Weine aus den Pyren\u04d3en mit pers\u04e7nlicher Handschrift EL NAIXEMENT D&#039;UNA IDEA VITAL EL PROJECTE &nbsp; El naixement d&#039;un projecte \u00e9s la barreja de diferents factors. En el cas de Castell d&#039;Encus, el somni, la percepci\u00f3 de l&#039;energia, la troballa d&#039;all\u00f2 faireb\u00e9 id\u00edl\u00b7lic, la pau, etc... s\u00f3n conceptes que han tingut molt de pes. El celler [&hellip;]\" \/>\n<meta property=\"og:url\" content=\"https:\/\/castelldencus.com\/de\/\" \/>\n<meta property=\"og:site_name\" content=\"Castell d\u2019Encus\" \/>\n<meta property=\"article:modified_time\" content=\"2023-11-27T09:13:04+00:00\" \/>\n<meta property=\"og:image\" content=\"https:\/\/castelldencus.com\/wp-content\/uploads\/2022\/08\/CH-artitecturephoto_DSF4575-HDR-scaled.jpg\" \/>\n<meta name=\"twitter:card\" content=\"summary_large_image\" \/>\n<meta name=\"twitter:label1\" content=\"Gesch\u00e4tzte Lesezeit\" \/>\n\t<meta name=\"twitter:data1\" content=\"8\u00a0Minuten\" \/>\n<script type=\"application\/ld+json\" class=\"yoast-schema-graph\">{\"@context\":\"https:\\\/\\\/schema.org\",\"@graph\":[{\"@type\":\"WebPage\",\"@id\":\"https:\\\/\\\/castelldencus.com\\\/de\\\/\",\"url\":\"https:\\\/\\\/castelldencus.com\\\/de\\\/\",\"name\":\"Home - Castell d\u2019Encus\",\"isPartOf\":{\"@id\":\"https:\\\/\\\/castelldencus.com\\\/#website\"},\"primaryImageOfPage\":{\"@id\":\"https:\\\/\\\/castelldencus.com\\\/de\\\/#primaryimage\"},\"image\":{\"@id\":\"https:\\\/\\\/castelldencus.com\\\/de\\\/#primaryimage\"},\"thumbnailUrl\":\"https:\\\/\\\/castelldencus.com\\\/wp-content\\\/uploads\\\/2022\\\/08\\\/CH-artitecturephoto_DSF4575-HDR-scaled.jpg\",\"datePublished\":\"2022-07-27T14:52:00+00:00\",\"dateModified\":\"2023-11-27T09:13:04+00:00\",\"breadcrumb\":{\"@id\":\"https:\\\/\\\/castelldencus.com\\\/de\\\/#breadcrumb\"},\"inLanguage\":\"de\",\"potentialAction\":[{\"@type\":\"ReadAction\",\"target\":[\"https:\\\/\\\/castelldencus.com\\\/de\\\/\"]}]},{\"@type\":\"ImageObject\",\"inLanguage\":\"de\",\"@id\":\"https:\\\/\\\/castelldencus.com\\\/de\\\/#primaryimage\",\"url\":\"https:\\\/\\\/castelldencus.com\\\/wp-content\\\/uploads\\\/2022\\\/08\\\/CH-artitecturephoto_DSF4575-HDR-scaled.jpg\",\"contentUrl\":\"https:\\\/\\\/castelldencus.com\\\/wp-content\\\/uploads\\\/2022\\\/08\\\/CH-artitecturephoto_DSF4575-HDR-scaled.jpg\"},{\"@type\":\"BreadcrumbList\",\"@id\":\"https:\\\/\\\/castelldencus.com\\\/de\\\/#breadcrumb\",\"itemListElement\":[{\"@type\":\"ListItem\",\"position\":1,\"name\":\"Home\",\"item\":\"https:\\\/\\\/castelldencus.com\\\/de\\\/\"},{\"@type\":\"ListItem\",\"position\":2,\"name\":\"Home\"}]},{\"@type\":\"WebSite\",\"@id\":\"https:\\\/\\\/castelldencus.com\\\/#website\",\"url\":\"https:\\\/\\\/castelldencus.com\\\/\",\"name\":\"Castell d\u2019Encus\",\"description\":\"Celler | Castell d&#039;Encus | Catalu\u00f1a\",\"potentialAction\":[{\"@type\":\"SearchAction\",\"target\":{\"@type\":\"EntryPoint\",\"urlTemplate\":\"https:\\\/\\\/castelldencus.com\\\/?s={search_term_string}\"},\"query-input\":{\"@type\":\"PropertyValueSpecification\",\"valueRequired\":true,\"valueName\":\"search_term_string\"}}],\"inLanguage\":\"de\"}]}<\/script>\n<!-- \/ Yoast SEO plugin. -->","yoast_head_json":{"title":"Home - Castell d\u2019Encus","robots":{"index":"index","follow":"follow","max-snippet":"max-snippet:-1","max-image-preview":"max-image-preview:large","max-video-preview":"max-video-preview:-1"},"canonical":"https:\/\/castelldencus.com\/de\/","og_locale":"de_DE","og_type":"article","og_title":"Home - Castell d\u2019Encus","og_description":"Weine aus den Pyren\u04d3en mit pers\u04e7nlicher Handschrift EL NAIXEMENT D'UNA IDEA VITAL EL PROJECTE &nbsp; El naixement d'un projecte \u00e9s la barreja de diferents factors. En el cas de Castell d'Encus, el somni, la percepci\u00f3 de l'energia, la troballa d'all\u00f2 faireb\u00e9 id\u00edl\u00b7lic, la pau, etc... s\u00f3n conceptes que han tingut molt de pes. El celler [&hellip;]","og_url":"https:\/\/castelldencus.com\/de\/","og_site_name":"Castell d\u2019Encus","article_modified_time":"2023-11-27T09:13:04+00:00","og_image":[{"url":"https:\/\/castelldencus.com\/wp-content\/uploads\/2022\/08\/CH-artitecturephoto_DSF4575-HDR-scaled.jpg","type":"","width":"","height":""}],"twitter_card":"summary_large_image","twitter_misc":{"Gesch\u00e4tzte Lesezeit":"8\u00a0Minuten"},"schema":{"@context":"https:\/\/schema.org","@graph":[{"@type":"WebPage","@id":"https:\/\/castelldencus.com\/de\/","url":"https:\/\/castelldencus.com\/de\/","name":"Home - Castell d\u2019Encus","isPartOf":{"@id":"https:\/\/castelldencus.com\/#website"},"primaryImageOfPage":{"@id":"https:\/\/castelldencus.com\/de\/#primaryimage"},"image":{"@id":"https:\/\/castelldencus.com\/de\/#primaryimage"},"thumbnailUrl":"https:\/\/castelldencus.com\/wp-content\/uploads\/2022\/08\/CH-artitecturephoto_DSF4575-HDR-scaled.jpg","datePublished":"2022-07-27T14:52:00+00:00","dateModified":"2023-11-27T09:13:04+00:00","breadcrumb":{"@id":"https:\/\/castelldencus.com\/de\/#breadcrumb"},"inLanguage":"de","potentialAction":[{"@type":"ReadAction","target":["https:\/\/castelldencus.com\/de\/"]}]},{"@type":"ImageObject","inLanguage":"de","@id":"https:\/\/castelldencus.com\/de\/#primaryimage","url":"https:\/\/castelldencus.com\/wp-content\/uploads\/2022\/08\/CH-artitecturephoto_DSF4575-HDR-scaled.jpg","contentUrl":"https:\/\/castelldencus.com\/wp-content\/uploads\/2022\/08\/CH-artitecturephoto_DSF4575-HDR-scaled.jpg"},{"@type":"BreadcrumbList","@id":"https:\/\/castelldencus.com\/de\/#breadcrumb","itemListElement":[{"@type":"ListItem","position":1,"name":"Home","item":"https:\/\/castelldencus.com\/de\/"},{"@type":"ListItem","position":2,"name":"Home"}]},{"@type":"WebSite","@id":"https:\/\/castelldencus.com\/#website","url":"https:\/\/castelldencus.com\/","name":"Castell d\u2019Encus","description":"Celler | Castell d&#039;Encus | Catalu\u00f1a","potentialAction":[{"@type":"SearchAction","target":{"@type":"EntryPoint","urlTemplate":"https:\/\/castelldencus.com\/?s={search_term_string}"},"query-input":{"@type":"PropertyValueSpecification","valueRequired":true,"valueName":"search_term_string"}}],"inLanguage":"de"}]}},"rttpg_featured_image_url":null,"rttpg_author":{"display_name":"Admin Evotic","author_link":"https:\/\/castelldencus.com\/de\/author\/administrador\/"},"rttpg_comment":0,"rttpg_category":" <a href=\"https:\/\/castelldencus.com\/de\/?taxonomy=translation_priority&#038;term=optional-de\" rel=\"tag\">Optional<\/a>","rttpg_excerpt":"Weine aus den Pyren\u04d3en mit pers\u04e7nlicher Handschrift EL NAIXEMENT D'UNA IDEA VITAL EL PROJECTE &nbsp; El naixement d'un projecte \u00e9s la barreja de diferents factors. En el cas de Castell d'Encus, el somni, la percepci\u00f3 de l'energia, la troballa d'all\u00f2 faireb\u00e9 id\u00edl\u00b7lic, la pau, etc... s\u00f3n conceptes que han tingut molt de pes. El celler&hellip;","_links":{"self":[{"href":"https:\/\/castelldencus.com\/de\/wp-json\/wp\/v2\/pages\/7983","targetHints":{"allow":["GET"]}}],"collection":[{"href":"https:\/\/castelldencus.com\/de\/wp-json\/wp\/v2\/pages"}],"about":[{"href":"https:\/\/castelldencus.com\/de\/wp-json\/wp\/v2\/types\/page"}],"author":[{"embeddable":true,"href":"https:\/\/castelldencus.com\/de\/wp-json\/wp\/v2\/users\/6"}],"replies":[{"embeddable":true,"href":"https:\/\/castelldencus.com\/de\/wp-json\/wp\/v2\/comments?post=7983"}],"version-history":[{"count":0,"href":"https:\/\/castelldencus.com\/de\/wp-json\/wp\/v2\/pages\/7983\/revisions"}],"wp:attachment":[{"href":"https:\/\/castelldencus.com\/de\/wp-json\/wp\/v2\/media?parent=7983"}],"curies":[{"name":"wp","href":"https:\/\/api.w.org\/{rel}","templated":true}]}}